{"id":6388,"date":"2024-05-22T11:20:07","date_gmt":"2024-05-22T09:20:07","guid":{"rendered":"https:\/\/filarmonicafaidese.ch\/faido2024\/?page_id=6388"},"modified":"2024-06-04T12:58:10","modified_gmt":"2024-06-04T10:58:10","slug":"a-conclusione","status":"publish","type":"page","link":"https:\/\/filarmonicafaidese.ch\/faido2024\/a-conclusione\/","title":{"rendered":"A conclusione"},"content":{"rendered":"\t\t<div data-elementor-type=\"wp-page\" data-elementor-id=\"6388\" class=\"elementor elementor-6388\" data-elementor-post-type=\"page\">\n\t\t\t\t\t\t<section class=\"elementor-section elementor-top-section elementor-element elementor-element-ea8d724 elementor-section-boxed elementor-section-height-default elementor-section-height-default\" data-id=\"ea8d724\" data-element_type=\"section\" data-e-type=\"section\">\n\t\t\t\t\t\t<div class=\"elementor-container elementor-column-gap-default\">\n\t\t\t\t\t<div class=\"elementor-column elementor-col-100 elementor-top-column elementor-element elementor-element-d7633db\" data-id=\"d7633db\" data-element_type=\"column\" data-e-type=\"column\">\n\t\t\t<div class=\"elementor-widget-wrap elementor-element-populated\">\n\t\t\t\t\t\t<div class=\"elementor-element elementor-element-1eb4144 elementor-widget elementor-widget-heading\" data-id=\"1eb4144\" data-element_type=\"widget\" data-e-type=\"widget\" data-widget_type=\"heading.default\">\n\t\t\t\t<div class=\"elementor-widget-container\">\n\t\t\t\t\t<h2 class=\"elementor-heading-title elementor-size-default\">COMUNICATO STAMPA<\/h2>\t\t\t\t<\/div>\n\t\t\t\t<\/div>\n\t\t\t\t\t<\/div>\n\t\t<\/div>\n\t\t\t\t\t<\/div>\n\t\t<\/section>\n\t\t\t\t<section class=\"elementor-section elementor-top-section elementor-element elementor-element-6873ce5 elementor-section-boxed elementor-section-height-default elementor-section-height-default\" data-id=\"6873ce5\" data-element_type=\"section\" data-e-type=\"section\">\n\t\t\t\t\t\t<div class=\"elementor-container elementor-column-gap-default\">\n\t\t\t\t\t<div class=\"elementor-column elementor-col-100 elementor-top-column elementor-element elementor-element-7b7049e\" data-id=\"7b7049e\" data-element_type=\"column\" data-e-type=\"column\">\n\t\t\t<div class=\"elementor-widget-wrap elementor-element-populated\">\n\t\t\t\t\t\t<div class=\"elementor-element elementor-element-aadb0f7 elementor-widget elementor-widget-heading\" data-id=\"aadb0f7\" data-element_type=\"widget\" data-e-type=\"widget\" data-widget_type=\"heading.default\">\n\t\t\t\t<div class=\"elementor-widget-container\">\n\t\t\t\t\t<h2 class=\"elementor-heading-title elementor-size-default\"><b><a href=\"https:\/\/filarmonicafaidese.ch\/faido2024\/wp-content\/uploads\/2024\/05\/20240523-Comunicato-stampa-finale.pdf\"><p style=\"font-family:Montserrat;font-size:16px\">Comunicato stampa finale<\/p><\/a><\/b> <font color=\"#ff0000\">\u25a0<\/font><\/h2>\t\t\t\t<\/div>\n\t\t\t\t<\/div>\n\t\t\t\t\t<\/div>\n\t\t<\/div>\n\t\t\t\t\t<\/div>\n\t\t<\/section>\n\t\t\t\t<section class=\"elementor-section elementor-top-section elementor-element elementor-element-63b4e39 elementor-section-boxed elementor-section-height-default elementor-section-height-default\" data-id=\"63b4e39\" data-element_type=\"section\" data-e-type=\"section\">\n\t\t\t\t\t\t<div class=\"elementor-container elementor-column-gap-default\">\n\t\t\t\t\t<div class=\"elementor-column elementor-col-100 elementor-top-column elementor-element elementor-element-eb45a31\" data-id=\"eb45a31\" data-element_type=\"column\" data-e-type=\"column\">\n\t\t\t<div class=\"elementor-widget-wrap elementor-element-populated\">\n\t\t\t\t\t\t<div class=\"elementor-element elementor-element-9e8ff4a elementor-widget elementor-widget-image\" data-id=\"9e8ff4a\" data-element_type=\"widget\" data-e-type=\"widget\" data-widget_type=\"image.default\">\n\t\t\t\t<div class=\"elementor-widget-container\">\n\t\t\t\t\t\t\t\t\t\t\t\t\t\t\t\t<a href=\"https:\/\/filarmonicafaidese.ch\/faido2024\/wp-content\/uploads\/2024\/05\/157-LR-Chiusura-FFF24-Do-nj-_JO_8618-scaled.jpg\" target=\"_blank\">\n\t\t\t\t\t\t\t<img fetchpriority=\"high\" decoding=\"async\" width=\"640\" height=\"427\" src=\"https:\/\/filarmonicafaidese.ch\/faido2024\/wp-content\/uploads\/2024\/05\/157-LR-Chiusura-FFF24-Do-nj-_JO_8618-768x512.jpg\" class=\"attachment-medium_large size-medium_large wp-image-6347\" alt=\"\" srcset=\"https:\/\/filarmonicafaidese.ch\/faido2024\/wp-content\/uploads\/2024\/05\/157-LR-Chiusura-FFF24-Do-nj-_JO_8618-768x512.jpg 768w, https:\/\/filarmonicafaidese.ch\/faido2024\/wp-content\/uploads\/2024\/05\/157-LR-Chiusura-FFF24-Do-nj-_JO_8618-300x200.jpg 300w, https:\/\/filarmonicafaidese.ch\/faido2024\/wp-content\/uploads\/2024\/05\/157-LR-Chiusura-FFF24-Do-nj-_JO_8618-1024x683.jpg 1024w, https:\/\/filarmonicafaidese.ch\/faido2024\/wp-content\/uploads\/2024\/05\/157-LR-Chiusura-FFF24-Do-nj-_JO_8618-1536x1024.jpg 1536w, https:\/\/filarmonicafaidese.ch\/faido2024\/wp-content\/uploads\/2024\/05\/157-LR-Chiusura-FFF24-Do-nj-_JO_8618-2048x1365.jpg 2048w, https:\/\/filarmonicafaidese.ch\/faido2024\/wp-content\/uploads\/2024\/05\/157-LR-Chiusura-FFF24-Do-nj-_JO_8618-600x400.jpg 600w\" sizes=\"(max-width: 640px) 100vw, 640px\" \/>\t\t\t\t\t\t\t\t<\/a>\n\t\t\t\t\t\t\t\t\t\t\t\t\t\t\t<\/div>\n\t\t\t\t<\/div>\n\t\t\t\t\t<\/div>\n\t\t<\/div>\n\t\t\t\t\t<\/div>\n\t\t<\/section>\n\t\t\t\t<section class=\"elementor-section elementor-top-section elementor-element elementor-element-0731c99 elementor-section-boxed elementor-section-height-default elementor-section-height-default\" data-id=\"0731c99\" data-element_type=\"section\" data-e-type=\"section\">\n\t\t\t\t\t\t<div class=\"elementor-container elementor-column-gap-default\">\n\t\t\t\t\t<div class=\"elementor-column elementor-col-100 elementor-top-column elementor-element elementor-element-53296ec\" data-id=\"53296ec\" data-element_type=\"column\" data-e-type=\"column\">\n\t\t\t<div class=\"elementor-widget-wrap elementor-element-populated\">\n\t\t\t\t\t\t<div class=\"elementor-element elementor-element-a66fefe elementor-widget-divider--view-line elementor-widget elementor-widget-divider\" data-id=\"a66fefe\" data-element_type=\"widget\" data-e-type=\"widget\" data-widget_type=\"divider.default\">\n\t\t\t\t<div class=\"elementor-widget-container\">\n\t\t\t\t\t\t\t<div class=\"elementor-divider\">\n\t\t\t<span class=\"elementor-divider-separator\">\n\t\t\t\t\t\t<\/span>\n\t\t<\/div>\n\t\t\t\t\t\t<\/div>\n\t\t\t\t<\/div>\n\t\t\t\t\t<\/div>\n\t\t<\/div>\n\t\t\t\t\t<\/div>\n\t\t<\/section>\n\t\t\t\t<section class=\"elementor-section elementor-top-section elementor-element elementor-element-30b25e3 elementor-section-boxed elementor-section-height-default elementor-section-height-default\" data-id=\"30b25e3\" data-element_type=\"section\" data-e-type=\"section\">\n\t\t\t\t\t\t<div class=\"elementor-container elementor-column-gap-default\">\n\t\t\t\t\t<div class=\"elementor-column elementor-col-100 elementor-top-column elementor-element elementor-element-05e0bc2\" data-id=\"05e0bc2\" data-element_type=\"column\" data-e-type=\"column\">\n\t\t\t<div class=\"elementor-widget-wrap elementor-element-populated\">\n\t\t\t\t\t\t<div class=\"elementor-element elementor-element-feb48d9 elementor-widget elementor-widget-heading\" data-id=\"feb48d9\" data-element_type=\"widget\" data-e-type=\"widget\" data-widget_type=\"heading.default\">\n\t\t\t\t<div class=\"elementor-widget-container\">\n\t\t\t\t\t<h2 class=\"elementor-heading-title elementor-size-default\">DIAMO I NUMERI<\/h2>\t\t\t\t<\/div>\n\t\t\t\t<\/div>\n\t\t\t\t\t<\/div>\n\t\t<\/div>\n\t\t\t\t\t<\/div>\n\t\t<\/section>\n\t\t\t\t<section class=\"elementor-section elementor-top-section elementor-element elementor-element-535097e elementor-section-boxed elementor-section-height-default elementor-section-height-default\" data-id=\"535097e\" data-element_type=\"section\" data-e-type=\"section\">\n\t\t\t\t\t\t<div class=\"elementor-container elementor-column-gap-default\">\n\t\t\t\t\t<div class=\"elementor-column elementor-col-100 elementor-top-column elementor-element elementor-element-29ce21a\" data-id=\"29ce21a\" data-element_type=\"column\" data-e-type=\"column\">\n\t\t\t<div class=\"elementor-widget-wrap elementor-element-populated\">\n\t\t\t\t\t\t<div class=\"elementor-element elementor-element-8e164be elementor-widget elementor-widget-heading\" data-id=\"8e164be\" data-element_type=\"widget\" data-e-type=\"widget\" data-widget_type=\"heading.default\">\n\t\t\t\t<div class=\"elementor-widget-container\">\n\t\t\t\t\t<h2 class=\"elementor-heading-title elementor-size-default\"><b>FAIDO2024 in cifre:<\/b><br>\n<font color=\"#ff0000\">\u25a0<\/font> 250'000.- CHF di budget<br>\n<font color=\"#ff0000\">\u25a0<\/font> 4'500 persone<br>\n<font color=\"#ff0000\">\u25a0<\/font> 2'500 pasti griglia<br>\n<font color=\"#ff0000\">\u25a0<\/font> 1'600 pranzi serviti a suonatori e accompagnatori<br>\n<font color=\"#ff0000\">\u25a0<\/font> 1'300 litri di birra<br>\n<font color=\"#ff0000\">\u25a0<\/font> 654 giorni di preparazione<br>\n<font color=\"#ff0000\">\u25a0<\/font> 100 volontari attivi sui 4 giorni<br>\n<font color=\"#ff0000\">\u25a0<\/font> 60 ore di musica<br>\n<font color=\"#ff0000\">\u25a0<\/font> 60 sostenitori ufficiali (privati e ditte)<br>\n<font color=\"#ff0000\">\u25a0<\/font> 52 soci attivi della Filarmonica Faidese<br>\n<font color=\"#ff0000\">\u25a0<\/font> 32 accompagnatori\/trici per societ\u00e0 di musica e giurati<br>\n<font color=\"#ff0000\">\u25a0<\/font> 13 membri di comitato<br>\n<font color=\"#ff0000\">\u25a0<\/font> 5 anni dall'ultima Festa Cantonale (a Mendrisio) e fino alla prossima<br>\n<font color=\"#ff0000\">\u25a0<\/font> 3 giurati di fama internazionale, i Maestri Hauswirth, Barizza e Dupertuis<br>\n<font color=\"#ff0000\">\u25a0<\/font> 2 concerti serali con 600 persone per concerto<\/h2>\t\t\t\t<\/div>\n\t\t\t\t<\/div>\n\t\t\t\t\t<\/div>\n\t\t<\/div>\n\t\t\t\t\t<\/div>\n\t\t<\/section>\n\t\t\t\t<section class=\"elementor-section elementor-top-section elementor-element elementor-element-3a5b67a elementor-section-boxed elementor-section-height-default elementor-section-height-default\" data-id=\"3a5b67a\" data-element_type=\"section\" data-e-type=\"section\">\n\t\t\t\t\t\t<div class=\"elementor-container elementor-column-gap-default\">\n\t\t\t\t\t<div class=\"elementor-column elementor-col-100 elementor-top-column elementor-element elementor-element-a5dfaca\" data-id=\"a5dfaca\" data-element_type=\"column\" data-e-type=\"column\">\n\t\t\t<div class=\"elementor-widget-wrap elementor-element-populated\">\n\t\t\t\t\t\t<div class=\"elementor-element elementor-element-7cc7b9c elementor-widget-divider--view-line elementor-widget elementor-widget-divider\" data-id=\"7cc7b9c\" data-element_type=\"widget\" data-e-type=\"widget\" data-widget_type=\"divider.default\">\n\t\t\t\t<div class=\"elementor-widget-container\">\n\t\t\t\t\t\t\t<div class=\"elementor-divider\">\n\t\t\t<span class=\"elementor-divider-separator\">\n\t\t\t\t\t\t<\/span>\n\t\t<\/div>\n\t\t\t\t\t\t<\/div>\n\t\t\t\t<\/div>\n\t\t\t\t\t<\/div>\n\t\t<\/div>\n\t\t\t\t\t<\/div>\n\t\t<\/section>\n\t\t\t\t<section class=\"elementor-section elementor-top-section elementor-element elementor-element-16e8fee elementor-section-boxed elementor-section-height-default elementor-section-height-default\" data-id=\"16e8fee\" data-element_type=\"section\" data-e-type=\"section\">\n\t\t\t\t\t\t<div class=\"elementor-container elementor-column-gap-default\">\n\t\t\t\t\t<div class=\"elementor-column elementor-col-100 elementor-top-column elementor-element elementor-element-65e9d80\" data-id=\"65e9d80\" data-element_type=\"column\" data-e-type=\"column\">\n\t\t\t<div class=\"elementor-widget-wrap elementor-element-populated\">\n\t\t\t\t\t\t<div class=\"elementor-element elementor-element-e543d52 elementor-widget elementor-widget-heading\" data-id=\"e543d52\" data-element_type=\"widget\" data-e-type=\"widget\" data-widget_type=\"heading.default\">\n\t\t\t\t<div class=\"elementor-widget-container\">\n\t\t\t\t\t<h2 class=\"elementor-heading-title elementor-size-default\">SALUTI E RINGRAZIAMENTI<\/h2>\t\t\t\t<\/div>\n\t\t\t\t<\/div>\n\t\t\t\t\t<\/div>\n\t\t<\/div>\n\t\t\t\t\t<\/div>\n\t\t<\/section>\n\t\t\t\t<section class=\"elementor-section elementor-top-section elementor-element elementor-element-e36b4a3 elementor-section-boxed elementor-section-height-default elementor-section-height-default\" data-id=\"e36b4a3\" data-element_type=\"section\" data-e-type=\"section\">\n\t\t\t\t\t\t<div class=\"elementor-container elementor-column-gap-default\">\n\t\t\t\t\t<div class=\"elementor-column elementor-col-20 elementor-top-column elementor-element elementor-element-f35b392\" data-id=\"f35b392\" data-element_type=\"column\" data-e-type=\"column\">\n\t\t\t<div class=\"elementor-widget-wrap elementor-element-populated\">\n\t\t\t\t\t\t<div class=\"elementor-element elementor-element-a2dc13b elementor-widget elementor-widget-image\" data-id=\"a2dc13b\" data-element_type=\"widget\" data-e-type=\"widget\" data-widget_type=\"image.default\">\n\t\t\t\t<div class=\"elementor-widget-container\">\n\t\t\t\t\t\t\t\t\t\t\t\t\t\t\t\t<a href=\"https:\/\/filarmonicafaidese.ch\/faido2024\/wp-content\/uploads\/2024\/05\/WhatsApp-Image-2024-05-20-at-20.33.27_a47ce7fb.jpg\" target=\"_blank\">\n\t\t\t\t\t\t\t<img decoding=\"async\" width=\"170\" height=\"300\" src=\"https:\/\/filarmonicafaidese.ch\/faido2024\/wp-content\/uploads\/2024\/05\/WhatsApp-Image-2024-05-20-at-20.33.27_a47ce7fb-170x300.jpg\" class=\"attachment-medium size-medium wp-image-6392\" alt=\"\" srcset=\"https:\/\/filarmonicafaidese.ch\/faido2024\/wp-content\/uploads\/2024\/05\/WhatsApp-Image-2024-05-20-at-20.33.27_a47ce7fb-170x300.jpg 170w, https:\/\/filarmonicafaidese.ch\/faido2024\/wp-content\/uploads\/2024\/05\/WhatsApp-Image-2024-05-20-at-20.33.27_a47ce7fb-582x1024.jpg 582w, https:\/\/filarmonicafaidese.ch\/faido2024\/wp-content\/uploads\/2024\/05\/WhatsApp-Image-2024-05-20-at-20.33.27_a47ce7fb-768x1352.jpg 768w, https:\/\/filarmonicafaidese.ch\/faido2024\/wp-content\/uploads\/2024\/05\/WhatsApp-Image-2024-05-20-at-20.33.27_a47ce7fb-873x1536.jpg 873w, https:\/\/filarmonicafaidese.ch\/faido2024\/wp-content\/uploads\/2024\/05\/WhatsApp-Image-2024-05-20-at-20.33.27_a47ce7fb.jpg 909w\" sizes=\"(max-width: 170px) 100vw, 170px\" \/>\t\t\t\t\t\t\t\t<\/a>\n\t\t\t\t\t\t\t\t\t\t\t\t\t\t\t<\/div>\n\t\t\t\t<\/div>\n\t\t\t\t\t<\/div>\n\t\t<\/div>\n\t\t\t\t<div class=\"elementor-column elementor-col-20 elementor-top-column elementor-element elementor-element-bc94608\" data-id=\"bc94608\" data-element_type=\"column\" data-e-type=\"column\">\n\t\t\t<div class=\"elementor-widget-wrap elementor-element-populated\">\n\t\t\t\t\t\t<div class=\"elementor-element elementor-element-b2972e8 elementor-widget elementor-widget-image\" data-id=\"b2972e8\" data-element_type=\"widget\" data-e-type=\"widget\" data-widget_type=\"image.default\">\n\t\t\t\t<div class=\"elementor-widget-container\">\n\t\t\t\t\t\t\t\t\t\t\t\t\t\t\t\t<a href=\"https:\/\/filarmonicafaidese.ch\/faido2024\/wp-content\/uploads\/2024\/05\/WhatsApp-Image-2024-05-20-at-20.33.27_a54e85f7.jpg\" target=\"_blank\">\n\t\t\t\t\t\t\t<img decoding=\"async\" width=\"199\" height=\"300\" src=\"https:\/\/filarmonicafaidese.ch\/faido2024\/wp-content\/uploads\/2024\/05\/WhatsApp-Image-2024-05-20-at-20.33.27_a54e85f7-199x300.jpg\" class=\"attachment-medium size-medium wp-image-6393\" alt=\"\" srcset=\"https:\/\/filarmonicafaidese.ch\/faido2024\/wp-content\/uploads\/2024\/05\/WhatsApp-Image-2024-05-20-at-20.33.27_a54e85f7-199x300.jpg 199w, https:\/\/filarmonicafaidese.ch\/faido2024\/wp-content\/uploads\/2024\/05\/WhatsApp-Image-2024-05-20-at-20.33.27_a54e85f7-678x1024.jpg 678w, https:\/\/filarmonicafaidese.ch\/faido2024\/wp-content\/uploads\/2024\/05\/WhatsApp-Image-2024-05-20-at-20.33.27_a54e85f7-768x1159.jpg 768w, https:\/\/filarmonicafaidese.ch\/faido2024\/wp-content\/uploads\/2024\/05\/WhatsApp-Image-2024-05-20-at-20.33.27_a54e85f7-1018x1536.jpg 1018w, https:\/\/filarmonicafaidese.ch\/faido2024\/wp-content\/uploads\/2024\/05\/WhatsApp-Image-2024-05-20-at-20.33.27_a54e85f7.jpg 1060w\" sizes=\"(max-width: 199px) 100vw, 199px\" \/>\t\t\t\t\t\t\t\t<\/a>\n\t\t\t\t\t\t\t\t\t\t\t\t\t\t\t<\/div>\n\t\t\t\t<\/div>\n\t\t\t\t\t<\/div>\n\t\t<\/div>\n\t\t\t\t<div class=\"elementor-column elementor-col-20 elementor-top-column elementor-element elementor-element-0531d8a\" data-id=\"0531d8a\" data-element_type=\"column\" data-e-type=\"column\">\n\t\t\t<div class=\"elementor-widget-wrap elementor-element-populated\">\n\t\t\t\t\t\t<div class=\"elementor-element elementor-element-73139a2 elementor-widget elementor-widget-image\" data-id=\"73139a2\" data-element_type=\"widget\" data-e-type=\"widget\" data-widget_type=\"image.default\">\n\t\t\t\t<div class=\"elementor-widget-container\">\n\t\t\t\t\t\t\t\t\t\t\t\t\t\t\t\t<a href=\"https:\/\/filarmonicafaidese.ch\/faido2024\/wp-content\/uploads\/2024\/05\/WhatsApp-Image-2024-05-21-at-20.44.45_48577cec.jpg\" target=\"_blank\">\n\t\t\t\t\t\t\t<img loading=\"lazy\" decoding=\"async\" width=\"138\" height=\"300\" src=\"https:\/\/filarmonicafaidese.ch\/faido2024\/wp-content\/uploads\/2024\/05\/WhatsApp-Image-2024-05-21-at-20.44.45_48577cec-138x300.jpg\" class=\"attachment-medium size-medium wp-image-6397\" alt=\"\" srcset=\"https:\/\/filarmonicafaidese.ch\/faido2024\/wp-content\/uploads\/2024\/05\/WhatsApp-Image-2024-05-21-at-20.44.45_48577cec-138x300.jpg 138w, https:\/\/filarmonicafaidese.ch\/faido2024\/wp-content\/uploads\/2024\/05\/WhatsApp-Image-2024-05-21-at-20.44.45_48577cec-473x1024.jpg 473w, https:\/\/filarmonicafaidese.ch\/faido2024\/wp-content\/uploads\/2024\/05\/WhatsApp-Image-2024-05-21-at-20.44.45_48577cec-768x1664.jpg 768w, https:\/\/filarmonicafaidese.ch\/faido2024\/wp-content\/uploads\/2024\/05\/WhatsApp-Image-2024-05-21-at-20.44.45_48577cec-709x1536.jpg 709w, https:\/\/filarmonicafaidese.ch\/faido2024\/wp-content\/uploads\/2024\/05\/WhatsApp-Image-2024-05-21-at-20.44.45_48577cec.jpg 945w\" sizes=\"(max-width: 138px) 100vw, 138px\" \/>\t\t\t\t\t\t\t\t<\/a>\n\t\t\t\t\t\t\t\t\t\t\t\t\t\t\t<\/div>\n\t\t\t\t<\/div>\n\t\t\t\t\t<\/div>\n\t\t<\/div>\n\t\t\t\t<div class=\"elementor-column elementor-col-20 elementor-top-column elementor-element elementor-element-4c13af0\" data-id=\"4c13af0\" data-element_type=\"column\" data-e-type=\"column\">\n\t\t\t<div class=\"elementor-widget-wrap elementor-element-populated\">\n\t\t\t\t\t\t<div class=\"elementor-element elementor-element-1939976 elementor-widget elementor-widget-image\" data-id=\"1939976\" data-element_type=\"widget\" data-e-type=\"widget\" data-widget_type=\"image.default\">\n\t\t\t\t<div class=\"elementor-widget-container\">\n\t\t\t\t\t\t\t\t\t\t\t\t\t\t\t\t<a href=\"https:\/\/filarmonicafaidese.ch\/faido2024\/wp-content\/uploads\/2024\/05\/IMG-20240522-WA0012.jpg\" target=\"_blank\">\n\t\t\t\t\t\t\t<img loading=\"lazy\" decoding=\"async\" width=\"189\" height=\"300\" src=\"https:\/\/filarmonicafaidese.ch\/faido2024\/wp-content\/uploads\/2024\/05\/IMG-20240522-WA0012-189x300.jpg\" class=\"attachment-medium size-medium wp-image-6404\" alt=\"\" srcset=\"https:\/\/filarmonicafaidese.ch\/faido2024\/wp-content\/uploads\/2024\/05\/IMG-20240522-WA0012-189x300.jpg 189w, https:\/\/filarmonicafaidese.ch\/faido2024\/wp-content\/uploads\/2024\/05\/IMG-20240522-WA0012-646x1024.jpg 646w, https:\/\/filarmonicafaidese.ch\/faido2024\/wp-content\/uploads\/2024\/05\/IMG-20240522-WA0012-768x1218.jpg 768w, https:\/\/filarmonicafaidese.ch\/faido2024\/wp-content\/uploads\/2024\/05\/IMG-20240522-WA0012-969x1536.jpg 969w, https:\/\/filarmonicafaidese.ch\/faido2024\/wp-content\/uploads\/2024\/05\/IMG-20240522-WA0012.jpg 1079w\" sizes=\"(max-width: 189px) 100vw, 189px\" \/>\t\t\t\t\t\t\t\t<\/a>\n\t\t\t\t\t\t\t\t\t\t\t\t\t\t\t<\/div>\n\t\t\t\t<\/div>\n\t\t\t\t\t<\/div>\n\t\t<\/div>\n\t\t\t\t<div class=\"elementor-column elementor-col-20 elementor-top-column elementor-element elementor-element-64b734b\" data-id=\"64b734b\" data-element_type=\"column\" data-e-type=\"column\">\n\t\t\t<div class=\"elementor-widget-wrap elementor-element-populated\">\n\t\t\t\t\t\t<div class=\"elementor-element elementor-element-3ede17a elementor-widget elementor-widget-image\" data-id=\"3ede17a\" data-element_type=\"widget\" data-e-type=\"widget\" data-widget_type=\"image.default\">\n\t\t\t\t<div class=\"elementor-widget-container\">\n\t\t\t\t\t\t\t\t\t\t\t\t\t\t\t\t<a href=\"https:\/\/filarmonicafaidese.ch\/faido2024\/wp-content\/uploads\/2024\/06\/WhatsApp-Image-2024-05-24-at-15.30.00_6eddad85.jpg\" target=\"_blank\">\n\t\t\t\t\t\t\t<img loading=\"lazy\" decoding=\"async\" width=\"139\" height=\"300\" src=\"https:\/\/filarmonicafaidese.ch\/faido2024\/wp-content\/uploads\/2024\/06\/WhatsApp-Image-2024-05-24-at-15.30.00_6eddad85-139x300.jpg\" class=\"attachment-medium size-medium wp-image-6493\" alt=\"\" srcset=\"https:\/\/filarmonicafaidese.ch\/faido2024\/wp-content\/uploads\/2024\/06\/WhatsApp-Image-2024-05-24-at-15.30.00_6eddad85-139x300.jpg 139w, https:\/\/filarmonicafaidese.ch\/faido2024\/wp-content\/uploads\/2024\/06\/WhatsApp-Image-2024-05-24-at-15.30.00_6eddad85-473x1024.jpg 473w, https:\/\/filarmonicafaidese.ch\/faido2024\/wp-content\/uploads\/2024\/06\/WhatsApp-Image-2024-05-24-at-15.30.00_6eddad85-709x1536.jpg 709w, https:\/\/filarmonicafaidese.ch\/faido2024\/wp-content\/uploads\/2024\/06\/WhatsApp-Image-2024-05-24-at-15.30.00_6eddad85.jpg 739w\" sizes=\"(max-width: 139px) 100vw, 139px\" \/>\t\t\t\t\t\t\t\t<\/a>\n\t\t\t\t\t\t\t\t\t\t\t\t\t\t\t<\/div>\n\t\t\t\t<\/div>\n\t\t\t\t\t<\/div>\n\t\t<\/div>\n\t\t\t\t\t<\/div>\n\t\t<\/section>\n\t\t\t\t<section class=\"elementor-section elementor-top-section elementor-element elementor-element-1bfac4e elementor-section-boxed elementor-section-height-default elementor-section-height-default\" data-id=\"1bfac4e\" data-element_type=\"section\" data-e-type=\"section\">\n\t\t\t\t\t\t<div class=\"elementor-container elementor-column-gap-default\">\n\t\t\t\t\t<div class=\"elementor-column elementor-col-33 elementor-top-column elementor-element elementor-element-8794d45\" data-id=\"8794d45\" data-element_type=\"column\" data-e-type=\"column\">\n\t\t\t<div class=\"elementor-widget-wrap elementor-element-populated\">\n\t\t\t\t\t\t<div class=\"elementor-element elementor-element-1f53cf0 elementor-widget elementor-widget-image\" data-id=\"1f53cf0\" data-element_type=\"widget\" data-e-type=\"widget\" data-widget_type=\"image.default\">\n\t\t\t\t<div class=\"elementor-widget-container\">\n\t\t\t\t\t\t\t\t\t\t\t\t\t\t\t\t<a href=\"https:\/\/filarmonicafaidese.ch\/faido2024\/wp-content\/uploads\/2024\/06\/WhatsApp-Image-2024-05-20-at-19.41.02_4fa0d8f2.jpg\" target=\"_blank\">\n\t\t\t\t\t\t\t<img loading=\"lazy\" decoding=\"async\" width=\"300\" height=\"169\" src=\"https:\/\/filarmonicafaidese.ch\/faido2024\/wp-content\/uploads\/2024\/06\/WhatsApp-Image-2024-05-20-at-19.41.02_4fa0d8f2-300x169.jpg\" class=\"attachment-medium size-medium wp-image-6498\" alt=\"\" srcset=\"https:\/\/filarmonicafaidese.ch\/faido2024\/wp-content\/uploads\/2024\/06\/WhatsApp-Image-2024-05-20-at-19.41.02_4fa0d8f2-300x169.jpg 300w, https:\/\/filarmonicafaidese.ch\/faido2024\/wp-content\/uploads\/2024\/06\/WhatsApp-Image-2024-05-20-at-19.41.02_4fa0d8f2-1024x575.jpg 1024w, https:\/\/filarmonicafaidese.ch\/faido2024\/wp-content\/uploads\/2024\/06\/WhatsApp-Image-2024-05-20-at-19.41.02_4fa0d8f2-768x432.jpg 768w, https:\/\/filarmonicafaidese.ch\/faido2024\/wp-content\/uploads\/2024\/06\/WhatsApp-Image-2024-05-20-at-19.41.02_4fa0d8f2-1536x863.jpg 1536w, https:\/\/filarmonicafaidese.ch\/faido2024\/wp-content\/uploads\/2024\/06\/WhatsApp-Image-2024-05-20-at-19.41.02_4fa0d8f2.jpg 2000w\" sizes=\"(max-width: 300px) 100vw, 300px\" \/>\t\t\t\t\t\t\t\t<\/a>\n\t\t\t\t\t\t\t\t\t\t\t\t\t\t\t<\/div>\n\t\t\t\t<\/div>\n\t\t\t\t\t<\/div>\n\t\t<\/div>\n\t\t\t\t<div class=\"elementor-column elementor-col-33 elementor-top-column elementor-element elementor-element-a4b5287\" data-id=\"a4b5287\" data-element_type=\"column\" data-e-type=\"column\">\n\t\t\t<div class=\"elementor-widget-wrap elementor-element-populated\">\n\t\t\t\t\t\t<div class=\"elementor-element elementor-element-8718d87 elementor-widget elementor-widget-image\" data-id=\"8718d87\" data-element_type=\"widget\" data-e-type=\"widget\" data-widget_type=\"image.default\">\n\t\t\t\t<div class=\"elementor-widget-container\">\n\t\t\t\t\t\t\t\t\t\t\t\t\t\t\t\t<a href=\"https:\/\/filarmonicafaidese.ch\/faido2024\/wp-content\/uploads\/2024\/06\/WhatsApp-Image-2024-05-20-at-19.41.52_4f251ed3.jpg\" target=\"_blank\">\n\t\t\t\t\t\t\t<img loading=\"lazy\" decoding=\"async\" width=\"300\" height=\"169\" src=\"https:\/\/filarmonicafaidese.ch\/faido2024\/wp-content\/uploads\/2024\/06\/WhatsApp-Image-2024-05-20-at-19.41.52_4f251ed3-300x169.jpg\" class=\"attachment-medium size-medium wp-image-6499\" alt=\"\" srcset=\"https:\/\/filarmonicafaidese.ch\/faido2024\/wp-content\/uploads\/2024\/06\/WhatsApp-Image-2024-05-20-at-19.41.52_4f251ed3-300x169.jpg 300w, https:\/\/filarmonicafaidese.ch\/faido2024\/wp-content\/uploads\/2024\/06\/WhatsApp-Image-2024-05-20-at-19.41.52_4f251ed3-1024x576.jpg 1024w, https:\/\/filarmonicafaidese.ch\/faido2024\/wp-content\/uploads\/2024\/06\/WhatsApp-Image-2024-05-20-at-19.41.52_4f251ed3-768x432.jpg 768w, https:\/\/filarmonicafaidese.ch\/faido2024\/wp-content\/uploads\/2024\/06\/WhatsApp-Image-2024-05-20-at-19.41.52_4f251ed3-1536x864.jpg 1536w, https:\/\/filarmonicafaidese.ch\/faido2024\/wp-content\/uploads\/2024\/06\/WhatsApp-Image-2024-05-20-at-19.41.52_4f251ed3.jpg 1920w\" sizes=\"(max-width: 300px) 100vw, 300px\" \/>\t\t\t\t\t\t\t\t<\/a>\n\t\t\t\t\t\t\t\t\t\t\t\t\t\t\t<\/div>\n\t\t\t\t<\/div>\n\t\t\t\t\t<\/div>\n\t\t<\/div>\n\t\t\t\t<div class=\"elementor-column elementor-col-33 elementor-top-column elementor-element elementor-element-566e1ae\" data-id=\"566e1ae\" data-element_type=\"column\" data-e-type=\"column\">\n\t\t\t<div class=\"elementor-widget-wrap elementor-element-populated\">\n\t\t\t\t\t\t<div class=\"elementor-element elementor-element-177c7f8 elementor-widget elementor-widget-image\" data-id=\"177c7f8\" data-element_type=\"widget\" data-e-type=\"widget\" data-widget_type=\"image.default\">\n\t\t\t\t<div class=\"elementor-widget-container\">\n\t\t\t\t\t\t\t\t\t\t\t\t\t\t\t\t<a href=\"https:\/\/filarmonicafaidese.ch\/faido2024\/wp-content\/uploads\/2024\/06\/WhatsApp-Image-2024-05-21-at-21.17.40_7d07c8c9.jpg\" target=\"_blank\">\n\t\t\t\t\t\t\t<img loading=\"lazy\" decoding=\"async\" width=\"300\" height=\"176\" src=\"https:\/\/filarmonicafaidese.ch\/faido2024\/wp-content\/uploads\/2024\/06\/WhatsApp-Image-2024-05-21-at-21.17.40_7d07c8c9-300x176.jpg\" class=\"attachment-medium size-medium wp-image-6500\" alt=\"\" srcset=\"https:\/\/filarmonicafaidese.ch\/faido2024\/wp-content\/uploads\/2024\/06\/WhatsApp-Image-2024-05-21-at-21.17.40_7d07c8c9-300x176.jpg 300w, https:\/\/filarmonicafaidese.ch\/faido2024\/wp-content\/uploads\/2024\/06\/WhatsApp-Image-2024-05-21-at-21.17.40_7d07c8c9-768x451.jpg 768w, https:\/\/filarmonicafaidese.ch\/faido2024\/wp-content\/uploads\/2024\/06\/WhatsApp-Image-2024-05-21-at-21.17.40_7d07c8c9.jpg 792w\" sizes=\"(max-width: 300px) 100vw, 300px\" \/>\t\t\t\t\t\t\t\t<\/a>\n\t\t\t\t\t\t\t\t\t\t\t\t\t\t\t<\/div>\n\t\t\t\t<\/div>\n\t\t\t\t\t<\/div>\n\t\t<\/div>\n\t\t\t\t\t<\/div>\n\t\t<\/section>\n\t\t\t\t<section class=\"elementor-section elementor-top-section elementor-element elementor-element-ef6ff96 elementor-section-boxed elementor-section-height-default elementor-section-height-default\" data-id=\"ef6ff96\" data-element_type=\"section\" data-e-type=\"section\">\n\t\t\t\t\t\t<div class=\"elementor-container elementor-column-gap-default\">\n\t\t\t\t\t<div class=\"elementor-column elementor-col-100 elementor-top-column elementor-element elementor-element-a364a23\" data-id=\"a364a23\" data-element_type=\"column\" data-e-type=\"column\">\n\t\t\t<div class=\"elementor-widget-wrap elementor-element-populated\">\n\t\t\t\t\t\t<div class=\"elementor-element elementor-element-1472cab elementor-widget-divider--view-line elementor-widget elementor-widget-divider\" data-id=\"1472cab\" data-element_type=\"widget\" data-e-type=\"widget\" data-widget_type=\"divider.default\">\n\t\t\t\t<div class=\"elementor-widget-container\">\n\t\t\t\t\t\t\t<div class=\"elementor-divider\">\n\t\t\t<span class=\"elementor-divider-separator\">\n\t\t\t\t\t\t<\/span>\n\t\t<\/div>\n\t\t\t\t\t\t<\/div>\n\t\t\t\t<\/div>\n\t\t\t\t\t<\/div>\n\t\t<\/div>\n\t\t\t\t\t<\/div>\n\t\t<\/section>\n\t\t\t\t<section class=\"elementor-section elementor-top-section elementor-element elementor-element-c97c042 elementor-section-boxed elementor-section-height-default elementor-section-height-default\" data-id=\"c97c042\" data-element_type=\"section\" data-e-type=\"section\">\n\t\t\t\t\t\t<div class=\"elementor-container elementor-column-gap-default\">\n\t\t\t\t\t<div class=\"elementor-column elementor-col-100 elementor-top-column elementor-element elementor-element-4435c71\" data-id=\"4435c71\" data-element_type=\"column\" data-e-type=\"column\">\n\t\t\t<div class=\"elementor-widget-wrap elementor-element-populated\">\n\t\t\t\t\t\t<div class=\"elementor-element elementor-element-a81c604 elementor-widget elementor-widget-heading\" data-id=\"a81c604\" data-element_type=\"widget\" data-e-type=\"widget\" data-widget_type=\"heading.default\">\n\t\t\t\t<div class=\"elementor-widget-container\">\n\t\t\t\t\t<h2 class=\"elementor-heading-title elementor-size-default\">Gentili organizzatori,<br>\na nome di Collina d'Oro musica voglio esternare i ringraziamenti per averci accolto e accompagnato per la giornata di domenica. Voglio anche complimentarmi con voi per l'ottima organizzazione.<br><br>\nCon la massima stima,<br>\nSabrina Romelli - Collina d'Oro Musica <font color=\"#ff0000\">\u25a0<\/font><\/h2>\t\t\t\t<\/div>\n\t\t\t\t<\/div>\n\t\t\t\t\t<\/div>\n\t\t<\/div>\n\t\t\t\t\t<\/div>\n\t\t<\/section>\n\t\t\t\t<section class=\"elementor-section elementor-top-section elementor-element elementor-element-8910946 elementor-section-boxed elementor-section-height-default elementor-section-height-default\" data-id=\"8910946\" data-element_type=\"section\" data-e-type=\"section\">\n\t\t\t\t\t\t<div class=\"elementor-container elementor-column-gap-default\">\n\t\t\t\t\t<div class=\"elementor-column elementor-col-100 elementor-top-column elementor-element elementor-element-b0e64b2\" data-id=\"b0e64b2\" data-element_type=\"column\" data-e-type=\"column\">\n\t\t\t<div class=\"elementor-widget-wrap elementor-element-populated\">\n\t\t\t\t\t\t<div class=\"elementor-element elementor-element-1be8e24 elementor-widget-divider--view-line elementor-widget elementor-widget-divider\" data-id=\"1be8e24\" data-element_type=\"widget\" data-e-type=\"widget\" data-widget_type=\"divider.default\">\n\t\t\t\t<div class=\"elementor-widget-container\">\n\t\t\t\t\t\t\t<div class=\"elementor-divider\">\n\t\t\t<span class=\"elementor-divider-separator\">\n\t\t\t\t\t\t<\/span>\n\t\t<\/div>\n\t\t\t\t\t\t<\/div>\n\t\t\t\t<\/div>\n\t\t\t\t\t<\/div>\n\t\t<\/div>\n\t\t\t\t\t<\/div>\n\t\t<\/section>\n\t\t\t\t<section class=\"elementor-section elementor-top-section elementor-element elementor-element-7eac3e0 elementor-section-boxed elementor-section-height-default elementor-section-height-default\" data-id=\"7eac3e0\" data-element_type=\"section\" data-e-type=\"section\">\n\t\t\t\t\t\t<div class=\"elementor-container elementor-column-gap-default\">\n\t\t\t\t\t<div class=\"elementor-column elementor-col-100 elementor-top-column elementor-element elementor-element-7ff3b55\" data-id=\"7ff3b55\" data-element_type=\"column\" data-e-type=\"column\">\n\t\t\t<div class=\"elementor-widget-wrap elementor-element-populated\">\n\t\t\t\t\t\t<div class=\"elementor-element elementor-element-b26ba96 elementor-widget elementor-widget-heading\" data-id=\"b26ba96\" data-element_type=\"widget\" data-e-type=\"widget\" data-widget_type=\"heading.default\">\n\t\t\t\t<div class=\"elementor-widget-container\">\n\t\t\t\t\t<h2 class=\"elementor-heading-title elementor-size-default\">Buongiorno,<br>\nfaccio i miei pi\u00f9 sentiti complimenti al comitato e collaboratori per l'organizzazione della bella manifestazione del passato week end di pentecoste. Ho apprezzato molto i 2 concerti d'eccellenza del sabato e domenica sera, bravissimi. Luned\u00ec ho partecipato come musicante e mi sono trovato molto a  mio agio, sia per la logistica sia per la ristorazione. Non \u00e8 mai facile organizzare questi grandi eventi ma voi avete sicuramente centrato l'obiettivo.<br><br>\nCordiali saluti,<br>\nAndrea - Giubiasco <font color=\"#ff0000\">\u25a0<\/font><\/h2>\t\t\t\t<\/div>\n\t\t\t\t<\/div>\n\t\t\t\t\t<\/div>\n\t\t<\/div>\n\t\t\t\t\t<\/div>\n\t\t<\/section>\n\t\t\t\t<section class=\"elementor-section elementor-top-section elementor-element elementor-element-350436d elementor-section-boxed elementor-section-height-default elementor-section-height-default\" data-id=\"350436d\" data-element_type=\"section\" data-e-type=\"section\">\n\t\t\t\t\t\t<div class=\"elementor-container elementor-column-gap-default\">\n\t\t\t\t\t<div class=\"elementor-column elementor-col-100 elementor-top-column elementor-element elementor-element-de72826\" data-id=\"de72826\" data-element_type=\"column\" data-e-type=\"column\">\n\t\t\t<div class=\"elementor-widget-wrap elementor-element-populated\">\n\t\t\t\t\t\t<div class=\"elementor-element elementor-element-d86c4c6 elementor-widget-divider--view-line elementor-widget elementor-widget-divider\" data-id=\"d86c4c6\" data-element_type=\"widget\" data-e-type=\"widget\" data-widget_type=\"divider.default\">\n\t\t\t\t<div class=\"elementor-widget-container\">\n\t\t\t\t\t\t\t<div class=\"elementor-divider\">\n\t\t\t<span class=\"elementor-divider-separator\">\n\t\t\t\t\t\t<\/span>\n\t\t<\/div>\n\t\t\t\t\t\t<\/div>\n\t\t\t\t<\/div>\n\t\t\t\t\t<\/div>\n\t\t<\/div>\n\t\t\t\t\t<\/div>\n\t\t<\/section>\n\t\t\t\t<section class=\"elementor-section elementor-top-section elementor-element elementor-element-83b6811 elementor-section-boxed elementor-section-height-default elementor-section-height-default\" data-id=\"83b6811\" data-element_type=\"section\" data-e-type=\"section\">\n\t\t\t\t\t\t<div class=\"elementor-container elementor-column-gap-default\">\n\t\t\t\t\t<div class=\"elementor-column elementor-col-100 elementor-top-column elementor-element elementor-element-0122fe1\" data-id=\"0122fe1\" data-element_type=\"column\" data-e-type=\"column\">\n\t\t\t<div class=\"elementor-widget-wrap elementor-element-populated\">\n\t\t\t\t\t\t<div class=\"elementor-element elementor-element-a4ac524 elementor-widget elementor-widget-heading\" data-id=\"a4ac524\" data-element_type=\"widget\" data-e-type=\"widget\" data-widget_type=\"heading.default\">\n\t\t\t\t<div class=\"elementor-widget-container\">\n\t\t\t\t\t<h2 class=\"elementor-heading-title elementor-size-default\">Cari tutti,<br>\neccoci arrivati al \"the day after\". In un attimo \u00e8 finito tutto, ma rimangono bellissimi ricordi di una splendida festa!<br>\nGRAZIE a tutti voi per l'organizzazione perfetta (e nel caso non lo fosse stata non si \u00e8 accorto nessuno e va bene comunque). Sappiamo bene cosa significa mettere in piedi un evento del genere, sono anni di lavoro volontario, incastri finanziari-logistici-organizzativi, tante persone che si mettono a disposizione, pianificazione e gestione degli imprevisti, ... voi lo avete fatto, oltre che bene, anche con il cuore! BRAVI a tutti voi, potete essere soddisfatti e fieri.<br>\nLa MUN lo \u00e8, abbiamo vissuto una giornata di festa tutti insieme, grande emozione sul palco e tante risate nella vostra Oasi della Musica.<br>\nOra potete rilassarvi un po'.<br>\nUn caro saluto a tutti e GRAZIE ancora!<br><br>\nPer la Musica Unione Novazzano,<br>\nLaura Terzi - Presidente <font color=\"#ff0000\">\u25a0<\/font><\/h2>\t\t\t\t<\/div>\n\t\t\t\t<\/div>\n\t\t\t\t\t<\/div>\n\t\t<\/div>\n\t\t\t\t\t<\/div>\n\t\t<\/section>\n\t\t\t\t<section class=\"elementor-section elementor-top-section elementor-element elementor-element-04ba1b4 elementor-section-boxed elementor-section-height-default elementor-section-height-default\" data-id=\"04ba1b4\" data-element_type=\"section\" data-e-type=\"section\">\n\t\t\t\t\t\t<div class=\"elementor-container elementor-column-gap-default\">\n\t\t\t\t\t<div class=\"elementor-column elementor-col-100 elementor-top-column elementor-element elementor-element-133356d\" data-id=\"133356d\" data-element_type=\"column\" data-e-type=\"column\">\n\t\t\t<div class=\"elementor-widget-wrap elementor-element-populated\">\n\t\t\t\t\t\t<div class=\"elementor-element elementor-element-eec8cdf elementor-widget-divider--view-line elementor-widget elementor-widget-divider\" data-id=\"eec8cdf\" data-element_type=\"widget\" data-e-type=\"widget\" data-widget_type=\"divider.default\">\n\t\t\t\t<div class=\"elementor-widget-container\">\n\t\t\t\t\t\t\t<div class=\"elementor-divider\">\n\t\t\t<span class=\"elementor-divider-separator\">\n\t\t\t\t\t\t<\/span>\n\t\t<\/div>\n\t\t\t\t\t\t<\/div>\n\t\t\t\t<\/div>\n\t\t\t\t\t<\/div>\n\t\t<\/div>\n\t\t\t\t\t<\/div>\n\t\t<\/section>\n\t\t\t\t<section class=\"elementor-section elementor-top-section elementor-element elementor-element-ff3ba0b elementor-section-boxed elementor-section-height-default elementor-section-height-default\" data-id=\"ff3ba0b\" data-element_type=\"section\" data-e-type=\"section\">\n\t\t\t\t\t\t<div class=\"elementor-container elementor-column-gap-default\">\n\t\t\t\t\t<div class=\"elementor-column elementor-col-100 elementor-top-column elementor-element elementor-element-004da73\" data-id=\"004da73\" data-element_type=\"column\" data-e-type=\"column\">\n\t\t\t<div class=\"elementor-widget-wrap elementor-element-populated\">\n\t\t\t\t\t\t<div class=\"elementor-element elementor-element-5bf4d54 elementor-widget elementor-widget-heading\" data-id=\"5bf4d54\" data-element_type=\"widget\" data-e-type=\"widget\" data-widget_type=\"heading.default\">\n\t\t\t\t<div class=\"elementor-widget-container\">\n\t\t\t\t\t<h2 class=\"elementor-heading-title elementor-size-default\">Buongiorno,<br>\na nome del nostro gruppo, voglio esprimere i ringraziamenti a tutto il vostro staff, per la vostra accoglienza e fare i complimenti per l'impeccabile organizzazione.<br><br>\nUn cordiale saluto e... buon riposo!<br>\nGruppo TAMBURITMI - Bellinzona <font color=\"#ff0000\">\u25a0<\/font><\/h2>\t\t\t\t<\/div>\n\t\t\t\t<\/div>\n\t\t\t\t\t<\/div>\n\t\t<\/div>\n\t\t\t\t\t<\/div>\n\t\t<\/section>\n\t\t\t\t<section class=\"elementor-section elementor-top-section elementor-element elementor-element-4e95668 elementor-section-boxed elementor-section-height-default elementor-section-height-default\" data-id=\"4e95668\" data-element_type=\"section\" data-e-type=\"section\">\n\t\t\t\t\t\t<div class=\"elementor-container elementor-column-gap-default\">\n\t\t\t\t\t<div class=\"elementor-column elementor-col-100 elementor-top-column elementor-element elementor-element-2d14b10\" data-id=\"2d14b10\" data-element_type=\"column\" data-e-type=\"column\">\n\t\t\t<div class=\"elementor-widget-wrap elementor-element-populated\">\n\t\t\t\t\t\t<div class=\"elementor-element elementor-element-a83b8f9 elementor-widget-divider--view-line elementor-widget elementor-widget-divider\" data-id=\"a83b8f9\" data-element_type=\"widget\" data-e-type=\"widget\" data-widget_type=\"divider.default\">\n\t\t\t\t<div class=\"elementor-widget-container\">\n\t\t\t\t\t\t\t<div class=\"elementor-divider\">\n\t\t\t<span class=\"elementor-divider-separator\">\n\t\t\t\t\t\t<\/span>\n\t\t<\/div>\n\t\t\t\t\t\t<\/div>\n\t\t\t\t<\/div>\n\t\t\t\t\t<\/div>\n\t\t<\/div>\n\t\t\t\t\t<\/div>\n\t\t<\/section>\n\t\t\t\t<section class=\"elementor-section elementor-top-section elementor-element elementor-element-63a27d5 elementor-section-boxed elementor-section-height-default elementor-section-height-default\" data-id=\"63a27d5\" data-element_type=\"section\" data-e-type=\"section\">\n\t\t\t\t\t\t<div class=\"elementor-container elementor-column-gap-default\">\n\t\t\t\t\t<div class=\"elementor-column elementor-col-100 elementor-top-column elementor-element elementor-element-36a3523\" data-id=\"36a3523\" data-element_type=\"column\" data-e-type=\"column\">\n\t\t\t<div class=\"elementor-widget-wrap elementor-element-populated\">\n\t\t\t\t\t\t<div class=\"elementor-element elementor-element-037526a elementor-widget elementor-widget-heading\" data-id=\"037526a\" data-element_type=\"widget\" data-e-type=\"widget\" data-widget_type=\"heading.default\">\n\t\t\t\t<div class=\"elementor-widget-container\">\n\t\t\t\t\t<h2 class=\"elementor-heading-title elementor-size-default\">Cara Luana,<br>\ncaro Domenico,<br>\nvolevo ancora ringraziarvi per la serata di venerd\u00ec. Per noi \u00e8 stato un piacere e un onore potere dare il nostro contributo ad un evento musicale cos\u00ec importante. Un complimento per l\u2019impeccabile organizzazione e l\u2019accoglienza, non oso immaginare la mole di lavoro e l'impegno da parte vostra! <br>\nHo apprezzato molto il concerto della Filarmonica Faidese, che d\u00e0 giustamente molto spazio ai giovani. Convincenti voi e il maestro. Si percepisce un bell'affiatamento all\u2019interno della banda, per come suona e per come i vari membri hanno collaborato nell\u2019organizzazione (tutto fa \ud83d\ude09<br>\nHo ascoltato qualcosa sabato, ma purtroppo nel pomeriggio dovevo rientrare. Spero che tutto sia filato liscio pure nei giorni successivi.<br>\nGrazie ancora, pure da parte di Roberto e Gianni.<br><br>\nCi sentiamo presto, abbracCiao!<br>\nMarco Santilli <font color=\"#ff0000\">\u25a0<\/font><\/h2>\t\t\t\t<\/div>\n\t\t\t\t<\/div>\n\t\t\t\t\t<\/div>\n\t\t<\/div>\n\t\t\t\t\t<\/div>\n\t\t<\/section>\n\t\t\t\t<section class=\"elementor-section elementor-top-section elementor-element elementor-element-e407f60 elementor-section-boxed elementor-section-height-default elementor-section-height-default\" data-id=\"e407f60\" data-element_type=\"section\" data-e-type=\"section\">\n\t\t\t\t\t\t<div class=\"elementor-container elementor-column-gap-default\">\n\t\t\t\t\t<div class=\"elementor-column elementor-col-100 elementor-top-column elementor-element elementor-element-6738d59\" data-id=\"6738d59\" data-element_type=\"column\" data-e-type=\"column\">\n\t\t\t<div class=\"elementor-widget-wrap elementor-element-populated\">\n\t\t\t\t\t\t<div class=\"elementor-element elementor-element-c615c28 elementor-widget-divider--view-line elementor-widget elementor-widget-divider\" data-id=\"c615c28\" data-element_type=\"widget\" data-e-type=\"widget\" data-widget_type=\"divider.default\">\n\t\t\t\t<div class=\"elementor-widget-container\">\n\t\t\t\t\t\t\t<div class=\"elementor-divider\">\n\t\t\t<span class=\"elementor-divider-separator\">\n\t\t\t\t\t\t<\/span>\n\t\t<\/div>\n\t\t\t\t\t\t<\/div>\n\t\t\t\t<\/div>\n\t\t\t\t\t<\/div>\n\t\t<\/div>\n\t\t\t\t\t<\/div>\n\t\t<\/section>\n\t\t\t\t<section class=\"elementor-section elementor-top-section elementor-element elementor-element-13653aa elementor-section-boxed elementor-section-height-default elementor-section-height-default\" data-id=\"13653aa\" data-element_type=\"section\" data-e-type=\"section\">\n\t\t\t\t\t\t<div class=\"elementor-container elementor-column-gap-default\">\n\t\t\t\t\t<div class=\"elementor-column elementor-col-100 elementor-top-column elementor-element elementor-element-f7261b3\" data-id=\"f7261b3\" data-element_type=\"column\" data-e-type=\"column\">\n\t\t\t<div class=\"elementor-widget-wrap elementor-element-populated\">\n\t\t\t\t\t\t<div class=\"elementor-element elementor-element-7804eb3 elementor-widget elementor-widget-heading\" data-id=\"7804eb3\" data-element_type=\"widget\" data-e-type=\"widget\" data-widget_type=\"heading.default\">\n\t\t\t\t<div class=\"elementor-widget-container\">\n\t\t\t\t\t<h2 class=\"elementor-heading-title elementor-size-default\">Cari tutti,<br>\nun sentito ringraziamento per la collaborazione messa in campo durante questa produzione.<br>\nSono lieto che la Festa abbia avuto l'ottimo successo che meritava: siete stati una squadra vincente su tutta la linea!<br>\nUn grazie particolare a:<br>\n- Lorenzo, Carlo e Andrea per le preziose informazioni relative alle formazioni, prima e durante l'evento<br>\n- Filippo per tutto il supporto logistico in un contesto non evidente, e la grandissima disponibilit\u00e0<br>\n- Domenico per la messa a disposizione gratuita del bus \"Nautilus\", che ha fatto la differenza per la nostra postazione<br>\n- tutti i meravigliosi ragazzi dello staff di questo paesino che hanno affrontato tutta questa bella ma faticosa impresa e ogni situazione puntuale col sorriso, e sempre con estrema gentilezza<br>\nCon la preghiera di estendere i ringraziamenti al comitato e a tutti i collaboratori.<br>\nGRAZIE<br><br>\nSaluti,<br>\nMassimo Scampicchio - RSI <font color=\"#ff0000\">\u25a0<\/font><\/h2>\t\t\t\t<\/div>\n\t\t\t\t<\/div>\n\t\t\t\t\t<\/div>\n\t\t<\/div>\n\t\t\t\t\t<\/div>\n\t\t<\/section>\n\t\t\t\t<section class=\"elementor-section elementor-top-section elementor-element elementor-element-c0ed80c elementor-section-boxed elementor-section-height-default elementor-section-height-default\" data-id=\"c0ed80c\" data-element_type=\"section\" data-e-type=\"section\">\n\t\t\t\t\t\t<div class=\"elementor-container elementor-column-gap-default\">\n\t\t\t\t\t<div class=\"elementor-column elementor-col-100 elementor-top-column elementor-element elementor-element-b273702\" data-id=\"b273702\" data-element_type=\"column\" data-e-type=\"column\">\n\t\t\t<div class=\"elementor-widget-wrap elementor-element-populated\">\n\t\t\t\t\t\t<div class=\"elementor-element elementor-element-2dbd74b elementor-widget-divider--view-line elementor-widget elementor-widget-divider\" data-id=\"2dbd74b\" data-element_type=\"widget\" data-e-type=\"widget\" data-widget_type=\"divider.default\">\n\t\t\t\t<div class=\"elementor-widget-container\">\n\t\t\t\t\t\t\t<div class=\"elementor-divider\">\n\t\t\t<span class=\"elementor-divider-separator\">\n\t\t\t\t\t\t<\/span>\n\t\t<\/div>\n\t\t\t\t\t\t<\/div>\n\t\t\t\t<\/div>\n\t\t\t\t\t<\/div>\n\t\t<\/div>\n\t\t\t\t\t<\/div>\n\t\t<\/section>\n\t\t\t\t<section class=\"elementor-section elementor-top-section elementor-element elementor-element-236c993 elementor-section-boxed elementor-section-height-default elementor-section-height-default\" data-id=\"236c993\" data-element_type=\"section\" data-e-type=\"section\">\n\t\t\t\t\t\t<div class=\"elementor-container elementor-column-gap-default\">\n\t\t\t\t\t<div class=\"elementor-column elementor-col-100 elementor-top-column elementor-element elementor-element-4559b9f\" data-id=\"4559b9f\" data-element_type=\"column\" data-e-type=\"column\">\n\t\t\t<div class=\"elementor-widget-wrap elementor-element-populated\">\n\t\t\t\t\t\t<div class=\"elementor-element elementor-element-e9dd591 elementor-widget elementor-widget-heading\" data-id=\"e9dd591\" data-element_type=\"widget\" data-e-type=\"widget\" data-widget_type=\"heading.default\">\n\t\t\t\t<div class=\"elementor-widget-container\">\n\t\t\t\t\t<h2 class=\"elementor-heading-title elementor-size-default\">Am vergangenen Pfingstsonntag den 19. Mai 2024, durften wir anl\u00e4sslich des Festa Cantonale della Musica (Kantonales Musikfest Tessin) in Faido ein Konzert zum Besten geben, inklusive Premiere des ersten neuen Songs in diesem Jahr. Davor durften wir uns an einen reichlich gedeckten Tisch setzen und haben uns dabei wie ein gut gewartetes Postauto gef\u00fchlt. Es hat uns riesig gefreut vor einem so begeisterten Publikum im prall gef\u00fcllten Konzertsaal spielen zu d\u00fcrfen, wo sich das Publikum, mit Standing Ovations und vielen Rufen nach einer Zugabe, bei uns bedankten.<br><br>\nGrazie mille e a presto<br>\n\n<b><a href=\"https:\/\/www.powerbrass.com\/galerie\/festa-cantonale-della-musica-faido?fbclid=IwZXh0bgNhZW0CMTAAAR0PU_RMrEZhf_2APG6AkxCGifO0dsJn05EziN-vb6yjzvjHCd2-cRLRXtc_aem_AfZs9-YM9OqBTqMX4ZWaWBCzw33bU7QNlBUruhr1CIP9GT-9DH822ISziTx0Ksr2KpO74FaSNpcWQFU_v89j1h8j\" target=\"_blank\"><p style=\"font-family:Montserrat;font-size:16px\">Photo gallery<\/p><\/a><\/b> <font color=\"#ff0000\">\u25a0<\/font><\/h2>\t\t\t\t<\/div>\n\t\t\t\t<\/div>\n\t\t\t\t\t<\/div>\n\t\t<\/div>\n\t\t\t\t\t<\/div>\n\t\t<\/section>\n\t\t\t\t<section class=\"elementor-section elementor-top-section elementor-element elementor-element-aa395b4 elementor-section-boxed elementor-section-height-default elementor-section-height-default\" data-id=\"aa395b4\" data-element_type=\"section\" data-e-type=\"section\">\n\t\t\t\t\t\t<div class=\"elementor-container elementor-column-gap-default\">\n\t\t\t\t\t<div class=\"elementor-column elementor-col-100 elementor-top-column elementor-element elementor-element-713e992\" data-id=\"713e992\" data-element_type=\"column\" data-e-type=\"column\">\n\t\t\t<div class=\"elementor-widget-wrap elementor-element-populated\">\n\t\t\t\t\t\t<div class=\"elementor-element elementor-element-c88aa22 elementor-widget-divider--view-line elementor-widget elementor-widget-divider\" data-id=\"c88aa22\" data-element_type=\"widget\" data-e-type=\"widget\" data-widget_type=\"divider.default\">\n\t\t\t\t<div class=\"elementor-widget-container\">\n\t\t\t\t\t\t\t<div class=\"elementor-divider\">\n\t\t\t<span class=\"elementor-divider-separator\">\n\t\t\t\t\t\t<\/span>\n\t\t<\/div>\n\t\t\t\t\t\t<\/div>\n\t\t\t\t<\/div>\n\t\t\t\t\t<\/div>\n\t\t<\/div>\n\t\t\t\t\t<\/div>\n\t\t<\/section>\n\t\t\t\t<section class=\"elementor-section elementor-top-section elementor-element elementor-element-6c601c5 elementor-section-boxed elementor-section-height-default elementor-section-height-default\" data-id=\"6c601c5\" data-element_type=\"section\" data-e-type=\"section\">\n\t\t\t\t\t\t<div class=\"elementor-container elementor-column-gap-default\">\n\t\t\t\t\t<div class=\"elementor-column elementor-col-100 elementor-top-column elementor-element elementor-element-e9e12c9\" data-id=\"e9e12c9\" data-element_type=\"column\" data-e-type=\"column\">\n\t\t\t<div class=\"elementor-widget-wrap elementor-element-populated\">\n\t\t\t\t\t\t<div class=\"elementor-element elementor-element-46e0cd8 elementor-widget elementor-widget-heading\" data-id=\"46e0cd8\" data-element_type=\"widget\" data-e-type=\"widget\" data-widget_type=\"heading.default\">\n\t\t\t\t<div class=\"elementor-widget-container\">\n\t\t\t\t\t<h2 class=\"elementor-heading-title elementor-size-default\">Ciao Marina,<br>\nvorrei ringraziarla a nome della Swiss Powerbrass.  Mi hanno detto che tutti si sono divertiti molto con voi e che siete stati degli ottimi padroni di casa. Ottimo catering, ottima organizzazione e un grande pubblico! Grazie mille per tutto e per averci permesso di suonare nel vostro locale! Torneremo sicuramente in Ticino e non vediamo l'ora \ud83d\ude42<br><br>\nSaluti a Faido da Buochs<br>\nSimon <font color=\"#ff0000\">\u25a0<\/font><\/h2>\t\t\t\t<\/div>\n\t\t\t\t<\/div>\n\t\t\t\t\t<\/div>\n\t\t<\/div>\n\t\t\t\t\t<\/div>\n\t\t<\/section>\n\t\t\t\t<section class=\"elementor-section elementor-top-section elementor-element elementor-element-a4c5361 elementor-section-boxed elementor-section-height-default elementor-section-height-default\" data-id=\"a4c5361\" data-element_type=\"section\" data-e-type=\"section\">\n\t\t\t\t\t\t<div class=\"elementor-container elementor-column-gap-default\">\n\t\t\t\t\t<div class=\"elementor-column elementor-col-100 elementor-top-column elementor-element elementor-element-13cbfc6\" data-id=\"13cbfc6\" data-element_type=\"column\" data-e-type=\"column\">\n\t\t\t<div class=\"elementor-widget-wrap elementor-element-populated\">\n\t\t\t\t\t\t<div class=\"elementor-element elementor-element-53311dc elementor-widget-divider--view-line elementor-widget elementor-widget-divider\" data-id=\"53311dc\" data-element_type=\"widget\" data-e-type=\"widget\" data-widget_type=\"divider.default\">\n\t\t\t\t<div class=\"elementor-widget-container\">\n\t\t\t\t\t\t\t<div class=\"elementor-divider\">\n\t\t\t<span class=\"elementor-divider-separator\">\n\t\t\t\t\t\t<\/span>\n\t\t<\/div>\n\t\t\t\t\t\t<\/div>\n\t\t\t\t<\/div>\n\t\t\t\t\t<\/div>\n\t\t<\/div>\n\t\t\t\t\t<\/div>\n\t\t<\/section>\n\t\t\t\t<section class=\"elementor-section elementor-top-section elementor-element elementor-element-f59ffac elementor-section-boxed elementor-section-height-default elementor-section-height-default\" data-id=\"f59ffac\" data-element_type=\"section\" data-e-type=\"section\">\n\t\t\t\t\t\t<div class=\"elementor-container elementor-column-gap-default\">\n\t\t\t\t\t<div class=\"elementor-column elementor-col-100 elementor-top-column elementor-element elementor-element-60aba06\" data-id=\"60aba06\" data-element_type=\"column\" data-e-type=\"column\">\n\t\t\t<div class=\"elementor-widget-wrap elementor-element-populated\">\n\t\t\t\t\t\t<div class=\"elementor-element elementor-element-da1df69 elementor-widget elementor-widget-heading\" data-id=\"da1df69\" data-element_type=\"widget\" data-e-type=\"widget\" data-widget_type=\"heading.default\">\n\t\t\t\t<div class=\"elementor-widget-container\">\n\t\t\t\t\t<h2 class=\"elementor-heading-title elementor-size-default\">Carissimo Andrea,<br>\nsiamo arrivati bene a casa. Grazie per l'invito, per la compagnia e l'amicizia. \u00c8 stato un piacere essere da voi. Avete organizzato molto bene il tutto. Questa esposizione non era affatto noiosa! Ringrazia a nostro nome tutto il comitato organizzativo.<br><br>\nCari saluti,<br>\nAda e Willi - Willson Band Instruments Switzerland AG <font color=\"#ff0000\">\u25a0<\/font><br><\/h2>\t\t\t\t<\/div>\n\t\t\t\t<\/div>\n\t\t\t\t\t<\/div>\n\t\t<\/div>\n\t\t\t\t\t<\/div>\n\t\t<\/section>\n\t\t\t\t<section class=\"elementor-section elementor-top-section elementor-element elementor-element-11dc2bb elementor-section-boxed elementor-section-height-default elementor-section-height-default\" data-id=\"11dc2bb\" data-element_type=\"section\" data-e-type=\"section\">\n\t\t\t\t\t\t<div class=\"elementor-container elementor-column-gap-default\">\n\t\t\t\t\t<div class=\"elementor-column elementor-col-100 elementor-top-column elementor-element elementor-element-e689acd\" data-id=\"e689acd\" data-element_type=\"column\" data-e-type=\"column\">\n\t\t\t<div class=\"elementor-widget-wrap elementor-element-populated\">\n\t\t\t\t\t\t<div class=\"elementor-element elementor-element-67bde72 elementor-widget-divider--view-line elementor-widget elementor-widget-divider\" data-id=\"67bde72\" data-element_type=\"widget\" data-e-type=\"widget\" data-widget_type=\"divider.default\">\n\t\t\t\t<div class=\"elementor-widget-container\">\n\t\t\t\t\t\t\t<div class=\"elementor-divider\">\n\t\t\t<span class=\"elementor-divider-separator\">\n\t\t\t\t\t\t<\/span>\n\t\t<\/div>\n\t\t\t\t\t\t<\/div>\n\t\t\t\t<\/div>\n\t\t\t\t\t<\/div>\n\t\t<\/div>\n\t\t\t\t\t<\/div>\n\t\t<\/section>\n\t\t\t\t<section class=\"elementor-section elementor-top-section elementor-element elementor-element-c02f2ac elementor-section-boxed elementor-section-height-default elementor-section-height-default\" data-id=\"c02f2ac\" data-element_type=\"section\" data-e-type=\"section\">\n\t\t\t\t\t\t<div class=\"elementor-container elementor-column-gap-default\">\n\t\t\t\t\t<div class=\"elementor-column elementor-col-100 elementor-top-column elementor-element elementor-element-37558cb\" data-id=\"37558cb\" data-element_type=\"column\" data-e-type=\"column\">\n\t\t\t<div class=\"elementor-widget-wrap elementor-element-populated\">\n\t\t\t\t\t\t<div class=\"elementor-element elementor-element-0d91abf elementor-widget elementor-widget-heading\" data-id=\"0d91abf\" data-element_type=\"widget\" data-e-type=\"widget\" data-widget_type=\"heading.default\">\n\t\t\t\t<div class=\"elementor-widget-container\">\n\t\t\t\t\t<h2 class=\"elementor-heading-title elementor-size-default\">Carissima Luana,<br>\nancora complimenti per la bella festa! Un grande grazie a tutti voi per l\u2019eccellente organizzazione e simpatia di tutto lo staff e volontari!! Un forte abbraccio a tutti voi !! Avanti cosi e auguroni per ogni bene!! Evviva la musica bandistica\ud83c\udf40\ud83c\udfb6\u2764\ud83c\udfb6\ud83c\udf40\n.<br><br>\nCon amicizia<br>\nKeller Families Nadia Lele Stefano ecc.. \u2764\ud83c\udfb6\u2764 <font color=\"#ff0000\">\u25a0<\/font><\/h2>\t\t\t\t<\/div>\n\t\t\t\t<\/div>\n\t\t\t\t\t<\/div>\n\t\t<\/div>\n\t\t\t\t\t<\/div>\n\t\t<\/section>\n\t\t\t\t<section class=\"elementor-section elementor-top-section elementor-element elementor-element-17fb6eb elementor-section-boxed elementor-section-height-default elementor-section-height-default\" data-id=\"17fb6eb\" data-element_type=\"section\" data-e-type=\"section\">\n\t\t\t\t\t\t<div class=\"elementor-container elementor-column-gap-default\">\n\t\t\t\t\t<div class=\"elementor-column elementor-col-100 elementor-top-column elementor-element elementor-element-225fae3\" data-id=\"225fae3\" data-element_type=\"column\" data-e-type=\"column\">\n\t\t\t<div class=\"elementor-widget-wrap elementor-element-populated\">\n\t\t\t\t\t\t<div class=\"elementor-element elementor-element-4187cae elementor-widget-divider--view-line elementor-widget elementor-widget-divider\" data-id=\"4187cae\" data-element_type=\"widget\" data-e-type=\"widget\" data-widget_type=\"divider.default\">\n\t\t\t\t<div class=\"elementor-widget-container\">\n\t\t\t\t\t\t\t<div class=\"elementor-divider\">\n\t\t\t<span class=\"elementor-divider-separator\">\n\t\t\t\t\t\t<\/span>\n\t\t<\/div>\n\t\t\t\t\t\t<\/div>\n\t\t\t\t<\/div>\n\t\t\t\t\t<\/div>\n\t\t<\/div>\n\t\t\t\t\t<\/div>\n\t\t<\/section>\n\t\t<div class=\"elementor-element elementor-element-31cbb9a e-flex e-con-boxed e-con e-parent\" data-id=\"31cbb9a\" data-element_type=\"container\" data-e-type=\"container\">\n\t\t\t\t\t<div class=\"e-con-inner\">\n\t\t\t\t<div class=\"elementor-element elementor-element-19cde99 elementor-widget elementor-widget-image\" data-id=\"19cde99\" data-element_type=\"widget\" data-e-type=\"widget\" data-widget_type=\"image.default\">\n\t\t\t\t<div class=\"elementor-widget-container\">\n\t\t\t\t\t\t\t\t\t\t\t\t\t\t\t\t<a href=\"https:\/\/filarmonicafaidese.ch\/faido2024\/wp-content\/uploads\/2024\/06\/WhatsApp-Image-2024-05-20-at-21.52.12_18bb30c8.jpg\">\n\t\t\t\t\t\t\t<img loading=\"lazy\" decoding=\"async\" width=\"300\" height=\"225\" src=\"https:\/\/filarmonicafaidese.ch\/faido2024\/wp-content\/uploads\/2024\/06\/WhatsApp-Image-2024-05-20-at-21.52.12_18bb30c8-300x225.jpg\" class=\"attachment-medium size-medium wp-image-6454\" alt=\"\" srcset=\"https:\/\/filarmonicafaidese.ch\/faido2024\/wp-content\/uploads\/2024\/06\/WhatsApp-Image-2024-05-20-at-21.52.12_18bb30c8-300x225.jpg 300w, https:\/\/filarmonicafaidese.ch\/faido2024\/wp-content\/uploads\/2024\/06\/WhatsApp-Image-2024-05-20-at-21.52.12_18bb30c8-1024x768.jpg 1024w, https:\/\/filarmonicafaidese.ch\/faido2024\/wp-content\/uploads\/2024\/06\/WhatsApp-Image-2024-05-20-at-21.52.12_18bb30c8-768x576.jpg 768w, https:\/\/filarmonicafaidese.ch\/faido2024\/wp-content\/uploads\/2024\/06\/WhatsApp-Image-2024-05-20-at-21.52.12_18bb30c8-1536x1152.jpg 1536w, https:\/\/filarmonicafaidese.ch\/faido2024\/wp-content\/uploads\/2024\/06\/WhatsApp-Image-2024-05-20-at-21.52.12_18bb30c8.jpg 2048w\" sizes=\"(max-width: 300px) 100vw, 300px\" \/>\t\t\t\t\t\t\t\t<\/a>\n\t\t\t\t\t\t\t\t\t\t\t\t\t\t\t<\/div>\n\t\t\t\t<\/div>\n\t\t\t\t\t<\/div>\n\t\t\t\t<\/div>\n\t\t\t\t<section class=\"elementor-section elementor-top-section elementor-element elementor-element-b7f4e0c elementor-section-boxed elementor-section-height-default elementor-section-height-default\" data-id=\"b7f4e0c\" data-element_type=\"section\" data-e-type=\"section\">\n\t\t\t\t\t\t<div class=\"elementor-container elementor-column-gap-default\">\n\t\t\t\t\t<div class=\"elementor-column elementor-col-100 elementor-top-column elementor-element elementor-element-5d738f1\" data-id=\"5d738f1\" data-element_type=\"column\" data-e-type=\"column\">\n\t\t\t<div class=\"elementor-widget-wrap elementor-element-populated\">\n\t\t\t\t\t\t<div class=\"elementor-element elementor-element-000ec1d elementor-widget elementor-widget-heading\" data-id=\"000ec1d\" data-element_type=\"widget\" data-e-type=\"widget\" data-widget_type=\"heading.default\">\n\t\t\t\t<div class=\"elementor-widget-container\">\n\t\t\t\t\t<h2 class=\"elementor-heading-title elementor-size-default\">Ciao Vera,<br>\ndue parole a commento di questo mio scatto che vi ha immortalato in un momento davvero speciale e simbolico. Una festa memorabile, dall\u2019organizzazione impeccabile! \u00c8 stato un vero piacere esserci e contribuire (in piccola parte) a questo grande evento. Un generoso regalo per la nostra comunit\u00e0.<br><br>\nGRAZIE \ud83d\ude0a<br>\nNicola <font color=\"#ff0000\">\u25a0<\/font><\/h2>\t\t\t\t<\/div>\n\t\t\t\t<\/div>\n\t\t\t\t\t<\/div>\n\t\t<\/div>\n\t\t\t\t\t<\/div>\n\t\t<\/section>\n\t\t\t\t<section class=\"elementor-section elementor-top-section elementor-element elementor-element-05ac39f elementor-section-boxed elementor-section-height-default elementor-section-height-default\" data-id=\"05ac39f\" data-element_type=\"section\" data-e-type=\"section\">\n\t\t\t\t\t\t<div class=\"elementor-container elementor-column-gap-default\">\n\t\t\t\t\t<div class=\"elementor-column elementor-col-100 elementor-top-column elementor-element elementor-element-2136a98\" data-id=\"2136a98\" data-element_type=\"column\" data-e-type=\"column\">\n\t\t\t<div class=\"elementor-widget-wrap elementor-element-populated\">\n\t\t\t\t\t\t<div class=\"elementor-element elementor-element-ece4979 elementor-widget-divider--view-line elementor-widget elementor-widget-divider\" data-id=\"ece4979\" data-element_type=\"widget\" data-e-type=\"widget\" data-widget_type=\"divider.default\">\n\t\t\t\t<div class=\"elementor-widget-container\">\n\t\t\t\t\t\t\t<div class=\"elementor-divider\">\n\t\t\t<span class=\"elementor-divider-separator\">\n\t\t\t\t\t\t<\/span>\n\t\t<\/div>\n\t\t\t\t\t\t<\/div>\n\t\t\t\t<\/div>\n\t\t\t\t\t<\/div>\n\t\t<\/div>\n\t\t\t\t\t<\/div>\n\t\t<\/section>\n\t\t\t\t<section class=\"elementor-section elementor-top-section elementor-element elementor-element-e2eb7b8 elementor-section-boxed elementor-section-height-default elementor-section-height-default\" data-id=\"e2eb7b8\" data-element_type=\"section\" data-e-type=\"section\">\n\t\t\t\t\t\t<div class=\"elementor-container elementor-column-gap-default\">\n\t\t\t\t\t<div class=\"elementor-column elementor-col-100 elementor-top-column elementor-element elementor-element-bb46a12\" data-id=\"bb46a12\" data-element_type=\"column\" data-e-type=\"column\">\n\t\t\t<div class=\"elementor-widget-wrap elementor-element-populated\">\n\t\t\t\t\t\t<div class=\"elementor-element elementor-element-53f2061 elementor-widget elementor-widget-heading\" data-id=\"53f2061\" data-element_type=\"widget\" data-e-type=\"widget\" data-widget_type=\"heading.default\">\n\t\t\t\t<div class=\"elementor-widget-container\">\n\t\t\t\t\t<h2 class=\"elementor-heading-title elementor-size-default\">Cara Luana,<br>\ntantissimi complimenti per l'organizzazione della festa cantonale! Tutto perfetto, ben organizzato con un bel team! Purtroppo il nostro punteggio non era come desiderato ma noi ci siamo divertiti lo stesso \ud83d\ude0a<br><br>\nSaluti e buona giornata<br>\nRoby <font color=\"#ff0000\">\u25a0<\/font><\/h2>\t\t\t\t<\/div>\n\t\t\t\t<\/div>\n\t\t\t\t\t<\/div>\n\t\t<\/div>\n\t\t\t\t\t<\/div>\n\t\t<\/section>\n\t\t\t\t<section class=\"elementor-section elementor-top-section elementor-element elementor-element-2b0c5e1 elementor-section-boxed elementor-section-height-default elementor-section-height-default\" data-id=\"2b0c5e1\" data-element_type=\"section\" data-e-type=\"section\">\n\t\t\t\t\t\t<div class=\"elementor-container elementor-column-gap-default\">\n\t\t\t\t\t<div class=\"elementor-column elementor-col-100 elementor-top-column elementor-element elementor-element-46d859a\" data-id=\"46d859a\" data-element_type=\"column\" data-e-type=\"column\">\n\t\t\t<div class=\"elementor-widget-wrap elementor-element-populated\">\n\t\t\t\t\t\t<div class=\"elementor-element elementor-element-1779f2f elementor-widget-divider--view-line elementor-widget elementor-widget-divider\" data-id=\"1779f2f\" data-element_type=\"widget\" data-e-type=\"widget\" data-widget_type=\"divider.default\">\n\t\t\t\t<div class=\"elementor-widget-container\">\n\t\t\t\t\t\t\t<div class=\"elementor-divider\">\n\t\t\t<span class=\"elementor-divider-separator\">\n\t\t\t\t\t\t<\/span>\n\t\t<\/div>\n\t\t\t\t\t\t<\/div>\n\t\t\t\t<\/div>\n\t\t\t\t\t<\/div>\n\t\t<\/div>\n\t\t\t\t\t<\/div>\n\t\t<\/section>\n\t\t\t\t<section class=\"elementor-section elementor-top-section elementor-element elementor-element-d22730d elementor-section-boxed elementor-section-height-default elementor-section-height-default\" data-id=\"d22730d\" data-element_type=\"section\" data-e-type=\"section\">\n\t\t\t\t\t\t<div class=\"elementor-container elementor-column-gap-default\">\n\t\t\t\t\t<div class=\"elementor-column elementor-col-100 elementor-top-column elementor-element elementor-element-ce6745d\" data-id=\"ce6745d\" data-element_type=\"column\" data-e-type=\"column\">\n\t\t\t<div class=\"elementor-widget-wrap elementor-element-populated\">\n\t\t\t\t\t\t<div class=\"elementor-element elementor-element-9b6ad90 elementor-widget elementor-widget-heading\" data-id=\"9b6ad90\" data-element_type=\"widget\" data-e-type=\"widget\" data-widget_type=\"heading.default\">\n\t\t\t\t<div class=\"elementor-widget-container\">\n\t\t\t\t\t<h2 class=\"elementor-heading-title elementor-size-default\">Cara Luana,<br>\nGrazie per l\u2019ospitalit\u00e0 e l\u2019organizzazione impeccabile. Una festa davvero ottima che mi ha permesso di conoscere tanto del Ticino e della sua bella gente!<br><br>\nSpero a presto. Un caro saluto,<br>\nAndrea <font color=\"#ff0000\">\u25a0<\/font><\/h2>\t\t\t\t<\/div>\n\t\t\t\t<\/div>\n\t\t\t\t\t<\/div>\n\t\t<\/div>\n\t\t\t\t\t<\/div>\n\t\t<\/section>\n\t\t\t\t<section class=\"elementor-section elementor-top-section elementor-element elementor-element-0d923f8 elementor-section-boxed elementor-section-height-default elementor-section-height-default\" data-id=\"0d923f8\" data-element_type=\"section\" data-e-type=\"section\">\n\t\t\t\t\t\t<div class=\"elementor-container elementor-column-gap-default\">\n\t\t\t\t\t<div class=\"elementor-column elementor-col-100 elementor-top-column elementor-element elementor-element-16a62a0\" data-id=\"16a62a0\" data-element_type=\"column\" data-e-type=\"column\">\n\t\t\t<div class=\"elementor-widget-wrap elementor-element-populated\">\n\t\t\t\t\t\t<div class=\"elementor-element elementor-element-bba7bf4 elementor-widget-divider--view-line elementor-widget elementor-widget-divider\" data-id=\"bba7bf4\" data-element_type=\"widget\" data-e-type=\"widget\" data-widget_type=\"divider.default\">\n\t\t\t\t<div class=\"elementor-widget-container\">\n\t\t\t\t\t\t\t<div class=\"elementor-divider\">\n\t\t\t<span class=\"elementor-divider-separator\">\n\t\t\t\t\t\t<\/span>\n\t\t<\/div>\n\t\t\t\t\t\t<\/div>\n\t\t\t\t<\/div>\n\t\t\t\t\t<\/div>\n\t\t<\/div>\n\t\t\t\t\t<\/div>\n\t\t<\/section>\n\t\t\t\t<section class=\"elementor-section elementor-top-section elementor-element elementor-element-aa9fa03 elementor-section-boxed elementor-section-height-default elementor-section-height-default\" data-id=\"aa9fa03\" data-element_type=\"section\" data-e-type=\"section\">\n\t\t\t\t\t\t<div class=\"elementor-container elementor-column-gap-default\">\n\t\t\t\t\t<div class=\"elementor-column elementor-col-100 elementor-top-column elementor-element elementor-element-14abb65\" data-id=\"14abb65\" data-element_type=\"column\" data-e-type=\"column\">\n\t\t\t<div class=\"elementor-widget-wrap elementor-element-populated\">\n\t\t\t\t\t\t<div class=\"elementor-element elementor-element-ac95e82 elementor-widget elementor-widget-heading\" data-id=\"ac95e82\" data-element_type=\"widget\" data-e-type=\"widget\" data-widget_type=\"heading.default\">\n\t\t\t\t<div class=\"elementor-widget-container\">\n\t\t\t\t\t<h2 class=\"elementor-heading-title elementor-size-default\">Ciao Lorenzo,<br>\na nome della Filarmonica Capriaschese e mio personale vorrei ringraziarvi per la perfetta organizzazione della Festa Cantonale della Musica. La musica bandistica ha ancora una volta unito tutti i presenti in un\u2019esperienza condivisa di gioia e armonia, avvicinando persone di diverse et\u00e0 e provenienza. Sono stati tre giorni bellissimi e ci siamo sentiti accolti da voi, che con la vostra simpatia e gentilezza avete dato una marcia in pi\u00f9 all\u2019evento.<br><br>\nGrazie di cuore per aver reso questo momento indimenticabile!,<br>\nMaria <font color=\"#ff0000\">\u25a0<\/font><\/h2>\t\t\t\t<\/div>\n\t\t\t\t<\/div>\n\t\t\t\t\t<\/div>\n\t\t<\/div>\n\t\t\t\t\t<\/div>\n\t\t<\/section>\n\t\t\t\t<section class=\"elementor-section elementor-top-section elementor-element elementor-element-17b303a elementor-section-boxed elementor-section-height-default elementor-section-height-default\" data-id=\"17b303a\" data-element_type=\"section\" data-e-type=\"section\">\n\t\t\t\t\t\t<div class=\"elementor-container elementor-column-gap-default\">\n\t\t\t\t\t<div class=\"elementor-column elementor-col-100 elementor-top-column elementor-element elementor-element-cf5d1ac\" data-id=\"cf5d1ac\" data-element_type=\"column\" data-e-type=\"column\">\n\t\t\t<div class=\"elementor-widget-wrap elementor-element-populated\">\n\t\t\t\t\t\t<div class=\"elementor-element elementor-element-d683c21 elementor-widget-divider--view-line elementor-widget elementor-widget-divider\" data-id=\"d683c21\" data-element_type=\"widget\" data-e-type=\"widget\" data-widget_type=\"divider.default\">\n\t\t\t\t<div class=\"elementor-widget-container\">\n\t\t\t\t\t\t\t<div class=\"elementor-divider\">\n\t\t\t<span class=\"elementor-divider-separator\">\n\t\t\t\t\t\t<\/span>\n\t\t<\/div>\n\t\t\t\t\t\t<\/div>\n\t\t\t\t<\/div>\n\t\t\t\t\t<\/div>\n\t\t<\/div>\n\t\t\t\t\t<\/div>\n\t\t<\/section>\n\t\t\t\t<section class=\"elementor-section elementor-top-section elementor-element elementor-element-04682a6 elementor-section-boxed elementor-section-height-default elementor-section-height-default\" data-id=\"04682a6\" data-element_type=\"section\" data-e-type=\"section\">\n\t\t\t\t\t\t<div class=\"elementor-container elementor-column-gap-default\">\n\t\t\t\t\t<div class=\"elementor-column elementor-col-100 elementor-top-column elementor-element elementor-element-ac3b2c0\" data-id=\"ac3b2c0\" data-element_type=\"column\" data-e-type=\"column\">\n\t\t\t<div class=\"elementor-widget-wrap elementor-element-populated\">\n\t\t\t\t\t\t<div class=\"elementor-element elementor-element-8e41984 elementor-widget elementor-widget-heading\" data-id=\"8e41984\" data-element_type=\"widget\" data-e-type=\"widget\" data-widget_type=\"heading.default\">\n\t\t\t\t<div class=\"elementor-widget-container\">\n\t\t\t\t\t<h2 class=\"elementor-heading-title elementor-size-default\">Ciao Luana,<br>\ncomplimenti x la fantastica organizzazione della festa di musica cantonale . \u00c8 stato un successo e un\u2019ottima vetrina per il nostro territorio!<br><br>\nA presto,<br>\nJuri Clericetti <font color=\"#ff0000\">\u25a0<\/font><\/h2>\t\t\t\t<\/div>\n\t\t\t\t<\/div>\n\t\t\t\t\t<\/div>\n\t\t<\/div>\n\t\t\t\t\t<\/div>\n\t\t<\/section>\n\t\t\t\t<section class=\"elementor-section elementor-top-section elementor-element elementor-element-6092265 elementor-section-boxed elementor-section-height-default elementor-section-height-default\" data-id=\"6092265\" data-element_type=\"section\" data-e-type=\"section\">\n\t\t\t\t\t\t<div class=\"elementor-container elementor-column-gap-default\">\n\t\t\t\t\t<div class=\"elementor-column elementor-col-100 elementor-top-column elementor-element elementor-element-40c425f\" data-id=\"40c425f\" data-element_type=\"column\" data-e-type=\"column\">\n\t\t\t<div class=\"elementor-widget-wrap elementor-element-populated\">\n\t\t\t\t\t\t<div class=\"elementor-element elementor-element-ca7109d elementor-widget-divider--view-line elementor-widget elementor-widget-divider\" data-id=\"ca7109d\" data-element_type=\"widget\" data-e-type=\"widget\" data-widget_type=\"divider.default\">\n\t\t\t\t<div class=\"elementor-widget-container\">\n\t\t\t\t\t\t\t<div class=\"elementor-divider\">\n\t\t\t<span class=\"elementor-divider-separator\">\n\t\t\t\t\t\t<\/span>\n\t\t<\/div>\n\t\t\t\t\t\t<\/div>\n\t\t\t\t<\/div>\n\t\t\t\t\t<\/div>\n\t\t<\/div>\n\t\t\t\t\t<\/div>\n\t\t<\/section>\n\t\t\t\t<section class=\"elementor-section elementor-top-section elementor-element elementor-element-05a672d elementor-section-boxed elementor-section-height-default elementor-section-height-default\" data-id=\"05a672d\" data-element_type=\"section\" data-e-type=\"section\">\n\t\t\t\t\t\t<div class=\"elementor-container elementor-column-gap-default\">\n\t\t\t\t\t<div class=\"elementor-column elementor-col-100 elementor-top-column elementor-element elementor-element-eb9eae2\" data-id=\"eb9eae2\" data-element_type=\"column\" data-e-type=\"column\">\n\t\t\t<div class=\"elementor-widget-wrap elementor-element-populated\">\n\t\t\t\t\t\t<div class=\"elementor-element elementor-element-adad708 elementor-widget elementor-widget-heading\" data-id=\"adad708\" data-element_type=\"widget\" data-e-type=\"widget\" data-widget_type=\"heading.default\">\n\t\t\t\t<div class=\"elementor-widget-container\">\n\t\t\t\t\t<h2 class=\"elementor-heading-title elementor-size-default\">Ciao Luana,<br>\nspero tutto bene e che ieri la festa si sia conclusa nel migliore dei modi! Ci tenevo a ringraziare te e il comitato per l'ottima organizzazione della festa! Giornate ricche di incontri, risate e soprattutto buona musica!<br><br>\nA presto spriamo!<br>\nLuca <font color=\"#ff0000\">\u25a0<\/font><\/h2>\t\t\t\t<\/div>\n\t\t\t\t<\/div>\n\t\t\t\t\t<\/div>\n\t\t<\/div>\n\t\t\t\t\t<\/div>\n\t\t<\/section>\n\t\t\t\t<section class=\"elementor-section elementor-top-section elementor-element elementor-element-a3bed79 elementor-section-boxed elementor-section-height-default elementor-section-height-default\" data-id=\"a3bed79\" data-element_type=\"section\" data-e-type=\"section\">\n\t\t\t\t\t\t<div class=\"elementor-container elementor-column-gap-default\">\n\t\t\t\t\t<div class=\"elementor-column elementor-col-100 elementor-top-column elementor-element elementor-element-4d032ac\" data-id=\"4d032ac\" data-element_type=\"column\" data-e-type=\"column\">\n\t\t\t<div class=\"elementor-widget-wrap elementor-element-populated\">\n\t\t\t\t\t\t<div class=\"elementor-element elementor-element-11315a7 elementor-widget-divider--view-line elementor-widget elementor-widget-divider\" data-id=\"11315a7\" data-element_type=\"widget\" data-e-type=\"widget\" data-widget_type=\"divider.default\">\n\t\t\t\t<div class=\"elementor-widget-container\">\n\t\t\t\t\t\t\t<div class=\"elementor-divider\">\n\t\t\t<span class=\"elementor-divider-separator\">\n\t\t\t\t\t\t<\/span>\n\t\t<\/div>\n\t\t\t\t\t\t<\/div>\n\t\t\t\t<\/div>\n\t\t\t\t\t<\/div>\n\t\t<\/div>\n\t\t\t\t\t<\/div>\n\t\t<\/section>\n\t\t\t\t<section class=\"elementor-section elementor-top-section elementor-element elementor-element-2ce66b2 elementor-section-boxed elementor-section-height-default elementor-section-height-default\" data-id=\"2ce66b2\" data-element_type=\"section\" data-e-type=\"section\">\n\t\t\t\t\t\t<div class=\"elementor-container elementor-column-gap-default\">\n\t\t\t\t\t<div class=\"elementor-column elementor-col-100 elementor-top-column elementor-element elementor-element-a6c692d\" data-id=\"a6c692d\" data-element_type=\"column\" data-e-type=\"column\">\n\t\t\t<div class=\"elementor-widget-wrap elementor-element-populated\">\n\t\t\t\t\t\t<div class=\"elementor-element elementor-element-05e8331 elementor-widget elementor-widget-heading\" data-id=\"05e8331\" data-element_type=\"widget\" data-e-type=\"widget\" data-widget_type=\"heading.default\">\n\t\t\t\t<div class=\"elementor-widget-container\">\n\t\t\t\t\t<h2 class=\"elementor-heading-title elementor-size-default\">Ciao Jvan,<br>\nieri \u00e8 stato tutto molto bello. Tutto. A chi ho potuto, ho ringraziato a nome della CFL. Penso che anche come societ\u00e0, abbiamo fatto una gran bella figura. Sempre uniti, pi\u00f9 o meno puntuali \ud83d\ude02, abbiamo suonato bene. Sono fiero della nostra CFL e sono fiero di rappresentare questo importante tassello della nostra citt\u00e0. Ti prego di inoltrare questo ringraziamento a tutti voi del comitato, a Coca l\u2019ho gi\u00e0 fatto, speriamo di vederci presto. Un abbraccio grande e complimenti per l\u2019organizzazione<br><br>\nCiao. A nome della CFL<br>\nPiccy <font color=\"#ff0000\">\u25a0<\/font><\/h2>\t\t\t\t<\/div>\n\t\t\t\t<\/div>\n\t\t\t\t\t<\/div>\n\t\t<\/div>\n\t\t\t\t\t<\/div>\n\t\t<\/section>\n\t\t\t\t<section class=\"elementor-section elementor-top-section elementor-element elementor-element-daa06f9 elementor-section-boxed elementor-section-height-default elementor-section-height-default\" data-id=\"daa06f9\" data-element_type=\"section\" data-e-type=\"section\">\n\t\t\t\t\t\t<div class=\"elementor-container elementor-column-gap-default\">\n\t\t\t\t\t<div class=\"elementor-column elementor-col-100 elementor-top-column elementor-element elementor-element-07adddf\" data-id=\"07adddf\" data-element_type=\"column\" data-e-type=\"column\">\n\t\t\t<div class=\"elementor-widget-wrap elementor-element-populated\">\n\t\t\t\t\t\t<div class=\"elementor-element elementor-element-c7f5763 elementor-widget-divider--view-line elementor-widget elementor-widget-divider\" data-id=\"c7f5763\" data-element_type=\"widget\" data-e-type=\"widget\" data-widget_type=\"divider.default\">\n\t\t\t\t<div class=\"elementor-widget-container\">\n\t\t\t\t\t\t\t<div class=\"elementor-divider\">\n\t\t\t<span class=\"elementor-divider-separator\">\n\t\t\t\t\t\t<\/span>\n\t\t<\/div>\n\t\t\t\t\t\t<\/div>\n\t\t\t\t<\/div>\n\t\t\t\t\t<\/div>\n\t\t<\/div>\n\t\t\t\t\t<\/div>\n\t\t<\/section>\n\t\t\t\t<section class=\"elementor-section elementor-top-section elementor-element elementor-element-f5c12d0 elementor-section-boxed elementor-section-height-default elementor-section-height-default\" data-id=\"f5c12d0\" data-element_type=\"section\" data-e-type=\"section\">\n\t\t\t\t\t\t<div class=\"elementor-container elementor-column-gap-default\">\n\t\t\t\t\t<div class=\"elementor-column elementor-col-100 elementor-top-column elementor-element elementor-element-0990a49\" data-id=\"0990a49\" data-element_type=\"column\" data-e-type=\"column\">\n\t\t\t<div class=\"elementor-widget-wrap elementor-element-populated\">\n\t\t\t\t\t\t<div class=\"elementor-element elementor-element-d4db1a5 elementor-widget elementor-widget-heading\" data-id=\"d4db1a5\" data-element_type=\"widget\" data-e-type=\"widget\" data-widget_type=\"heading.default\">\n\t\t\t\t<div class=\"elementor-widget-container\">\n\t\t\t\t\t<h2 class=\"elementor-heading-title elementor-size-default\">Caro Dome \ud83c\udf1e<br>\nun braviii a tutti per l'organizzazione di tutta la manifestazione di questi ultimi 4 giorni \ud83d\udc4f Ho potuto partecipare solo ieri ma l'emozione nel sentire la mini-banda mi ha \"catapultata\" a tanti anni fa quando anch'io partecipavo \"attivamente\" \ud83e\udd29<br><br>\nUn abbraccio \ud83d\ude09<br>\nSonia Longhi <font color=\"#ff0000\">\u25a0<\/font><\/h2>\t\t\t\t<\/div>\n\t\t\t\t<\/div>\n\t\t\t\t\t<\/div>\n\t\t<\/div>\n\t\t\t\t\t<\/div>\n\t\t<\/section>\n\t\t\t\t<section class=\"elementor-section elementor-top-section elementor-element elementor-element-212937a elementor-section-boxed elementor-section-height-default elementor-section-height-default\" data-id=\"212937a\" data-element_type=\"section\" data-e-type=\"section\">\n\t\t\t\t\t\t<div class=\"elementor-container elementor-column-gap-default\">\n\t\t\t\t\t<div class=\"elementor-column elementor-col-100 elementor-top-column elementor-element elementor-element-6dad501\" data-id=\"6dad501\" data-element_type=\"column\" data-e-type=\"column\">\n\t\t\t<div class=\"elementor-widget-wrap elementor-element-populated\">\n\t\t\t\t\t\t<div class=\"elementor-element elementor-element-13974eb elementor-widget-divider--view-line elementor-widget elementor-widget-divider\" data-id=\"13974eb\" data-element_type=\"widget\" data-e-type=\"widget\" data-widget_type=\"divider.default\">\n\t\t\t\t<div class=\"elementor-widget-container\">\n\t\t\t\t\t\t\t<div class=\"elementor-divider\">\n\t\t\t<span class=\"elementor-divider-separator\">\n\t\t\t\t\t\t<\/span>\n\t\t<\/div>\n\t\t\t\t\t\t<\/div>\n\t\t\t\t<\/div>\n\t\t\t\t\t<\/div>\n\t\t<\/div>\n\t\t\t\t\t<\/div>\n\t\t<\/section>\n\t\t\t\t<section class=\"elementor-section elementor-top-section elementor-element elementor-element-56f4b06 elementor-section-boxed elementor-section-height-default elementor-section-height-default\" data-id=\"56f4b06\" data-element_type=\"section\" data-e-type=\"section\">\n\t\t\t\t\t\t<div class=\"elementor-container elementor-column-gap-default\">\n\t\t\t\t\t<div class=\"elementor-column elementor-col-100 elementor-top-column elementor-element elementor-element-9ccb4ea\" data-id=\"9ccb4ea\" data-element_type=\"column\" data-e-type=\"column\">\n\t\t\t<div class=\"elementor-widget-wrap elementor-element-populated\">\n\t\t\t\t\t\t<div class=\"elementor-element elementor-element-3aee9fe elementor-widget elementor-widget-heading\" data-id=\"3aee9fe\" data-element_type=\"widget\" data-e-type=\"widget\" data-widget_type=\"heading.default\">\n\t\t\t\t<div class=\"elementor-widget-container\">\n\t\t\t\t\t<h2 class=\"elementor-heading-title elementor-size-default\">Caro comitato,<br>\ngrazie di cuore per averci fatto partecipi a questa magnifica festa della musica\ud83c\udfb5\ud83c\udfb6. Siamo molto grati sia nell'aver potuto aiutare il settore di servizio pasti per le bande sia per la possibilit\u00e0 di aver potuto svolgere un piccolo banco del dolce\ud83e\uddc1.<br><br>\nAncora GRAZIE di cuore per tutto \u2764\ufe0f<br>\nScout Faido <font color=\"#ff0000\">\u25a0<\/font><\/h2>\t\t\t\t<\/div>\n\t\t\t\t<\/div>\n\t\t\t\t\t<\/div>\n\t\t<\/div>\n\t\t\t\t\t<\/div>\n\t\t<\/section>\n\t\t\t\t<section class=\"elementor-section elementor-top-section elementor-element elementor-element-482c485 elementor-section-boxed elementor-section-height-default elementor-section-height-default\" data-id=\"482c485\" data-element_type=\"section\" data-e-type=\"section\">\n\t\t\t\t\t\t<div class=\"elementor-container elementor-column-gap-default\">\n\t\t\t\t\t<div class=\"elementor-column elementor-col-100 elementor-top-column elementor-element elementor-element-0f5e1a9\" data-id=\"0f5e1a9\" data-element_type=\"column\" data-e-type=\"column\">\n\t\t\t<div class=\"elementor-widget-wrap elementor-element-populated\">\n\t\t\t\t\t\t<div class=\"elementor-element elementor-element-9e604bb elementor-widget-divider--view-line elementor-widget elementor-widget-divider\" data-id=\"9e604bb\" data-element_type=\"widget\" data-e-type=\"widget\" data-widget_type=\"divider.default\">\n\t\t\t\t<div class=\"elementor-widget-container\">\n\t\t\t\t\t\t\t<div class=\"elementor-divider\">\n\t\t\t<span class=\"elementor-divider-separator\">\n\t\t\t\t\t\t<\/span>\n\t\t<\/div>\n\t\t\t\t\t\t<\/div>\n\t\t\t\t<\/div>\n\t\t\t\t\t<\/div>\n\t\t<\/div>\n\t\t\t\t\t<\/div>\n\t\t<\/section>\n\t\t\t\t<section class=\"elementor-section elementor-top-section elementor-element elementor-element-0f069b5 elementor-section-boxed elementor-section-height-default elementor-section-height-default\" data-id=\"0f069b5\" data-element_type=\"section\" data-e-type=\"section\">\n\t\t\t\t\t\t<div class=\"elementor-container elementor-column-gap-default\">\n\t\t\t\t\t<div class=\"elementor-column elementor-col-100 elementor-top-column elementor-element elementor-element-0b2ab2e\" data-id=\"0b2ab2e\" data-element_type=\"column\" data-e-type=\"column\">\n\t\t\t<div class=\"elementor-widget-wrap elementor-element-populated\">\n\t\t\t\t\t\t<div class=\"elementor-element elementor-element-56397ea elementor-widget elementor-widget-heading\" data-id=\"56397ea\" data-element_type=\"widget\" data-e-type=\"widget\" data-widget_type=\"heading.default\">\n\t\t\t\t<div class=\"elementor-widget-container\">\n\t\t\t\t\t<h2 class=\"elementor-heading-title elementor-size-default\">Ch\u00e8re pr\u00e9sidente,<br>\nCh\u00e8res musiciennes,<br>\nChers musiciens,<br>\nC\u2019est avec grand plaisir et \u00e9motion que j\u2019ai particip\u00e9 \u00e0 la c\u00e9r\u00e9monie d\u2019ouverture de la f\u00eate cantonale de la musique a Faido! Les banni\u00e8res, l\u2019hymne nationale, le mot de Mme la pr\u00e9sidente Luana Menoud Baldi en m\u00e9moire de notre cher \u00c9ric. Tout \u00e9tait parfait. Merci pour votre accueil!<br>\nViva la musica!!!<br><br>\nAvec toute mon amiti\u00e9 et mes meilleures salutations<br>\nMonique Conus <font color=\"#ff0000\">\u25a0<\/font><\/h2>\t\t\t\t<\/div>\n\t\t\t\t<\/div>\n\t\t\t\t\t<\/div>\n\t\t<\/div>\n\t\t\t\t\t<\/div>\n\t\t<\/section>\n\t\t\t\t<section class=\"elementor-section elementor-top-section elementor-element elementor-element-0719d91 elementor-section-boxed elementor-section-height-default elementor-section-height-default\" data-id=\"0719d91\" data-element_type=\"section\" data-e-type=\"section\">\n\t\t\t\t\t\t<div class=\"elementor-container elementor-column-gap-default\">\n\t\t\t\t\t<div class=\"elementor-column elementor-col-100 elementor-top-column elementor-element elementor-element-e4839f9\" data-id=\"e4839f9\" data-element_type=\"column\" data-e-type=\"column\">\n\t\t\t<div class=\"elementor-widget-wrap elementor-element-populated\">\n\t\t\t\t\t\t<div class=\"elementor-element elementor-element-7306bb2 elementor-widget-divider--view-line elementor-widget elementor-widget-divider\" data-id=\"7306bb2\" data-element_type=\"widget\" data-e-type=\"widget\" data-widget_type=\"divider.default\">\n\t\t\t\t<div class=\"elementor-widget-container\">\n\t\t\t\t\t\t\t<div class=\"elementor-divider\">\n\t\t\t<span class=\"elementor-divider-separator\">\n\t\t\t\t\t\t<\/span>\n\t\t<\/div>\n\t\t\t\t\t\t<\/div>\n\t\t\t\t<\/div>\n\t\t\t\t<div class=\"elementor-element elementor-element-90066f9 elementor-widget elementor-widget-image\" data-id=\"90066f9\" data-element_type=\"widget\" data-e-type=\"widget\" data-widget_type=\"image.default\">\n\t\t\t\t<div class=\"elementor-widget-container\">\n\t\t\t\t\t\t\t\t\t\t\t\t\t\t\t\t<a href=\"https:\/\/filarmonicafaidese.ch\/faido2024\/wp-content\/uploads\/2024\/05\/142-LR-Minibanda-FFF24-Do-rs-DSC09163-scaled.jpg\">\n\t\t\t\t\t\t\t<img loading=\"lazy\" decoding=\"async\" width=\"640\" height=\"427\" src=\"https:\/\/filarmonicafaidese.ch\/faido2024\/wp-content\/uploads\/2024\/05\/142-LR-Minibanda-FFF24-Do-rs-DSC09163-768x512.jpg\" class=\"attachment-medium_large size-medium_large wp-image-6332\" alt=\"\" srcset=\"https:\/\/filarmonicafaidese.ch\/faido2024\/wp-content\/uploads\/2024\/05\/142-LR-Minibanda-FFF24-Do-rs-DSC09163-768x512.jpg 768w, https:\/\/filarmonicafaidese.ch\/faido2024\/wp-content\/uploads\/2024\/05\/142-LR-Minibanda-FFF24-Do-rs-DSC09163-300x200.jpg 300w, https:\/\/filarmonicafaidese.ch\/faido2024\/wp-content\/uploads\/2024\/05\/142-LR-Minibanda-FFF24-Do-rs-DSC09163-1024x683.jpg 1024w, https:\/\/filarmonicafaidese.ch\/faido2024\/wp-content\/uploads\/2024\/05\/142-LR-Minibanda-FFF24-Do-rs-DSC09163-1536x1024.jpg 1536w, https:\/\/filarmonicafaidese.ch\/faido2024\/wp-content\/uploads\/2024\/05\/142-LR-Minibanda-FFF24-Do-rs-DSC09163-2048x1365.jpg 2048w, https:\/\/filarmonicafaidese.ch\/faido2024\/wp-content\/uploads\/2024\/05\/142-LR-Minibanda-FFF24-Do-rs-DSC09163-600x400.jpg 600w\" sizes=\"(max-width: 640px) 100vw, 640px\" \/>\t\t\t\t\t\t\t\t<\/a>\n\t\t\t\t\t\t\t\t\t\t\t\t\t\t\t<\/div>\n\t\t\t\t<\/div>\n\t\t\t\t\t<\/div>\n\t\t<\/div>\n\t\t\t\t\t<\/div>\n\t\t<\/section>\n\t\t\t\t<section class=\"elementor-section elementor-top-section elementor-element elementor-element-1f580fb elementor-section-boxed elementor-section-height-default elementor-section-height-default\" data-id=\"1f580fb\" data-element_type=\"section\" data-e-type=\"section\">\n\t\t\t\t\t\t<div class=\"elementor-container elementor-column-gap-default\">\n\t\t\t\t\t<div class=\"elementor-column elementor-col-100 elementor-top-column elementor-element elementor-element-c55730c\" data-id=\"c55730c\" data-element_type=\"column\" data-e-type=\"column\">\n\t\t\t<div class=\"elementor-widget-wrap elementor-element-populated\">\n\t\t\t\t\t\t<div class=\"elementor-element elementor-element-1081e99 elementor-widget elementor-widget-heading\" data-id=\"1081e99\" data-element_type=\"widget\" data-e-type=\"widget\" data-widget_type=\"heading.default\">\n\t\t\t\t<div class=\"elementor-widget-container\">\n\t\t\t\t\t<h2 class=\"elementor-heading-title elementor-size-default\">Intervista di Rete Uno ad Amelie, flautista nella nostra mini banda <font color=\"#ff0000\">\u25a0<\/font><\/h2>\t\t\t\t<\/div>\n\t\t\t\t<\/div>\n\t\t\t\t\t<\/div>\n\t\t<\/div>\n\t\t\t\t\t<\/div>\n\t\t<\/section>\n\t\t<div class=\"elementor-element elementor-element-616233e e-flex e-con-boxed e-con e-parent\" data-id=\"616233e\" data-element_type=\"container\" data-e-type=\"container\">\n\t\t\t\t\t<div class=\"e-con-inner\">\n\t\t\t\t<div class=\"elementor-element elementor-element-2651831 elementor-widget elementor-widget-wp-widget-media_audio\" data-id=\"2651831\" data-element_type=\"widget\" data-e-type=\"widget\" data-widget_type=\"wp-widget-media_audio.default\">\n\t\t\t\t<div class=\"elementor-widget-container\">\n\t\t\t\t\t<audio class=\"wp-audio-shortcode\" id=\"audio-6388-1\" preload=\"none\" style=\"width: 100%;\" controls=\"controls\"><source type=\"audio\/mpeg\" src=\"https:\/\/filarmonicafaidese.ch\/faido2024\/wp-content\/uploads\/2024\/06\/AUD-20240602-WA0012.mp3?_=1\" \/><source type=\"audio\/mpeg\" src=\"https:\/\/filarmonicafaidese.ch\/faido2024\/wp-content\/uploads\/2024\/06\/AUD-20240602-WA0012.mp3?_=1\" \/><a href=\"https:\/\/filarmonicafaidese.ch\/faido2024\/wp-content\/uploads\/2024\/06\/AUD-20240602-WA0012.mp3\">https:\/\/filarmonicafaidese.ch\/faido2024\/wp-content\/uploads\/2024\/06\/AUD-20240602-WA0012.mp3<\/a><\/audio>\t\t\t\t<\/div>\n\t\t\t\t<\/div>\n\t\t\t\t\t<\/div>\n\t\t\t\t<\/div>\n\t\t\t\t<\/div>\n\t\t","protected":false},"excerpt":{"rendered":"<p>COMUNICATO STAMPA Comunicato stampa finale \u25a0 DIAMO I NUMERI FAIDO2024 in cifre: \u25a0 250&#8217;000.- CHF di budget \u25a0 4&#8217;500 persone \u25a0 2&#8217;500 pasti griglia \u25a0 1&#8217;600 pranzi serviti a suonatori e accompagnatori \u25a0 1&#8217;300 litri di birra \u25a0 654 giorni di preparazione \u25a0 100 volontari attivi sui 4 giorni \u25a0 60 ore di musica \u25a0 60 sostenitori ufficiali (privati e&#8230;<\/p>\n","protected":false},"author":1,"featured_media":0,"parent":0,"menu_order":0,"comment_status":"closed","ping_status":"closed","template":"page-templates\/full-width-container.php","meta":{"_acf_changed":false,"footnotes":""},"class_list":["post-6388","page","type-page","status-publish","hentry"],"acf":[],"_links":{"self":[{"href":"https:\/\/filarmonicafaidese.ch\/faido2024\/wp-json\/wp\/v2\/pages\/6388","targetHints":{"allow":["GET"]}}],"collection":[{"href":"https:\/\/filarmonicafaidese.ch\/faido2024\/wp-json\/wp\/v2\/pages"}],"about":[{"href":"https:\/\/filarmonicafaidese.ch\/faido2024\/wp-json\/wp\/v2\/types\/page"}],"author":[{"embeddable":true,"href":"https:\/\/filarmonicafaidese.ch\/faido2024\/wp-json\/wp\/v2\/users\/1"}],"replies":[{"embeddable":true,"href":"https:\/\/filarmonicafaidese.ch\/faido2024\/wp-json\/wp\/v2\/comments?post=6388"}],"version-history":[{"count":98,"href":"https:\/\/filarmonicafaidese.ch\/faido2024\/wp-json\/wp\/v2\/pages\/6388\/revisions"}],"predecessor-version":[{"id":6542,"href":"https:\/\/filarmonicafaidese.ch\/faido2024\/wp-json\/wp\/v2\/pages\/6388\/revisions\/6542"}],"wp:attachment":[{"href":"https:\/\/filarmonicafaidese.ch\/faido2024\/wp-json\/wp\/v2\/media?parent=6388"}],"curies":[{"name":"wp","href":"https:\/\/api.w.org\/{rel}","templated":true}]}}