{"id":5127,"date":"2024-05-03T10:52:24","date_gmt":"2024-05-03T08:52:24","guid":{"rendered":"https:\/\/filarmonicafaidese.ch\/faido2024\/?page_id=5127"},"modified":"2024-05-14T14:50:43","modified_gmt":"2024-05-14T12:50:43","slug":"presentazione-bande","status":"publish","type":"page","link":"https:\/\/filarmonicafaidese.ch\/faido2024\/presentazione-bande\/","title":{"rendered":"Presentazione bande"},"content":{"rendered":"\t\t<div data-elementor-type=\"wp-page\" data-elementor-id=\"5127\" class=\"elementor elementor-5127\" data-elementor-post-type=\"page\">\n\t\t\t\t\t\t<section class=\"elementor-section elementor-top-section elementor-element elementor-element-ea8d724 elementor-section-boxed elementor-section-height-default elementor-section-height-default\" data-id=\"ea8d724\" data-element_type=\"section\" data-e-type=\"section\">\n\t\t\t\t\t\t<div class=\"elementor-container elementor-column-gap-default\">\n\t\t\t\t\t<div class=\"elementor-column elementor-col-100 elementor-top-column elementor-element elementor-element-d7633db\" data-id=\"d7633db\" data-element_type=\"column\" data-e-type=\"column\">\n\t\t\t<div class=\"elementor-widget-wrap elementor-element-populated\">\n\t\t\t\t\t\t<div class=\"elementor-element elementor-element-1eb4144 elementor-widget elementor-widget-heading\" data-id=\"1eb4144\" data-element_type=\"widget\" data-e-type=\"widget\" data-widget_type=\"heading.default\">\n\t\t\t\t<div class=\"elementor-widget-container\">\n\t\t\t\t\t<h2 class=\"elementor-heading-title elementor-size-default\">BANDE PARTECIPANTI<\/h2>\t\t\t\t<\/div>\n\t\t\t\t<\/div>\n\t\t\t\t\t<\/div>\n\t\t<\/div>\n\t\t\t\t\t<\/div>\n\t\t<\/section>\n\t\t\t\t<section class=\"elementor-section elementor-top-section elementor-element elementor-element-535097e elementor-section-boxed elementor-section-height-default elementor-section-height-default\" data-id=\"535097e\" data-element_type=\"section\" data-e-type=\"section\">\n\t\t\t\t\t\t<div class=\"elementor-container elementor-column-gap-default\">\n\t\t\t\t\t<div class=\"elementor-column elementor-col-100 elementor-top-column elementor-element elementor-element-29ce21a\" data-id=\"29ce21a\" data-element_type=\"column\" data-e-type=\"column\">\n\t\t\t<div class=\"elementor-widget-wrap elementor-element-populated\">\n\t\t\t\t\t\t<div class=\"elementor-element elementor-element-8e164be elementor-widget elementor-widget-heading\" data-id=\"8e164be\" data-element_type=\"widget\" data-e-type=\"widget\" data-widget_type=\"heading.default\">\n\t\t\t\t<div class=\"elementor-widget-container\">\n\t\t\t\t\t<h2 class=\"elementor-heading-title elementor-size-default\">In questa pagina vi presentiamo tutte le bande che partecipano alla 6a Festa Cantonale della Musica.\n<\/h2>\t\t\t\t<\/div>\n\t\t\t\t<\/div>\n\t\t\t\t\t<\/div>\n\t\t<\/div>\n\t\t\t\t\t<\/div>\n\t\t<\/section>\n\t\t\t\t<section class=\"elementor-section elementor-top-section elementor-element elementor-element-3a5b67a elementor-section-boxed elementor-section-height-default elementor-section-height-default\" data-id=\"3a5b67a\" data-element_type=\"section\" data-e-type=\"section\" id=\"fil-arogno\">\n\t\t\t\t\t\t<div class=\"elementor-container elementor-column-gap-default\">\n\t\t\t\t\t<div class=\"elementor-column elementor-col-100 elementor-top-column elementor-element elementor-element-a5dfaca\" data-id=\"a5dfaca\" data-element_type=\"column\" data-e-type=\"column\">\n\t\t\t<div class=\"elementor-widget-wrap elementor-element-populated\">\n\t\t\t\t\t\t<div class=\"elementor-element elementor-element-7cc7b9c elementor-widget-divider--view-line elementor-widget elementor-widget-divider\" data-id=\"7cc7b9c\" data-element_type=\"widget\" data-e-type=\"widget\" data-widget_type=\"divider.default\">\n\t\t\t\t<div class=\"elementor-widget-container\">\n\t\t\t\t\t\t\t<div class=\"elementor-divider\">\n\t\t\t<span class=\"elementor-divider-separator\">\n\t\t\t\t\t\t<\/span>\n\t\t<\/div>\n\t\t\t\t\t\t<\/div>\n\t\t\t\t<\/div>\n\t\t\t\t\t<\/div>\n\t\t<\/div>\n\t\t\t\t\t<\/div>\n\t\t<\/section>\n\t\t\t\t<section class=\"elementor-section elementor-top-section elementor-element elementor-element-6faa127 elementor-section-boxed elementor-section-height-default elementor-section-height-default\" data-id=\"6faa127\" data-element_type=\"section\" data-e-type=\"section\">\n\t\t\t\t\t\t<div class=\"elementor-container elementor-column-gap-default\">\n\t\t\t\t\t<div class=\"elementor-column elementor-col-100 elementor-top-column elementor-element elementor-element-550ba19\" data-id=\"550ba19\" data-element_type=\"column\" data-e-type=\"column\">\n\t\t\t<div class=\"elementor-widget-wrap elementor-element-populated\">\n\t\t\t\t\t\t<div class=\"elementor-element elementor-element-9056e35 elementor-widget elementor-widget-heading\" data-id=\"9056e35\" data-element_type=\"widget\" data-e-type=\"widget\" data-widget_type=\"heading.default\">\n\t\t\t\t<div class=\"elementor-widget-container\">\n\t\t\t\t\t<h2 class=\"elementor-heading-title elementor-size-default\">SOCIET\u00c0 FILARMONICA AROGNO<\/h2>\t\t\t\t<\/div>\n\t\t\t\t<\/div>\n\t\t\t\t\t<\/div>\n\t\t<\/div>\n\t\t\t\t\t<\/div>\n\t\t<\/section>\n\t\t\t\t<section class=\"elementor-section elementor-top-section elementor-element elementor-element-e1a84c1 elementor-section-boxed elementor-section-height-default elementor-section-height-default\" data-id=\"e1a84c1\" data-element_type=\"section\" data-e-type=\"section\">\n\t\t\t\t\t\t<div class=\"elementor-container elementor-column-gap-default\">\n\t\t\t\t\t<div class=\"elementor-column elementor-col-100 elementor-top-column elementor-element elementor-element-32a0bed\" data-id=\"32a0bed\" data-element_type=\"column\" data-e-type=\"column\">\n\t\t\t<div class=\"elementor-widget-wrap elementor-element-populated\">\n\t\t\t\t\t\t<div class=\"elementor-element elementor-element-949f208 elementor-widget elementor-widget-image\" data-id=\"949f208\" data-element_type=\"widget\" data-e-type=\"widget\" data-widget_type=\"image.default\">\n\t\t\t\t<div class=\"elementor-widget-container\">\n\t\t\t\t\t\t\t\t\t\t\t\t\t\t\t\t<a href=\"https:\/\/filarmonicafaidese.ch\/faido2024\/wp-content\/uploads\/2024\/05\/Foto-1a-11.jpg\">\n\t\t\t\t\t\t\t<img fetchpriority=\"high\" decoding=\"async\" width=\"640\" height=\"427\" src=\"https:\/\/filarmonicafaidese.ch\/faido2024\/wp-content\/uploads\/2024\/05\/Foto-1a-11-768x512.jpg\" class=\"attachment-medium_large size-medium_large wp-image-5246\" alt=\"\" srcset=\"https:\/\/filarmonicafaidese.ch\/faido2024\/wp-content\/uploads\/2024\/05\/Foto-1a-11-768x512.jpg 768w, https:\/\/filarmonicafaidese.ch\/faido2024\/wp-content\/uploads\/2024\/05\/Foto-1a-11-300x200.jpg 300w, https:\/\/filarmonicafaidese.ch\/faido2024\/wp-content\/uploads\/2024\/05\/Foto-1a-11-1024x683.jpg 1024w, https:\/\/filarmonicafaidese.ch\/faido2024\/wp-content\/uploads\/2024\/05\/Foto-1a-11-1536x1024.jpg 1536w, https:\/\/filarmonicafaidese.ch\/faido2024\/wp-content\/uploads\/2024\/05\/Foto-1a-11-600x400.jpg 600w, https:\/\/filarmonicafaidese.ch\/faido2024\/wp-content\/uploads\/2024\/05\/Foto-1a-11.jpg 1800w\" sizes=\"(max-width: 640px) 100vw, 640px\" \/>\t\t\t\t\t\t\t\t<\/a>\n\t\t\t\t\t\t\t\t\t\t\t\t\t\t\t<\/div>\n\t\t\t\t<\/div>\n\t\t\t\t<div class=\"elementor-element elementor-element-ea337cc elementor-widget elementor-widget-image\" data-id=\"ea337cc\" data-element_type=\"widget\" data-e-type=\"widget\" data-widget_type=\"image.default\">\n\t\t\t\t<div class=\"elementor-widget-container\">\n\t\t\t\t\t\t\t\t\t\t\t\t\t\t\t\t<a href=\"https:\/\/filarmonicafaidese.ch\/faido2024\/wp-content\/uploads\/2024\/05\/Faido-2004-Arogno.jpg\">\n\t\t\t\t\t\t\t<img decoding=\"async\" width=\"640\" height=\"431\" src=\"https:\/\/filarmonicafaidese.ch\/faido2024\/wp-content\/uploads\/2024\/05\/Faido-2004-Arogno.jpg\" class=\"attachment-medium_large size-medium_large wp-image-5276\" alt=\"\" srcset=\"https:\/\/filarmonicafaidese.ch\/faido2024\/wp-content\/uploads\/2024\/05\/Faido-2004-Arogno.jpg 640w, https:\/\/filarmonicafaidese.ch\/faido2024\/wp-content\/uploads\/2024\/05\/Faido-2004-Arogno-300x202.jpg 300w\" sizes=\"(max-width: 640px) 100vw, 640px\" \/>\t\t\t\t\t\t\t\t<\/a>\n\t\t\t\t\t\t\t\t\t\t\t\t\t\t\t<\/div>\n\t\t\t\t<\/div>\n\t\t\t\t\t<\/div>\n\t\t<\/div>\n\t\t\t\t\t<\/div>\n\t\t<\/section>\n\t\t\t\t<section class=\"elementor-section elementor-top-section elementor-element elementor-element-808ce45 elementor-section-boxed elementor-section-height-default elementor-section-height-default\" data-id=\"808ce45\" data-element_type=\"section\" data-e-type=\"section\">\n\t\t\t\t\t\t<div class=\"elementor-container elementor-column-gap-default\">\n\t\t\t\t\t<div class=\"elementor-column elementor-col-100 elementor-top-column elementor-element elementor-element-264bd4e\" data-id=\"264bd4e\" data-element_type=\"column\" data-e-type=\"column\">\n\t\t\t<div class=\"elementor-widget-wrap elementor-element-populated\">\n\t\t\t\t\t\t<div class=\"elementor-element elementor-element-ba726b1 elementor-widget elementor-widget-heading\" data-id=\"ba726b1\" data-element_type=\"widget\" data-e-type=\"widget\" data-widget_type=\"heading.default\">\n\t\t\t\t<div class=\"elementor-widget-container\">\n\t\t\t\t\t<h2 class=\"elementor-heading-title elementor-size-default\">1.\tNome societ\u00e0: Societ\u00e0 Filarmonica Arogno<br>\n2.\tAnno di nascita della societ\u00e0: 1893<br>\n3.\tNome e cognome del vostro maestro: Giovanni Sanvito<br>\n4.\tNome e cognome del vostro presidente: Carlo Cairoli<br>\n5.\tNumero di soci attivi\/musicanti: 35<br>\n6.\tEt\u00e0 del socio\/a attivo pi\u00f9 giovane: 13 anni (Lara) e 15 anni (Mos\u00e8)<br>\n7.\tCos'\u00e8 per lui\/lei il mondo bandistico?  Mos\u00e8: \u00e8 un mondo nel quale ci si diverte e si ha l\u2019opportunit\u00e0 di trascorrere bei momenti in compagnia. Lara: Il mondo bandistico rappresenta per me la possibilit\u00e0 di incontrare persone con cui condividere l\u2019affascinante esperienza del suonare insieme. Suonando ho conosciuto persone della mia et\u00e0, persone della generazione dei miei genitori e dei miei nonni, tutti uniti nel solo affascinante obiettivo di preparare un concerto, un servizio e, in alcuni casi, un momento di festa. Avere obiettivi comuni ci aiuta a superare differenza di et\u00e0, cultura e generazione, la musica, potendo essere praticata fino a tarda et\u00e0, rappresenta sicuramente un mezzo privilegiato per abbattere queste distanze<br>\n8.\tEt\u00e0 del socio\/a attivo pi\u00f9 anziano\/a: 89 anni<br>\n9.\tCos'\u00e8 per lui\/lei il mondo bandistico? Un mondo che favorisce l\u2019amicizia<br>\n10.\tA quando risale l'ultima partecipazione della vostra societ\u00e0 ad un concorso? 2014<br>\n11.\tAvete partecipato alla Festa Cantonale di Faido 2004? Si<br>\n12.\tSe si, avete ancora una foto ricordo che volete condividere? Certo<br>\n13.\tCosa vi aspettate dalla Festa Cantonale di Faido2024? Di vivere un bel momento aggregativo<br>\n <font color=\"#ff0000\">\u25a0 <\/font><br><br><b>Si esibir\u00e0:<\/b> <a href=\"https:\/\/filarmonicafaidese.ch\/faido2024\/lunedi-20\/\" target=\"_blank\"><p style=\"font-family:Montserrat;font-size:16px\">luned\u00ec 20<\/p><\/a> alle 11:00<br>\n<b>Categoria:<\/b>  III a giudizio<br>\n<b>Link al sito della:<\/b>  <a href=\"https:\/\/www.filarmonica-arogno.ch\" target=\"_blank\"><p style=\"font-family:Montserrat;font-size:16px\">\"Societ\u00e0 Filarmonica Arogno\"<\/p><\/a>\n<\/h2>\t\t\t\t<\/div>\n\t\t\t\t<\/div>\n\t\t\t\t\t<\/div>\n\t\t<\/div>\n\t\t\t\t\t<\/div>\n\t\t<\/section>\n\t\t\t\t<section class=\"elementor-section elementor-top-section elementor-element elementor-element-81434c0 elementor-section-boxed elementor-section-height-default elementor-section-height-default\" data-id=\"81434c0\" data-element_type=\"section\" data-e-type=\"section\" id=\"fil-balerna\">\n\t\t\t\t\t\t<div class=\"elementor-container elementor-column-gap-default\">\n\t\t\t\t\t<div class=\"elementor-column elementor-col-100 elementor-top-column elementor-element elementor-element-7a1edc7\" data-id=\"7a1edc7\" data-element_type=\"column\" data-e-type=\"column\">\n\t\t\t<div class=\"elementor-widget-wrap elementor-element-populated\">\n\t\t\t\t\t\t<div class=\"elementor-element elementor-element-cf237a6 elementor-widget-divider--view-line elementor-widget elementor-widget-divider\" data-id=\"cf237a6\" data-element_type=\"widget\" data-e-type=\"widget\" data-widget_type=\"divider.default\">\n\t\t\t\t<div class=\"elementor-widget-container\">\n\t\t\t\t\t\t\t<div class=\"elementor-divider\">\n\t\t\t<span class=\"elementor-divider-separator\">\n\t\t\t\t\t\t<\/span>\n\t\t<\/div>\n\t\t\t\t\t\t<\/div>\n\t\t\t\t<\/div>\n\t\t\t\t\t<\/div>\n\t\t<\/div>\n\t\t\t\t\t<\/div>\n\t\t<\/section>\n\t\t\t\t<section class=\"elementor-section elementor-top-section elementor-element elementor-element-e7265d1 elementor-section-boxed elementor-section-height-default elementor-section-height-default\" data-id=\"e7265d1\" data-element_type=\"section\" data-e-type=\"section\">\n\t\t\t\t\t\t<div class=\"elementor-container elementor-column-gap-default\">\n\t\t\t\t\t<div class=\"elementor-column elementor-col-100 elementor-top-column elementor-element elementor-element-0b6d588\" data-id=\"0b6d588\" data-element_type=\"column\" data-e-type=\"column\">\n\t\t\t<div class=\"elementor-widget-wrap elementor-element-populated\">\n\t\t\t\t\t\t<div class=\"elementor-element elementor-element-4122155 elementor-widget elementor-widget-heading\" data-id=\"4122155\" data-element_type=\"widget\" data-e-type=\"widget\" data-widget_type=\"heading.default\">\n\t\t\t\t<div class=\"elementor-widget-container\">\n\t\t\t\t\t<h2 class=\"elementor-heading-title elementor-size-default\">CIVICA FILARMONICA BALERNA<\/h2>\t\t\t\t<\/div>\n\t\t\t\t<\/div>\n\t\t\t\t\t<\/div>\n\t\t<\/div>\n\t\t\t\t\t<\/div>\n\t\t<\/section>\n\t\t\t\t<section class=\"elementor-section elementor-top-section elementor-element elementor-element-4433f8e elementor-section-boxed elementor-section-height-default elementor-section-height-default\" data-id=\"4433f8e\" data-element_type=\"section\" data-e-type=\"section\">\n\t\t\t\t\t\t<div class=\"elementor-container elementor-column-gap-default\">\n\t\t\t\t\t<div class=\"elementor-column elementor-col-100 elementor-top-column elementor-element elementor-element-7d20239\" data-id=\"7d20239\" data-element_type=\"column\" data-e-type=\"column\">\n\t\t\t<div class=\"elementor-widget-wrap elementor-element-populated\">\n\t\t\t\t\t\t<div class=\"elementor-element elementor-element-9dfd2d4 elementor-widget elementor-widget-heading\" data-id=\"9dfd2d4\" data-element_type=\"widget\" data-e-type=\"widget\" data-widget_type=\"heading.default\">\n\t\t\t\t<div class=\"elementor-widget-container\">\n\t\t\t\t\t<h2 class=\"elementor-heading-title elementor-size-default\">1.\tNome societ\u00e0: Civica Filarmonica Balerna<br>\n2.\tAnno di nascita della societ\u00e0: 1949<br>\n3.\tNome e cognome del vostro maestro: Donatella Azzarelli<br>\n4.\tNome e cognome del vostro presidente: Adriano Cattaneo<br>\n <font color=\"#ff0000\">\u25a0 <\/font><br><br><b>Si esibir\u00e0:<\/b> <a href=\"https:\/\/filarmonicafaidese.ch\/faido2024\/domenica-19\/\" target=\"_blank\"><p style=\"font-family:Montserrat;font-size:16px\">domenica 19<\/p><\/a> alle 09:10<br>\n<b>Categoria:<\/b>  III a giudizio<br><\/h2>\t\t\t\t<\/div>\n\t\t\t\t<\/div>\n\t\t\t\t\t<\/div>\n\t\t<\/div>\n\t\t\t\t\t<\/div>\n\t\t<\/section>\n\t\t\t\t<section class=\"elementor-section elementor-top-section elementor-element elementor-element-cc3f462 elementor-section-boxed elementor-section-height-default elementor-section-height-default\" data-id=\"cc3f462\" data-element_type=\"section\" data-e-type=\"section\" id=\"fil-bellinzona\">\n\t\t\t\t\t\t<div class=\"elementor-container elementor-column-gap-default\">\n\t\t\t\t\t<div class=\"elementor-column elementor-col-100 elementor-top-column elementor-element elementor-element-427be90\" data-id=\"427be90\" data-element_type=\"column\" data-e-type=\"column\">\n\t\t\t<div class=\"elementor-widget-wrap elementor-element-populated\">\n\t\t\t\t\t\t<div class=\"elementor-element elementor-element-c6c62a9 elementor-widget-divider--view-line elementor-widget elementor-widget-divider\" data-id=\"c6c62a9\" data-element_type=\"widget\" data-e-type=\"widget\" data-widget_type=\"divider.default\">\n\t\t\t\t<div class=\"elementor-widget-container\">\n\t\t\t\t\t\t\t<div class=\"elementor-divider\">\n\t\t\t<span class=\"elementor-divider-separator\">\n\t\t\t\t\t\t<\/span>\n\t\t<\/div>\n\t\t\t\t\t\t<\/div>\n\t\t\t\t<\/div>\n\t\t\t\t\t<\/div>\n\t\t<\/div>\n\t\t\t\t\t<\/div>\n\t\t<\/section>\n\t\t\t\t<section class=\"elementor-section elementor-top-section elementor-element elementor-element-b0f43e7 elementor-section-boxed elementor-section-height-default elementor-section-height-default\" data-id=\"b0f43e7\" data-element_type=\"section\" data-e-type=\"section\">\n\t\t\t\t\t\t<div class=\"elementor-container elementor-column-gap-default\">\n\t\t\t\t\t<div class=\"elementor-column elementor-col-100 elementor-top-column elementor-element elementor-element-e8d731a\" data-id=\"e8d731a\" data-element_type=\"column\" data-e-type=\"column\">\n\t\t\t<div class=\"elementor-widget-wrap elementor-element-populated\">\n\t\t\t\t\t\t<div class=\"elementor-element elementor-element-1041a69 elementor-widget elementor-widget-heading\" data-id=\"1041a69\" data-element_type=\"widget\" data-e-type=\"widget\" data-widget_type=\"heading.default\">\n\t\t\t\t<div class=\"elementor-widget-container\">\n\t\t\t\t\t<h2 class=\"elementor-heading-title elementor-size-default\">CIVICA FILARMONICA DI BELLINZONA<\/h2>\t\t\t\t<\/div>\n\t\t\t\t<\/div>\n\t\t\t\t\t<\/div>\n\t\t<\/div>\n\t\t\t\t\t<\/div>\n\t\t<\/section>\n\t\t\t\t<section class=\"elementor-section elementor-top-section elementor-element elementor-element-bac868f elementor-section-boxed elementor-section-height-default elementor-section-height-default\" data-id=\"bac868f\" data-element_type=\"section\" data-e-type=\"section\">\n\t\t\t\t\t\t<div class=\"elementor-container elementor-column-gap-default\">\n\t\t\t\t\t<div class=\"elementor-column elementor-col-100 elementor-top-column elementor-element elementor-element-d04c317\" data-id=\"d04c317\" data-element_type=\"column\" data-e-type=\"column\">\n\t\t\t<div class=\"elementor-widget-wrap elementor-element-populated\">\n\t\t\t\t\t\t<div class=\"elementor-element elementor-element-982595e elementor-widget elementor-widget-image\" data-id=\"982595e\" data-element_type=\"widget\" data-e-type=\"widget\" data-widget_type=\"image.default\">\n\t\t\t\t<div class=\"elementor-widget-container\">\n\t\t\t\t\t\t\t\t\t\t\t\t\t\t\t\t<a href=\"https:\/\/filarmonicafaidese.ch\/faido2024\/wp-content\/uploads\/2024\/05\/Foto-5.jpg\">\n\t\t\t\t\t\t\t<img decoding=\"async\" width=\"640\" height=\"289\" src=\"https:\/\/filarmonicafaidese.ch\/faido2024\/wp-content\/uploads\/2024\/05\/Foto-5-768x347.jpg\" class=\"attachment-medium_large size-medium_large wp-image-5211\" alt=\"\" srcset=\"https:\/\/filarmonicafaidese.ch\/faido2024\/wp-content\/uploads\/2024\/05\/Foto-5-768x347.jpg 768w, https:\/\/filarmonicafaidese.ch\/faido2024\/wp-content\/uploads\/2024\/05\/Foto-5-300x136.jpg 300w, https:\/\/filarmonicafaidese.ch\/faido2024\/wp-content\/uploads\/2024\/05\/Foto-5-1024x463.jpg 1024w, https:\/\/filarmonicafaidese.ch\/faido2024\/wp-content\/uploads\/2024\/05\/Foto-5.jpg 1300w\" sizes=\"(max-width: 640px) 100vw, 640px\" \/>\t\t\t\t\t\t\t\t<\/a>\n\t\t\t\t\t\t\t\t\t\t\t\t\t\t\t<\/div>\n\t\t\t\t<\/div>\n\t\t\t\t\t<\/div>\n\t\t<\/div>\n\t\t\t\t\t<\/div>\n\t\t<\/section>\n\t\t\t\t<section class=\"elementor-section elementor-top-section elementor-element elementor-element-79c9d14 elementor-section-boxed elementor-section-height-default elementor-section-height-default\" data-id=\"79c9d14\" data-element_type=\"section\" data-e-type=\"section\">\n\t\t\t\t\t\t<div class=\"elementor-container elementor-column-gap-default\">\n\t\t\t\t\t<div class=\"elementor-column elementor-col-100 elementor-top-column elementor-element elementor-element-b0ed89e\" data-id=\"b0ed89e\" data-element_type=\"column\" data-e-type=\"column\">\n\t\t\t<div class=\"elementor-widget-wrap elementor-element-populated\">\n\t\t\t\t\t\t<div class=\"elementor-element elementor-element-7952556 elementor-widget elementor-widget-heading\" data-id=\"7952556\" data-element_type=\"widget\" data-e-type=\"widget\" data-widget_type=\"heading.default\">\n\t\t\t\t<div class=\"elementor-widget-container\">\n\t\t\t\t\t<h2 class=\"elementor-heading-title elementor-size-default\">1.\tNome societ\u00e0: Civica Filarmonica di Bellinzona<br>\n2.\tAnno di nascita della societ\u00e0: 1785<br>\n3.\tNome e cognome del vostro maestro: Franco Arrigoni<br>\n4.\tNome e cognome del vostro presidente: Gianluigi Rossi<br>\n5.\tNumero di soci attivi\/musicanti: 65<br>\n6.\tEt\u00e0 del socio\/a attivo pi\u00f9 giovane: 13 anni<br>\n7.\tCos'\u00e8 per lui\/lei il mondo bandistico? Mi chiamo Olmo, ho 13 anni e suono il sassofono da quando ne avevo 7. Ho appena cominciato il mio secondo anno in Civica (anzi nostro, perch\u00e9 ho iniziato questo nuovo percorso insieme ad altri tre new entry). L'anno scorso \u00e8 stato un anno ricco di soddisfazioni, nel quale abbiamo suonato in diverse occasioni; la pi\u00f9 emozionante \u00e8 stata senza dubbio al teatro sociale lo scorso aprile, quando abbiamo proposto le colonne sonore di Nino Rota. Suonare in Civica mi piace molto, perch\u00e9 nonostante ci sia una grande differenza di et\u00e0 tra i membri, c'\u00e8 una grande disponibilit\u00e0 e simpatia. E siamo tutti accomunati dalla medesima passione: la musica!<br>\n8.\tEt\u00e0 del socio\/a attivo pi\u00f9 anziano\/a: 72 anni<br>\n9.\tCos'\u00e8 per lui\/lei il mondo bandistico? Sono entrato a 50 anni in banda dopo una formazione di base di 4 anni, seguita dai corsi di perfezionamento febati. Attualmente suono in due bande: nella Filarmonica Unione Carvina (con la quale ho studiato, dopo aver suonato a orecchio in alcuni gruppi rock) e nella Civica Filarmonica di Bellinzona. Se nelle precedenti esperienze musicali ho conosciuto diversi musicisti, nel mondo bandistico ne ho conosciuti molti di pi\u00f9. Apprezzo l\u2019aspetto intergenerazionale presente nelle bande e mi svela la bravura dei nostri giovani che ammiro molto. Mi colma di gioia nel suonare con loro! Da qualche anno faccio parte del comitato febati e, in questa veste, ho modo di avvicinarmi meglio ai temi che interessano il nostro mondo bandistico. Spero di riuscire a continuare ancora un po\u2019 a suonare e divertirmi con la nostra arte<br>\n10.\tA quando risale l'ultima partecipazione della vostra societ\u00e0 ad un concorso? Feste Cantonale Mendrisio 2019<br>\n11.\tAvete partecipato alla Festa Cantonale di Faido 2004? Si<br>\n12.\tSe si, avete ancora una foto ricordo che volete condividere? -<br>\n13.\tCosa vi aspettate dalla Festa Cantonale di Faido2024? Ci si aspetta di poter trascorrere attimi di serenit\u00e0 e di gioia condividendo<br>\n <font color=\"#ff0000\">\u25a0 <\/font><br><br><b>Si esibir\u00e0:<\/b> <a href=\"https:\/\/filarmonicafaidese.ch\/faido2024\/domenica-19\/\" target=\"_blank\"><p style=\"font-family:Montserrat;font-size:16px\">domenica 19<\/p><\/a> alle 11:00<br>\n<b>Categoria:<\/b>  II a concorso<br>\n<b>Link al sito della:<\/b>  <a href=\"http:\/\/www.civicabellinzona.ch\/\" target=\"_blank\"><p style=\"font-family:Montserrat;font-size:16px\">\"Civica Filarmonica di Bellinzona\"<\/p><\/a>\n<\/h2>\t\t\t\t<\/div>\n\t\t\t\t<\/div>\n\t\t\t\t\t<\/div>\n\t\t<\/div>\n\t\t\t\t\t<\/div>\n\t\t<\/section>\n\t\t\t\t<section class=\"elementor-section elementor-top-section elementor-element elementor-element-6c261a4 elementor-section-boxed elementor-section-height-default elementor-section-height-default\" data-id=\"6c261a4\" data-element_type=\"section\" data-e-type=\"section\" id=\"fil-biasca\">\n\t\t\t\t\t\t<div class=\"elementor-container elementor-column-gap-default\">\n\t\t\t\t\t<div class=\"elementor-column elementor-col-100 elementor-top-column elementor-element elementor-element-e72485d\" data-id=\"e72485d\" data-element_type=\"column\" data-e-type=\"column\">\n\t\t\t<div class=\"elementor-widget-wrap elementor-element-populated\">\n\t\t\t\t\t\t<div class=\"elementor-element elementor-element-ed809ec elementor-widget-divider--view-line elementor-widget elementor-widget-divider\" data-id=\"ed809ec\" data-element_type=\"widget\" data-e-type=\"widget\" data-widget_type=\"divider.default\">\n\t\t\t\t<div class=\"elementor-widget-container\">\n\t\t\t\t\t\t\t<div class=\"elementor-divider\">\n\t\t\t<span class=\"elementor-divider-separator\">\n\t\t\t\t\t\t<\/span>\n\t\t<\/div>\n\t\t\t\t\t\t<\/div>\n\t\t\t\t<\/div>\n\t\t\t\t\t<\/div>\n\t\t<\/div>\n\t\t\t\t\t<\/div>\n\t\t<\/section>\n\t\t\t\t<section class=\"elementor-section elementor-top-section elementor-element elementor-element-d91ecf5 elementor-section-boxed elementor-section-height-default elementor-section-height-default\" data-id=\"d91ecf5\" data-element_type=\"section\" data-e-type=\"section\">\n\t\t\t\t\t\t<div class=\"elementor-container elementor-column-gap-default\">\n\t\t\t\t\t<div class=\"elementor-column elementor-col-100 elementor-top-column elementor-element elementor-element-6b6402f\" data-id=\"6b6402f\" data-element_type=\"column\" data-e-type=\"column\">\n\t\t\t<div class=\"elementor-widget-wrap elementor-element-populated\">\n\t\t\t\t\t\t<div class=\"elementor-element elementor-element-37205d0 elementor-widget elementor-widget-heading\" data-id=\"37205d0\" data-element_type=\"widget\" data-e-type=\"widget\" data-widget_type=\"heading.default\">\n\t\t\t\t<div class=\"elementor-widget-container\">\n\t\t\t\t\t<h2 class=\"elementor-heading-title elementor-size-default\">FILARMONICA DI BIASCA<\/h2>\t\t\t\t<\/div>\n\t\t\t\t<\/div>\n\t\t\t\t\t<\/div>\n\t\t<\/div>\n\t\t\t\t\t<\/div>\n\t\t<\/section>\n\t\t\t\t<section class=\"elementor-section elementor-top-section elementor-element elementor-element-830d613 elementor-section-boxed elementor-section-height-default elementor-section-height-default\" data-id=\"830d613\" data-element_type=\"section\" data-e-type=\"section\">\n\t\t\t\t\t\t<div class=\"elementor-container elementor-column-gap-default\">\n\t\t\t\t\t<div class=\"elementor-column elementor-col-100 elementor-top-column elementor-element elementor-element-298ec10\" data-id=\"298ec10\" data-element_type=\"column\" data-e-type=\"column\">\n\t\t\t<div class=\"elementor-widget-wrap elementor-element-populated\">\n\t\t\t\t\t\t<div class=\"elementor-element elementor-element-c63476d elementor-widget elementor-widget-heading\" data-id=\"c63476d\" data-element_type=\"widget\" data-e-type=\"widget\" data-widget_type=\"heading.default\">\n\t\t\t\t<div class=\"elementor-widget-container\">\n\t\t\t\t\t<h2 class=\"elementor-heading-title elementor-size-default\">1.\tNome societ\u00e0: Filarmonica di Biasca<br>\n2.\tAnno di nascita della societ\u00e0: 1920<br>\n3.\tNome e cognome del vostro maestro: Paolo Cervetti<br>\n4.\tNome e cognome del vostro presidente: Mirko Marghitola<br>\n <font color=\"#ff0000\">\u25a0 <\/font><br><br><b>Si esibir\u00e0:<\/b> <a href=\"https:\/\/filarmonicafaidese.ch\/faido2024\/domenica-19\/\" target=\"_blank\"><p style=\"font-family:Montserrat;font-size:16px\">domenica 19<\/p><\/a> alle 17:00<br>\n<b>Categoria:<\/b>  II a concorso<br>\n<b>Link al sito della:<\/b>  <a href=\"https:\/\/www.filarmonicabiasca.ch\/\" target=\"_blank\"><p style=\"font-family:Montserrat;font-size:16px\">\"Filarmonica di Biasca\"<\/p><\/a>\n<\/h2>\t\t\t\t<\/div>\n\t\t\t\t<\/div>\n\t\t\t\t\t<\/div>\n\t\t<\/div>\n\t\t\t\t\t<\/div>\n\t\t<\/section>\n\t\t\t\t<section class=\"elementor-section elementor-top-section elementor-element elementor-element-0148cec elementor-section-boxed elementor-section-height-default elementor-section-height-default\" data-id=\"0148cec\" data-element_type=\"section\" data-e-type=\"section\" id=\"fil-brissago\">\n\t\t\t\t\t\t<div class=\"elementor-container elementor-column-gap-default\">\n\t\t\t\t\t<div class=\"elementor-column elementor-col-100 elementor-top-column elementor-element elementor-element-4541e97\" data-id=\"4541e97\" data-element_type=\"column\" data-e-type=\"column\">\n\t\t\t<div class=\"elementor-widget-wrap elementor-element-populated\">\n\t\t\t\t\t\t<div class=\"elementor-element elementor-element-bb9f5bf elementor-widget-divider--view-line elementor-widget elementor-widget-divider\" data-id=\"bb9f5bf\" data-element_type=\"widget\" data-e-type=\"widget\" data-widget_type=\"divider.default\">\n\t\t\t\t<div class=\"elementor-widget-container\">\n\t\t\t\t\t\t\t<div class=\"elementor-divider\">\n\t\t\t<span class=\"elementor-divider-separator\">\n\t\t\t\t\t\t<\/span>\n\t\t<\/div>\n\t\t\t\t\t\t<\/div>\n\t\t\t\t<\/div>\n\t\t\t\t\t<\/div>\n\t\t<\/div>\n\t\t\t\t\t<\/div>\n\t\t<\/section>\n\t\t\t\t<section class=\"elementor-section elementor-top-section elementor-element elementor-element-6a62a76 elementor-section-boxed elementor-section-height-default elementor-section-height-default\" data-id=\"6a62a76\" data-element_type=\"section\" data-e-type=\"section\">\n\t\t\t\t\t\t<div class=\"elementor-container elementor-column-gap-default\">\n\t\t\t\t\t<div class=\"elementor-column elementor-col-100 elementor-top-column elementor-element elementor-element-53b0b7d\" data-id=\"53b0b7d\" data-element_type=\"column\" data-e-type=\"column\">\n\t\t\t<div class=\"elementor-widget-wrap elementor-element-populated\">\n\t\t\t\t\t\t<div class=\"elementor-element elementor-element-561244d elementor-widget elementor-widget-heading\" data-id=\"561244d\" data-element_type=\"widget\" data-e-type=\"widget\" data-widget_type=\"heading.default\">\n\t\t\t\t<div class=\"elementor-widget-container\">\n\t\t\t\t\t<h2 class=\"elementor-heading-title elementor-size-default\">FILARMONICA BRISSAGHESE<\/h2>\t\t\t\t<\/div>\n\t\t\t\t<\/div>\n\t\t\t\t\t<\/div>\n\t\t<\/div>\n\t\t\t\t\t<\/div>\n\t\t<\/section>\n\t\t\t\t<section class=\"elementor-section elementor-top-section elementor-element elementor-element-a394feb elementor-section-boxed elementor-section-height-default elementor-section-height-default\" data-id=\"a394feb\" data-element_type=\"section\" data-e-type=\"section\">\n\t\t\t\t\t\t<div class=\"elementor-container elementor-column-gap-default\">\n\t\t\t\t\t<div class=\"elementor-column elementor-col-100 elementor-top-column elementor-element elementor-element-bad7e96\" data-id=\"bad7e96\" data-element_type=\"column\" data-e-type=\"column\">\n\t\t\t<div class=\"elementor-widget-wrap elementor-element-populated\">\n\t\t\t\t\t\t<div class=\"elementor-element elementor-element-4888a4a elementor-widget elementor-widget-heading\" data-id=\"4888a4a\" data-element_type=\"widget\" data-e-type=\"widget\" data-widget_type=\"heading.default\">\n\t\t\t\t<div class=\"elementor-widget-container\">\n\t\t\t\t\t<h2 class=\"elementor-heading-title elementor-size-default\">1.\tNome societ\u00e0: Filarmonica Brissaghese<br>\n2.\tAnno di nascita della societ\u00e0: 1932<br>\n3.\tNome e cognome del vostro maestro: Daniele Giovannini<br>\n4.\tNome e cognome del vostro presidente: Patrizia Lamberti<br>\n <font color=\"#ff0000\">\u25a0 <\/font><br><br><b>Si esibir\u00e0:<\/b> <a href=\"https:\/\/filarmonicafaidese.ch\/faido2024\/sabato-18\/\" target=\"_blank\"><p style=\"font-family:Montserrat;font-size:16px\">sabato 18<\/p><\/a> alle 15:00<br>\n<b>Categoria:<\/b>  III a concorso<br>\n<b>Link al sito della:<\/b>  <a href=\"https:\/\/filarmonicabrissaghese.ch\/\" target=\"_blank\"><p style=\"font-family:Montserrat;font-size:16px\">\"Filarmonica Brissaghese\"<\/p><\/a>\n<\/h2>\t\t\t\t<\/div>\n\t\t\t\t<\/div>\n\t\t\t\t\t<\/div>\n\t\t<\/div>\n\t\t\t\t\t<\/div>\n\t\t<\/section>\n\t\t\t\t<section class=\"elementor-section elementor-top-section elementor-element elementor-element-4e0ea6f elementor-section-boxed elementor-section-height-default elementor-section-height-default\" data-id=\"4e0ea6f\" data-element_type=\"section\" data-e-type=\"section\" id=\"fil-cadenazzo\">\n\t\t\t\t\t\t<div class=\"elementor-container elementor-column-gap-default\">\n\t\t\t\t\t<div class=\"elementor-column elementor-col-100 elementor-top-column elementor-element elementor-element-427b1ce\" data-id=\"427b1ce\" data-element_type=\"column\" data-e-type=\"column\">\n\t\t\t<div class=\"elementor-widget-wrap elementor-element-populated\">\n\t\t\t\t\t\t<div class=\"elementor-element elementor-element-0d010a0 elementor-widget-divider--view-line elementor-widget elementor-widget-divider\" data-id=\"0d010a0\" data-element_type=\"widget\" data-e-type=\"widget\" data-widget_type=\"divider.default\">\n\t\t\t\t<div class=\"elementor-widget-container\">\n\t\t\t\t\t\t\t<div class=\"elementor-divider\">\n\t\t\t<span class=\"elementor-divider-separator\">\n\t\t\t\t\t\t<\/span>\n\t\t<\/div>\n\t\t\t\t\t\t<\/div>\n\t\t\t\t<\/div>\n\t\t\t\t\t<\/div>\n\t\t<\/div>\n\t\t\t\t\t<\/div>\n\t\t<\/section>\n\t\t\t\t<section class=\"elementor-section elementor-top-section elementor-element elementor-element-7739a0c elementor-section-boxed elementor-section-height-default elementor-section-height-default\" data-id=\"7739a0c\" data-element_type=\"section\" data-e-type=\"section\">\n\t\t\t\t\t\t<div class=\"elementor-container elementor-column-gap-default\">\n\t\t\t\t\t<div class=\"elementor-column elementor-col-100 elementor-top-column elementor-element elementor-element-fd1e4d3\" data-id=\"fd1e4d3\" data-element_type=\"column\" data-e-type=\"column\">\n\t\t\t<div class=\"elementor-widget-wrap elementor-element-populated\">\n\t\t\t\t\t\t<div class=\"elementor-element elementor-element-7d07f3e elementor-widget elementor-widget-heading\" data-id=\"7d07f3e\" data-element_type=\"widget\" data-e-type=\"widget\" data-widget_type=\"heading.default\">\n\t\t\t\t<div class=\"elementor-widget-container\">\n\t\t\t\t\t<h2 class=\"elementor-heading-title elementor-size-default\">MUSICA DI CADENAZZO<\/h2>\t\t\t\t<\/div>\n\t\t\t\t<\/div>\n\t\t\t\t\t<\/div>\n\t\t<\/div>\n\t\t\t\t\t<\/div>\n\t\t<\/section>\n\t\t\t\t<section class=\"elementor-section elementor-top-section elementor-element elementor-element-c7f56ae elementor-section-boxed elementor-section-height-default elementor-section-height-default\" data-id=\"c7f56ae\" data-element_type=\"section\" data-e-type=\"section\">\n\t\t\t\t\t\t<div class=\"elementor-container elementor-column-gap-default\">\n\t\t\t\t\t<div class=\"elementor-column elementor-col-100 elementor-top-column elementor-element elementor-element-da20b9a\" data-id=\"da20b9a\" data-element_type=\"column\" data-e-type=\"column\">\n\t\t\t<div class=\"elementor-widget-wrap elementor-element-populated\">\n\t\t\t\t\t\t<div class=\"elementor-element elementor-element-9294f91 elementor-widget elementor-widget-heading\" data-id=\"9294f91\" data-element_type=\"widget\" data-e-type=\"widget\" data-widget_type=\"heading.default\">\n\t\t\t\t<div class=\"elementor-widget-container\">\n\t\t\t\t\t<h2 class=\"elementor-heading-title elementor-size-default\">1.\tNome societ\u00e0: Musica di Cadenazzo<br>\n2.\tAnno di nascita della societ\u00e0: 2013<br>\n3.\tNome e cognome del vostro maestro: Pietro Bertoni<br>\n4.\tNome e cognome del vostro presidente: -<br>\n <font color=\"#ff0000\">\u25a0 <\/font><br><br><b>Si esibir\u00e0:<\/b> <a href=\"https:\/\/filarmonicafaidese.ch\/faido2024\/domenica-19\/\" target=\"_blank\"><p style=\"font-family:Montserrat;font-size:16px\">domenica 19<\/p><\/a> alle 15:20<br>\n<b>Categoria:<\/b>  IV a concorso<br>\n<b>Link al sito della:<\/b>  <a href=\"https:\/\/www.musicadicadenazzo.ch\/\" target=\"_blank\"><p style=\"font-family:Montserrat;font-size:16px\">\"Musica di Cadenazzo\"<\/p><\/a>\n<\/h2>\t\t\t\t<\/div>\n\t\t\t\t<\/div>\n\t\t\t\t\t<\/div>\n\t\t<\/div>\n\t\t\t\t\t<\/div>\n\t\t<\/section>\n\t\t\t\t<section class=\"elementor-section elementor-top-section elementor-element elementor-element-539ef9d elementor-section-boxed elementor-section-height-default elementor-section-height-default\" data-id=\"539ef9d\" data-element_type=\"section\" data-e-type=\"section\" id=\"fil-capriasca\">\n\t\t\t\t\t\t<div class=\"elementor-container elementor-column-gap-default\">\n\t\t\t\t\t<div class=\"elementor-column elementor-col-100 elementor-top-column elementor-element elementor-element-91615d7\" data-id=\"91615d7\" data-element_type=\"column\" data-e-type=\"column\">\n\t\t\t<div class=\"elementor-widget-wrap elementor-element-populated\">\n\t\t\t\t\t\t<div class=\"elementor-element elementor-element-02d0d18 elementor-widget-divider--view-line elementor-widget elementor-widget-divider\" data-id=\"02d0d18\" data-element_type=\"widget\" data-e-type=\"widget\" data-widget_type=\"divider.default\">\n\t\t\t\t<div class=\"elementor-widget-container\">\n\t\t\t\t\t\t\t<div class=\"elementor-divider\">\n\t\t\t<span class=\"elementor-divider-separator\">\n\t\t\t\t\t\t<\/span>\n\t\t<\/div>\n\t\t\t\t\t\t<\/div>\n\t\t\t\t<\/div>\n\t\t\t\t\t<\/div>\n\t\t<\/div>\n\t\t\t\t\t<\/div>\n\t\t<\/section>\n\t\t\t\t<section class=\"elementor-section elementor-top-section elementor-element elementor-element-61c7df8 elementor-section-boxed elementor-section-height-default elementor-section-height-default\" data-id=\"61c7df8\" data-element_type=\"section\" data-e-type=\"section\">\n\t\t\t\t\t\t<div class=\"elementor-container elementor-column-gap-default\">\n\t\t\t\t\t<div class=\"elementor-column elementor-col-100 elementor-top-column elementor-element elementor-element-298cb60\" data-id=\"298cb60\" data-element_type=\"column\" data-e-type=\"column\">\n\t\t\t<div class=\"elementor-widget-wrap elementor-element-populated\">\n\t\t\t\t\t\t<div class=\"elementor-element elementor-element-f5f3a57 elementor-widget elementor-widget-heading\" data-id=\"f5f3a57\" data-element_type=\"widget\" data-e-type=\"widget\" data-widget_type=\"heading.default\">\n\t\t\t\t<div class=\"elementor-widget-container\">\n\t\t\t\t\t<h2 class=\"elementor-heading-title elementor-size-default\">FILARMONICA CAPRIASCHESE<\/h2>\t\t\t\t<\/div>\n\t\t\t\t<\/div>\n\t\t\t\t\t<\/div>\n\t\t<\/div>\n\t\t\t\t\t<\/div>\n\t\t<\/section>\n\t\t\t\t<section class=\"elementor-section elementor-top-section elementor-element elementor-element-b41fd9d elementor-section-boxed elementor-section-height-default elementor-section-height-default\" data-id=\"b41fd9d\" data-element_type=\"section\" data-e-type=\"section\">\n\t\t\t\t\t\t<div class=\"elementor-container elementor-column-gap-default\">\n\t\t\t\t\t<div class=\"elementor-column elementor-col-100 elementor-top-column elementor-element elementor-element-010bda3\" data-id=\"010bda3\" data-element_type=\"column\" data-e-type=\"column\">\n\t\t\t<div class=\"elementor-widget-wrap elementor-element-populated\">\n\t\t\t\t\t\t<div class=\"elementor-element elementor-element-b88a4ff elementor-widget elementor-widget-image\" data-id=\"b88a4ff\" data-element_type=\"widget\" data-e-type=\"widget\" data-widget_type=\"image.default\">\n\t\t\t\t<div class=\"elementor-widget-container\">\n\t\t\t\t\t\t\t\t\t\t\t\t\t\t\t\t<a href=\"https:\/\/filarmonicafaidese.ch\/faido2024\/wp-content\/uploads\/2024\/05\/Foto-1a-10-scaled.jpg\">\n\t\t\t\t\t\t\t<img loading=\"lazy\" decoding=\"async\" width=\"640\" height=\"196\" src=\"https:\/\/filarmonicafaidese.ch\/faido2024\/wp-content\/uploads\/2024\/05\/Foto-1a-10-768x235.jpg\" class=\"attachment-medium_large size-medium_large wp-image-5240\" alt=\"\" srcset=\"https:\/\/filarmonicafaidese.ch\/faido2024\/wp-content\/uploads\/2024\/05\/Foto-1a-10-768x235.jpg 768w, https:\/\/filarmonicafaidese.ch\/faido2024\/wp-content\/uploads\/2024\/05\/Foto-1a-10-300x92.jpg 300w, https:\/\/filarmonicafaidese.ch\/faido2024\/wp-content\/uploads\/2024\/05\/Foto-1a-10-1024x314.jpg 1024w, https:\/\/filarmonicafaidese.ch\/faido2024\/wp-content\/uploads\/2024\/05\/Foto-1a-10-1536x471.jpg 1536w, https:\/\/filarmonicafaidese.ch\/faido2024\/wp-content\/uploads\/2024\/05\/Foto-1a-10-2048x628.jpg 2048w\" sizes=\"(max-width: 640px) 100vw, 640px\" \/>\t\t\t\t\t\t\t\t<\/a>\n\t\t\t\t\t\t\t\t\t\t\t\t\t\t\t<\/div>\n\t\t\t\t<\/div>\n\t\t\t\t<div class=\"elementor-element elementor-element-0f45e57 elementor-widget elementor-widget-image\" data-id=\"0f45e57\" data-element_type=\"widget\" data-e-type=\"widget\" data-widget_type=\"image.default\">\n\t\t\t\t<div class=\"elementor-widget-container\">\n\t\t\t\t\t\t\t\t\t\t\t\t\t\t\t\t<a href=\"https:\/\/filarmonicafaidese.ch\/faido2024\/wp-content\/uploads\/2024\/05\/Faido-2004-Capriaschese.jpg\">\n\t\t\t\t\t\t\t<img loading=\"lazy\" decoding=\"async\" width=\"640\" height=\"443\" src=\"https:\/\/filarmonicafaidese.ch\/faido2024\/wp-content\/uploads\/2024\/05\/Faido-2004-Capriaschese-768x532.jpg\" class=\"attachment-medium_large size-medium_large wp-image-5272\" alt=\"\" srcset=\"https:\/\/filarmonicafaidese.ch\/faido2024\/wp-content\/uploads\/2024\/05\/Faido-2004-Capriaschese-768x532.jpg 768w, https:\/\/filarmonicafaidese.ch\/faido2024\/wp-content\/uploads\/2024\/05\/Faido-2004-Capriaschese-300x208.jpg 300w, https:\/\/filarmonicafaidese.ch\/faido2024\/wp-content\/uploads\/2024\/05\/Faido-2004-Capriaschese-1024x710.jpg 1024w, https:\/\/filarmonicafaidese.ch\/faido2024\/wp-content\/uploads\/2024\/05\/Faido-2004-Capriaschese.jpg 1143w\" sizes=\"(max-width: 640px) 100vw, 640px\" \/>\t\t\t\t\t\t\t\t<\/a>\n\t\t\t\t\t\t\t\t\t\t\t\t\t\t\t<\/div>\n\t\t\t\t<\/div>\n\t\t\t\t\t<\/div>\n\t\t<\/div>\n\t\t\t\t\t<\/div>\n\t\t<\/section>\n\t\t\t\t<section class=\"elementor-section elementor-top-section elementor-element elementor-element-8e69de3 elementor-section-boxed elementor-section-height-default elementor-section-height-default\" data-id=\"8e69de3\" data-element_type=\"section\" data-e-type=\"section\">\n\t\t\t\t\t\t<div class=\"elementor-container elementor-column-gap-default\">\n\t\t\t\t\t<div class=\"elementor-column elementor-col-100 elementor-top-column elementor-element elementor-element-32cc4c3\" data-id=\"32cc4c3\" data-element_type=\"column\" data-e-type=\"column\">\n\t\t\t<div class=\"elementor-widget-wrap elementor-element-populated\">\n\t\t\t\t\t\t<div class=\"elementor-element elementor-element-8994386 elementor-widget elementor-widget-heading\" data-id=\"8994386\" data-element_type=\"widget\" data-e-type=\"widget\" data-widget_type=\"heading.default\">\n\t\t\t\t<div class=\"elementor-widget-container\">\n\t\t\t\t\t<h2 class=\"elementor-heading-title elementor-size-default\">1.\tNome societ\u00e0: Filarmonica Capriaschese<br>\n2.\tAnno di nascita della societ\u00e0: 1954<br>\n3.\tNome e cognome del vostro maestro: Samuel Arrigo<br>\n4.\tNome e cognome del vostro presidente: Maria Stampanoni<br>\n5.\tNumero di soci attivi\/musicanti: 38<br>\n6.\tEt\u00e0 del socio\/a attivo pi\u00f9 giovane: 14 anni<br>\n7.\tCos'\u00e8 per lui\/lei il mondo bandistico? Per me \u00e8 molto bello suonare tutti assieme, \u00e8 bello il fatto che ognuno fa una piccola parte nell'insieme che viene alla fine. Per me suonare \u00e8 importante e mi piace un sacco quindi suonare assieme ad altre persone \u00e8 fantastico perch\u00e9 ci si pu\u00f2 confrontare ed aiutare a migliorare<br>\n8.\tEt\u00e0 del socio\/a attivo pi\u00f9 anziano\/a: 62 anni<br>\n9.\tCos'\u00e8 per lui\/lei il mondo bandistico? Per molti della mia generazione, il primo incontro con la musica dal vivo \u00e8 avvenuto grazie al mondo bandistico. E ci\u00f2 ci ha fatto venir voglia di cambiare ruolo: da ascoltatori passivi ad esecutori attivi. Oggi oltre ad essere una importante istituzione formativa per i nostri ragazzi, \u00e8 una dei pochi ambiti che offre l'opportunit\u00e0 a persone di ogni et\u00e0 di sforzarsi di lavorare intensamente assieme, assumendo ciascuno responsabilmente il suo ruolo, per fondersi in un complesso armonico, a beneficio sia dell'insieme musicale che del pubblico. E questo crea un importante valore aggiunto, del quale beneficia pure tutta la collettivit\u00e0<br>\n10.\tA quando risale l'ultima partecipazione della vostra societ\u00e0 ad un concorso? 023 - Flicorno d'Oro, Riva del Garda, Italia<br>\n11.\tAvete partecipato alla Festa Cantonale di Faido 2004? Si<br>\n12.\tSe si, avete ancora una foto ricordo che volete condividere? Certo<br>\n13.\tCosa vi aspettate dalla Festa Cantonale di Faido2024? La Festa Cantonale \u00e8 un appuntamento imperdibile dove, oltre alla nostra esibizione, ci sar\u00e0 la possibilit\u00e0 di ascoltare buona musica, incontrare musicisti amici di altre bande e, perch\u00e9 no, fare un po' di festa. Per noi sar\u00e0 una sfida e un'occasione di crescita musicale e personale, e ci permetter\u00e0, dopo un'intensa e impegnativa preparazione, di metterci alla prova, emozionandoci. Ci aspettiamo un brano imposto stimolante e motivante, che valorizzi tutte le sezioni. Dalla giuria ci aspettiamo giudizi e osservazioni puntuali, che ci possano aiutare nel nostro progresso musicale. I nostri musicanti avranno la possibilit\u00e0 di socializzare ancor di pi\u00f9 fra loro e potranno confrontarsi e conoscere altre realt\u00e0 bandistiche per capire e far capire anche al pubblico l'importanza dell'esistenza delle nostre Filarmoniche: l'unione di pi\u00f9 persone di varie et\u00e0 aventi un unico scopo, quello di fare musica insieme. Ci aspettiamo di poter conoscere la cultura locale ticinese attraverso un repertorio musicale ricco e variato, i costumi e il cibo locale<br>\n <font color=\"#ff0000\">\u25a0 <\/font><br><br><b>Si esibir\u00e0:<\/b> <a href=\"https:\/\/filarmonicafaidese.ch\/faido2024\/sabato-18\/\" target=\"_blank\"><p style=\"font-family:Montserrat;font-size:16px\">sabato 18<\/p><\/a> alle 11:30<br>\n<b>Categoria:<\/b>  III a concorso<br>\n<b>Link al sito della:<\/b>  <a href=\"http:\/\/www.filarmonicacapriaschese.ch\/\" target=\"_blank\"><p style=\"font-family:Montserrat;font-size:16px\">\"Filarmonica Capriaschese\"<\/p><\/a>\n<\/h2>\t\t\t\t<\/div>\n\t\t\t\t<\/div>\n\t\t\t\t\t<\/div>\n\t\t<\/div>\n\t\t\t\t\t<\/div>\n\t\t<\/section>\n\t\t\t\t<section class=\"elementor-section elementor-top-section elementor-element elementor-element-c505be6 elementor-section-boxed elementor-section-height-default elementor-section-height-default\" data-id=\"c505be6\" data-element_type=\"section\" data-e-type=\"section\" id=\"fil-carvina\">\n\t\t\t\t\t\t<div class=\"elementor-container elementor-column-gap-default\">\n\t\t\t\t\t<div class=\"elementor-column elementor-col-100 elementor-top-column elementor-element elementor-element-cb3e4bb\" data-id=\"cb3e4bb\" data-element_type=\"column\" data-e-type=\"column\">\n\t\t\t<div class=\"elementor-widget-wrap elementor-element-populated\">\n\t\t\t\t\t\t<div class=\"elementor-element elementor-element-ec8067c elementor-widget-divider--view-line elementor-widget elementor-widget-divider\" data-id=\"ec8067c\" data-element_type=\"widget\" data-e-type=\"widget\" data-widget_type=\"divider.default\">\n\t\t\t\t<div class=\"elementor-widget-container\">\n\t\t\t\t\t\t\t<div class=\"elementor-divider\">\n\t\t\t<span class=\"elementor-divider-separator\">\n\t\t\t\t\t\t<\/span>\n\t\t<\/div>\n\t\t\t\t\t\t<\/div>\n\t\t\t\t<\/div>\n\t\t\t\t\t<\/div>\n\t\t<\/div>\n\t\t\t\t\t<\/div>\n\t\t<\/section>\n\t\t\t\t<section class=\"elementor-section elementor-top-section elementor-element elementor-element-bed4b12 elementor-section-boxed elementor-section-height-default elementor-section-height-default\" data-id=\"bed4b12\" data-element_type=\"section\" data-e-type=\"section\">\n\t\t\t\t\t\t<div class=\"elementor-container elementor-column-gap-default\">\n\t\t\t\t\t<div class=\"elementor-column elementor-col-100 elementor-top-column elementor-element elementor-element-b6d6df9\" data-id=\"b6d6df9\" data-element_type=\"column\" data-e-type=\"column\">\n\t\t\t<div class=\"elementor-widget-wrap elementor-element-populated\">\n\t\t\t\t\t\t<div class=\"elementor-element elementor-element-89ac550 elementor-widget elementor-widget-heading\" data-id=\"89ac550\" data-element_type=\"widget\" data-e-type=\"widget\" data-widget_type=\"heading.default\">\n\t\t\t\t<div class=\"elementor-widget-container\">\n\t\t\t\t\t<h2 class=\"elementor-heading-title elementor-size-default\">FILARMONICA UNIONE CARVINA<\/h2>\t\t\t\t<\/div>\n\t\t\t\t<\/div>\n\t\t\t\t\t<\/div>\n\t\t<\/div>\n\t\t\t\t\t<\/div>\n\t\t<\/section>\n\t\t\t\t<section class=\"elementor-section elementor-top-section elementor-element elementor-element-5b22bca elementor-section-boxed elementor-section-height-default elementor-section-height-default\" data-id=\"5b22bca\" data-element_type=\"section\" data-e-type=\"section\">\n\t\t\t\t\t\t<div class=\"elementor-container elementor-column-gap-default\">\n\t\t\t\t\t<div class=\"elementor-column elementor-col-100 elementor-top-column elementor-element elementor-element-2a41ffe\" data-id=\"2a41ffe\" data-element_type=\"column\" data-e-type=\"column\">\n\t\t\t<div class=\"elementor-widget-wrap elementor-element-populated\">\n\t\t\t\t\t\t<div class=\"elementor-element elementor-element-21c6b8a elementor-widget elementor-widget-image\" data-id=\"21c6b8a\" data-element_type=\"widget\" data-e-type=\"widget\" data-widget_type=\"image.default\">\n\t\t\t\t<div class=\"elementor-widget-container\">\n\t\t\t\t\t\t\t\t\t\t\t\t\t\t\t\t<a href=\"https:\/\/filarmonicafaidese.ch\/faido2024\/wp-content\/uploads\/2024\/05\/Foto-1a-2.jpg\">\n\t\t\t\t\t\t\t<img loading=\"lazy\" decoding=\"async\" width=\"640\" height=\"427\" src=\"https:\/\/filarmonicafaidese.ch\/faido2024\/wp-content\/uploads\/2024\/05\/Foto-1a-2-768x512.jpg\" class=\"attachment-medium_large size-medium_large wp-image-5193\" alt=\"\" srcset=\"https:\/\/filarmonicafaidese.ch\/faido2024\/wp-content\/uploads\/2024\/05\/Foto-1a-2-768x512.jpg 768w, https:\/\/filarmonicafaidese.ch\/faido2024\/wp-content\/uploads\/2024\/05\/Foto-1a-2-300x200.jpg 300w, https:\/\/filarmonicafaidese.ch\/faido2024\/wp-content\/uploads\/2024\/05\/Foto-1a-2-1024x683.jpg 1024w, https:\/\/filarmonicafaidese.ch\/faido2024\/wp-content\/uploads\/2024\/05\/Foto-1a-2-1536x1024.jpg 1536w, https:\/\/filarmonicafaidese.ch\/faido2024\/wp-content\/uploads\/2024\/05\/Foto-1a-2-600x400.jpg 600w, https:\/\/filarmonicafaidese.ch\/faido2024\/wp-content\/uploads\/2024\/05\/Foto-1a-2.jpg 1800w\" sizes=\"(max-width: 640px) 100vw, 640px\" \/>\t\t\t\t\t\t\t\t<\/a>\n\t\t\t\t\t\t\t\t\t\t\t\t\t\t\t<\/div>\n\t\t\t\t<\/div>\n\t\t\t\t<div class=\"elementor-element elementor-element-ecd70b4 elementor-widget elementor-widget-image\" data-id=\"ecd70b4\" data-element_type=\"widget\" data-e-type=\"widget\" data-widget_type=\"image.default\">\n\t\t\t\t<div class=\"elementor-widget-container\">\n\t\t\t\t\t\t\t\t\t\t\t\t\t\t\t\t<a href=\"https:\/\/filarmonicafaidese.ch\/faido2024\/wp-content\/uploads\/2024\/05\/Faido-2004-Carvina.jpg\">\n\t\t\t\t\t\t\t<img loading=\"lazy\" decoding=\"async\" width=\"640\" height=\"439\" src=\"https:\/\/filarmonicafaidese.ch\/faido2024\/wp-content\/uploads\/2024\/05\/Faido-2004-Carvina-768x527.jpg\" class=\"attachment-medium_large size-medium_large wp-image-5280\" alt=\"\" srcset=\"https:\/\/filarmonicafaidese.ch\/faido2024\/wp-content\/uploads\/2024\/05\/Faido-2004-Carvina-768x527.jpg 768w, https:\/\/filarmonicafaidese.ch\/faido2024\/wp-content\/uploads\/2024\/05\/Faido-2004-Carvina-300x206.jpg 300w, https:\/\/filarmonicafaidese.ch\/faido2024\/wp-content\/uploads\/2024\/05\/Faido-2004-Carvina-1024x703.jpg 1024w, https:\/\/filarmonicafaidese.ch\/faido2024\/wp-content\/uploads\/2024\/05\/Faido-2004-Carvina-1536x1054.jpg 1536w, https:\/\/filarmonicafaidese.ch\/faido2024\/wp-content\/uploads\/2024\/05\/Faido-2004-Carvina.jpg 1749w\" sizes=\"(max-width: 640px) 100vw, 640px\" \/>\t\t\t\t\t\t\t\t<\/a>\n\t\t\t\t\t\t\t\t\t\t\t\t\t\t\t<\/div>\n\t\t\t\t<\/div>\n\t\t\t\t\t<\/div>\n\t\t<\/div>\n\t\t\t\t\t<\/div>\n\t\t<\/section>\n\t\t\t\t<section class=\"elementor-section elementor-top-section elementor-element elementor-element-d86403a elementor-section-boxed elementor-section-height-default elementor-section-height-default\" data-id=\"d86403a\" data-element_type=\"section\" data-e-type=\"section\">\n\t\t\t\t\t\t<div class=\"elementor-container elementor-column-gap-default\">\n\t\t\t\t\t<div class=\"elementor-column elementor-col-100 elementor-top-column elementor-element elementor-element-6968373\" data-id=\"6968373\" data-element_type=\"column\" data-e-type=\"column\">\n\t\t\t<div class=\"elementor-widget-wrap elementor-element-populated\">\n\t\t\t\t\t\t<div class=\"elementor-element elementor-element-c5cd7ce elementor-widget elementor-widget-heading\" data-id=\"c5cd7ce\" data-element_type=\"widget\" data-e-type=\"widget\" data-widget_type=\"heading.default\">\n\t\t\t\t<div class=\"elementor-widget-container\">\n\t\t\t\t\t<h2 class=\"elementor-heading-title elementor-size-default\">1.\tNome societ\u00e0: Filarmonica Unione Carvina<br>\n2.\tAnno di nascita della societ\u00e0: 1933<br>\n3.\tNome e cognome del vostro maestro: Daniele Lazzarini<br>\n4.\tNome e cognome del vostro presidente: Roberto Ferrari<br>\n5.\tNumero di soci attivi\/musicanti: 60<br>\n6.\tEt\u00e0 del socio\/a attivo pi\u00f9 giovane: 14 anni<br>\n7.\tCos'\u00e8 per lui\/lei il mondo bandistico? per me il mondo bandistico significa bella compagnia, amicizia e divertimento<br>\n8.\tEt\u00e0 del socio\/a attivo pi\u00f9 anziano\/a: 72 anni<br>\n9.\tCos'\u00e8 per lui\/lei il mondo bandistico? Nella banda ho imparato a leggere gli spartiti ed abbandonare il \u201csuonare ad orecchio\u201d fatto fino ai 50 anni nel campo del rock. Se nell\u2019esperienza precedente ho conosciuto diversi musicisti, nel mondo bandistico ne ho conosciuti di pi\u00f9. Un aspetto che apprezzo in questo mondo \u00e8 l\u2019intergenerazionalit\u00e0. Ammiro la bravura dei nostri giovani e sono felice di suonare con colleghi anche pi\u00f9 abili di me. Sono membro del comitato febati da qualche anno e in questo ambito posso conoscere aspetti del mondo bandistico che vanno oltre la lettura degli spartiti. Ringrazio tutti coloro che si impegnano a vari livelli per mantenere vivo e migliorare il mondo bandistico, il cui valore culturale e sociale \u00e8 innegabile<br>\n10.\tA quando risale l'ultima partecipazione della vostra societ\u00e0 ad un concorso? 2019 - Festa cantonale della musica a Mendrisio<br>\n11.\tAvete partecipato alla Festa Cantonale di Faido 2004? Si<br>\n12.\tSe si, avete ancora una foto ricordo che volete condividere? Certo<br>\n13.\tCosa vi aspettate dalla Festa Cantonale di Faido2024? Il piacere di incontrarsi e ritrovarsi con tutte le persone che ruotano attorno a questo mondo, quello della musica bandistica. Un grande giorno di festa indimenticabile!<br>\n <font color=\"#ff0000\">\u25a0 <\/font><br><br><b>Si esibir\u00e0:<\/b> <a href=\"https:\/\/filarmonicafaidese.ch\/faido2024\/domenica-19\/\" target=\"_blank\"><p style=\"font-family:Montserrat;font-size:16px\">domenica 19<\/p><\/a> alle 09:30<br>\n<b>Categoria:<\/b>  II a concorso<br>\n<b>Link al sito della:<\/b>  <a href=\"http:\/\/www.filarmonicacarvina.ch\/\" target=\"_blank\"><p style=\"font-family:Montserrat;font-size:16px\">\"Filarmonica Unione Carvina\"<\/p><\/a>\n<\/h2>\t\t\t\t<\/div>\n\t\t\t\t<\/div>\n\t\t\t\t\t<\/div>\n\t\t<\/div>\n\t\t\t\t\t<\/div>\n\t\t<\/section>\n\t\t\t\t<section class=\"elementor-section elementor-top-section elementor-element elementor-element-d8fa6d9 elementor-section-boxed elementor-section-height-default elementor-section-height-default\" data-id=\"d8fa6d9\" data-element_type=\"section\" data-e-type=\"section\" id=\"fil-chiasso\">\n\t\t\t\t\t\t<div class=\"elementor-container elementor-column-gap-default\">\n\t\t\t\t\t<div class=\"elementor-column elementor-col-100 elementor-top-column elementor-element elementor-element-f8781f7\" data-id=\"f8781f7\" data-element_type=\"column\" data-e-type=\"column\">\n\t\t\t<div class=\"elementor-widget-wrap elementor-element-populated\">\n\t\t\t\t\t\t<div class=\"elementor-element elementor-element-ed0e34c elementor-widget-divider--view-line elementor-widget elementor-widget-divider\" data-id=\"ed0e34c\" data-element_type=\"widget\" data-e-type=\"widget\" data-widget_type=\"divider.default\">\n\t\t\t\t<div class=\"elementor-widget-container\">\n\t\t\t\t\t\t\t<div class=\"elementor-divider\">\n\t\t\t<span class=\"elementor-divider-separator\">\n\t\t\t\t\t\t<\/span>\n\t\t<\/div>\n\t\t\t\t\t\t<\/div>\n\t\t\t\t<\/div>\n\t\t\t\t\t<\/div>\n\t\t<\/div>\n\t\t\t\t\t<\/div>\n\t\t<\/section>\n\t\t\t\t<section class=\"elementor-section elementor-top-section elementor-element elementor-element-f39c7ea elementor-section-boxed elementor-section-height-default elementor-section-height-default\" data-id=\"f39c7ea\" data-element_type=\"section\" data-e-type=\"section\">\n\t\t\t\t\t\t<div class=\"elementor-container elementor-column-gap-default\">\n\t\t\t\t\t<div class=\"elementor-column elementor-col-100 elementor-top-column elementor-element elementor-element-2e2fa45\" data-id=\"2e2fa45\" data-element_type=\"column\" data-e-type=\"column\">\n\t\t\t<div class=\"elementor-widget-wrap elementor-element-populated\">\n\t\t\t\t\t\t<div class=\"elementor-element elementor-element-2de2ade elementor-widget elementor-widget-heading\" data-id=\"2de2ade\" data-element_type=\"widget\" data-e-type=\"widget\" data-widget_type=\"heading.default\">\n\t\t\t\t<div class=\"elementor-widget-container\">\n\t\t\t\t\t<h2 class=\"elementor-heading-title elementor-size-default\">MUSICA CITTADINA DI CHIASSO<\/h2>\t\t\t\t<\/div>\n\t\t\t\t<\/div>\n\t\t\t\t\t<\/div>\n\t\t<\/div>\n\t\t\t\t\t<\/div>\n\t\t<\/section>\n\t\t\t\t<section class=\"elementor-section elementor-top-section elementor-element elementor-element-4b80804 elementor-section-boxed elementor-section-height-default elementor-section-height-default\" data-id=\"4b80804\" data-element_type=\"section\" data-e-type=\"section\">\n\t\t\t\t\t\t<div class=\"elementor-container elementor-column-gap-default\">\n\t\t\t\t\t<div class=\"elementor-column elementor-col-100 elementor-top-column elementor-element elementor-element-5b727dc\" data-id=\"5b727dc\" data-element_type=\"column\" data-e-type=\"column\">\n\t\t\t<div class=\"elementor-widget-wrap elementor-element-populated\">\n\t\t\t\t\t\t<div class=\"elementor-element elementor-element-53e0135 elementor-widget elementor-widget-heading\" data-id=\"53e0135\" data-element_type=\"widget\" data-e-type=\"widget\" data-widget_type=\"heading.default\">\n\t\t\t\t<div class=\"elementor-widget-container\">\n\t\t\t\t\t<h2 class=\"elementor-heading-title elementor-size-default\">1.\tNome societ\u00e0: Musica Cittadina di Chiasso<br>\n2.\tAnno di nascita della societ\u00e0: 1827<br>\n3.\tNome e cognome del vostro maestro: Paolo Corneo<br>\n4.\tNome e cognome del vostro presidente: Mauro Ballabio<br>\n <font color=\"#ff0000\">\u25a0 <\/font><br><br><b>Si esibir\u00e0:<\/b> <a href=\"https:\/\/filarmonicafaidese.ch\/faido2024\/domenica-19\/\" target=\"_blank\"><p style=\"font-family:Montserrat;font-size:16px\">domenica 19<\/p><\/a> alle 16:35<br>\n<b>Categoria:<\/b>  I a giudizio<br>\n<b>Link al sito della:<\/b>  <a href=\"https:\/\/musicacittadinachiasso.ch\/\" target=\"_blank\"><p style=\"font-family:Montserrat;font-size:16px\">\"Musica Cittadina di Chiasso\"<\/p><\/a>\n<\/h2>\t\t\t\t<\/div>\n\t\t\t\t<\/div>\n\t\t\t\t\t<\/div>\n\t\t<\/div>\n\t\t\t\t\t<\/div>\n\t\t<\/section>\n\t\t\t\t<section class=\"elementor-section elementor-top-section elementor-element elementor-element-4ea331b elementor-section-boxed elementor-section-height-default elementor-section-height-default\" data-id=\"4ea331b\" data-element_type=\"section\" data-e-type=\"section\" id=\"fil-collina\">\n\t\t\t\t\t\t<div class=\"elementor-container elementor-column-gap-default\">\n\t\t\t\t\t<div class=\"elementor-column elementor-col-100 elementor-top-column elementor-element elementor-element-e3654c1\" data-id=\"e3654c1\" data-element_type=\"column\" data-e-type=\"column\">\n\t\t\t<div class=\"elementor-widget-wrap elementor-element-populated\">\n\t\t\t\t\t\t<div class=\"elementor-element elementor-element-36476f3 elementor-widget-divider--view-line elementor-widget elementor-widget-divider\" data-id=\"36476f3\" data-element_type=\"widget\" data-e-type=\"widget\" data-widget_type=\"divider.default\">\n\t\t\t\t<div class=\"elementor-widget-container\">\n\t\t\t\t\t\t\t<div class=\"elementor-divider\">\n\t\t\t<span class=\"elementor-divider-separator\">\n\t\t\t\t\t\t<\/span>\n\t\t<\/div>\n\t\t\t\t\t\t<\/div>\n\t\t\t\t<\/div>\n\t\t\t\t\t<\/div>\n\t\t<\/div>\n\t\t\t\t\t<\/div>\n\t\t<\/section>\n\t\t\t\t<section class=\"elementor-section elementor-top-section elementor-element elementor-element-c138a2d elementor-section-boxed elementor-section-height-default elementor-section-height-default\" data-id=\"c138a2d\" data-element_type=\"section\" data-e-type=\"section\">\n\t\t\t\t\t\t<div class=\"elementor-container elementor-column-gap-default\">\n\t\t\t\t\t<div class=\"elementor-column elementor-col-100 elementor-top-column elementor-element elementor-element-d5cc535\" data-id=\"d5cc535\" data-element_type=\"column\" data-e-type=\"column\">\n\t\t\t<div class=\"elementor-widget-wrap elementor-element-populated\">\n\t\t\t\t\t\t<div class=\"elementor-element elementor-element-689402f elementor-widget elementor-widget-heading\" data-id=\"689402f\" data-element_type=\"widget\" data-e-type=\"widget\" data-widget_type=\"heading.default\">\n\t\t\t\t<div class=\"elementor-widget-container\">\n\t\t\t\t\t<h2 class=\"elementor-heading-title elementor-size-default\">COLLINA D'ORO MUSICA<\/h2>\t\t\t\t<\/div>\n\t\t\t\t<\/div>\n\t\t\t\t\t<\/div>\n\t\t<\/div>\n\t\t\t\t\t<\/div>\n\t\t<\/section>\n\t\t\t\t<section class=\"elementor-section elementor-top-section elementor-element elementor-element-fae4f12 elementor-section-boxed elementor-section-height-default elementor-section-height-default\" data-id=\"fae4f12\" data-element_type=\"section\" data-e-type=\"section\">\n\t\t\t\t\t\t<div class=\"elementor-container elementor-column-gap-default\">\n\t\t\t\t\t<div class=\"elementor-column elementor-col-100 elementor-top-column elementor-element elementor-element-31ffd54\" data-id=\"31ffd54\" data-element_type=\"column\" data-e-type=\"column\">\n\t\t\t<div class=\"elementor-widget-wrap elementor-element-populated\">\n\t\t\t\t\t\t<div class=\"elementor-element elementor-element-dd321c2 elementor-widget elementor-widget-image\" data-id=\"dd321c2\" data-element_type=\"widget\" data-e-type=\"widget\" data-widget_type=\"image.default\">\n\t\t\t\t<div class=\"elementor-widget-container\">\n\t\t\t\t\t\t\t\t\t\t\t\t\t\t\t\t<a href=\"https:\/\/filarmonicafaidese.ch\/faido2024\/wp-content\/uploads\/2024\/05\/Foto-1a.jpg\">\n\t\t\t\t\t\t\t<img loading=\"lazy\" decoding=\"async\" width=\"640\" height=\"428\" src=\"https:\/\/filarmonicafaidese.ch\/faido2024\/wp-content\/uploads\/2024\/05\/Foto-1a-768x513.jpg\" class=\"attachment-medium_large size-medium_large wp-image-5152\" alt=\"\" srcset=\"https:\/\/filarmonicafaidese.ch\/faido2024\/wp-content\/uploads\/2024\/05\/Foto-1a-768x513.jpg 768w, https:\/\/filarmonicafaidese.ch\/faido2024\/wp-content\/uploads\/2024\/05\/Foto-1a-300x200.jpg 300w, https:\/\/filarmonicafaidese.ch\/faido2024\/wp-content\/uploads\/2024\/05\/Foto-1a-1024x683.jpg 1024w, https:\/\/filarmonicafaidese.ch\/faido2024\/wp-content\/uploads\/2024\/05\/Foto-1a-1536x1025.jpg 1536w, https:\/\/filarmonicafaidese.ch\/faido2024\/wp-content\/uploads\/2024\/05\/Foto-1a-600x400.jpg 600w, https:\/\/filarmonicafaidese.ch\/faido2024\/wp-content\/uploads\/2024\/05\/Foto-1a.jpg 1840w\" sizes=\"(max-width: 640px) 100vw, 640px\" \/>\t\t\t\t\t\t\t\t<\/a>\n\t\t\t\t\t\t\t\t\t\t\t\t\t\t\t<\/div>\n\t\t\t\t<\/div>\n\t\t\t\t\t<\/div>\n\t\t<\/div>\n\t\t\t\t\t<\/div>\n\t\t<\/section>\n\t\t\t\t<section class=\"elementor-section elementor-top-section elementor-element elementor-element-4038b68 elementor-section-boxed elementor-section-height-default elementor-section-height-default\" data-id=\"4038b68\" data-element_type=\"section\" data-e-type=\"section\">\n\t\t\t\t\t\t<div class=\"elementor-container elementor-column-gap-default\">\n\t\t\t\t\t<div class=\"elementor-column elementor-col-100 elementor-top-column elementor-element elementor-element-5321679\" data-id=\"5321679\" data-element_type=\"column\" data-e-type=\"column\">\n\t\t\t<div class=\"elementor-widget-wrap elementor-element-populated\">\n\t\t\t\t\t\t<div class=\"elementor-element elementor-element-2640606 elementor-widget elementor-widget-heading\" data-id=\"2640606\" data-element_type=\"widget\" data-e-type=\"widget\" data-widget_type=\"heading.default\">\n\t\t\t\t<div class=\"elementor-widget-container\">\n\t\t\t\t\t<h2 class=\"elementor-heading-title elementor-size-default\">1.\tNome societ\u00e0: Collina d\u2019Oro musica<br>\n2.\tAnno di nascita della societ\u00e0: 1994<br>\n3.\tNome e cognome del vostro maestro: Gioacchino Sabbadini<br>\n4.\tNome e cognome del vostro presidente: Sabrina Romelli<br>\n5.\tNumero di soci attivi\/musicanti: 40<br>\n6.\tEt\u00e0 del socio\/a attivo pi\u00f9 giovane: 17 anni<br>\n7.\tCos'\u00e8 per lui\/lei il mondo bandistico? Passare dei momenti in musica e compagnia<br>\n8.\tEt\u00e0 del socio\/a attivo pi\u00f9 anziano\/a: 83 anni<br>\n9.\tCos'\u00e8 per lui\/lei il mondo bandistico? Suonare in compagnia mantenendo le tradizioni<br>\n10.\tA quando risale l'ultima partecipazione della vostra societ\u00e0 ad un concorso? Ultima festa cantonale della musica a Mendrisio 2019<br>\n11.\tAvete partecipato alla Festa Cantonale di Faido 2004? No<br>\n12.\tSe si, avete ancora una foto ricordo che volete condividere?<br>\n13.\tCosa vi aspettate dalla Festa Cantonale di Faido2024? Bella compagnia e condivisione delle nostre esperienze<br>\n <font color=\"#ff0000\">\u25a0 <\/font><br><br><b>Si esibir\u00e0:<\/b> <a href=\"https:\/\/filarmonicafaidese.ch\/faido2024\/domenica-19\/\" target=\"_blank\"><p style=\"font-family:Montserrat;font-size:16px\">domenica 19<\/p><\/a> alle 16:10<br>\n<b>Categoria:<\/b>  IV a concorso<br>\n<b>Link al sito di:<\/b>  <a href=\"http:\/\/www.cdomusica.ch\/\" target=\"_blank\"><p style=\"font-family:Montserrat;font-size:16px\">\"Collina d'Oro Musica\"<\/p><\/a>\n<\/h2>\t\t\t\t<\/div>\n\t\t\t\t<\/div>\n\t\t\t\t\t<\/div>\n\t\t<\/div>\n\t\t\t\t\t<\/div>\n\t\t<\/section>\n\t\t\t\t<section class=\"elementor-section elementor-top-section elementor-element elementor-element-a96a08a elementor-section-boxed elementor-section-height-default elementor-section-height-default\" data-id=\"a96a08a\" data-element_type=\"section\" data-e-type=\"section\" id=\"fil-curio\">\n\t\t\t\t\t\t<div class=\"elementor-container elementor-column-gap-default\">\n\t\t\t\t\t<div class=\"elementor-column elementor-col-100 elementor-top-column elementor-element elementor-element-f2f9448\" data-id=\"f2f9448\" data-element_type=\"column\" data-e-type=\"column\">\n\t\t\t<div class=\"elementor-widget-wrap elementor-element-populated\">\n\t\t\t\t\t\t<div class=\"elementor-element elementor-element-08ed06a elementor-widget-divider--view-line elementor-widget elementor-widget-divider\" data-id=\"08ed06a\" data-element_type=\"widget\" data-e-type=\"widget\" data-widget_type=\"divider.default\">\n\t\t\t\t<div class=\"elementor-widget-container\">\n\t\t\t\t\t\t\t<div class=\"elementor-divider\">\n\t\t\t<span class=\"elementor-divider-separator\">\n\t\t\t\t\t\t<\/span>\n\t\t<\/div>\n\t\t\t\t\t\t<\/div>\n\t\t\t\t<\/div>\n\t\t\t\t\t<\/div>\n\t\t<\/div>\n\t\t\t\t\t<\/div>\n\t\t<\/section>\n\t\t\t\t<section class=\"elementor-section elementor-top-section elementor-element elementor-element-e69e05b elementor-section-boxed elementor-section-height-default elementor-section-height-default\" data-id=\"e69e05b\" data-element_type=\"section\" data-e-type=\"section\">\n\t\t\t\t\t\t<div class=\"elementor-container elementor-column-gap-default\">\n\t\t\t\t\t<div class=\"elementor-column elementor-col-100 elementor-top-column elementor-element elementor-element-fc1268e\" data-id=\"fc1268e\" data-element_type=\"column\" data-e-type=\"column\">\n\t\t\t<div class=\"elementor-widget-wrap elementor-element-populated\">\n\t\t\t\t\t\t<div class=\"elementor-element elementor-element-013bcc3 elementor-widget elementor-widget-heading\" data-id=\"013bcc3\" data-element_type=\"widget\" data-e-type=\"widget\" data-widget_type=\"heading.default\">\n\t\t\t\t<div class=\"elementor-widget-container\">\n\t\t\t\t\t<h2 class=\"elementor-heading-title elementor-size-default\">FILARMONICA CURIO-CASTELROTTO<\/h2>\t\t\t\t<\/div>\n\t\t\t\t<\/div>\n\t\t\t\t\t<\/div>\n\t\t<\/div>\n\t\t\t\t\t<\/div>\n\t\t<\/section>\n\t\t\t\t<section class=\"elementor-section elementor-top-section elementor-element elementor-element-8323f60 elementor-section-boxed elementor-section-height-default elementor-section-height-default\" data-id=\"8323f60\" data-element_type=\"section\" data-e-type=\"section\">\n\t\t\t\t\t\t<div class=\"elementor-container elementor-column-gap-default\">\n\t\t\t\t\t<div class=\"elementor-column elementor-col-100 elementor-top-column elementor-element elementor-element-a1f2b94\" data-id=\"a1f2b94\" data-element_type=\"column\" data-e-type=\"column\">\n\t\t\t<div class=\"elementor-widget-wrap elementor-element-populated\">\n\t\t\t\t\t\t<div class=\"elementor-element elementor-element-a741fd0 elementor-widget elementor-widget-image\" data-id=\"a741fd0\" data-element_type=\"widget\" data-e-type=\"widget\" data-widget_type=\"image.default\">\n\t\t\t\t<div class=\"elementor-widget-container\">\n\t\t\t\t\t\t\t\t\t\t\t\t\t\t\t\t<a href=\"https:\/\/filarmonicafaidese.ch\/faido2024\/wp-content\/uploads\/2024\/05\/Foto-1a-9.jpg\">\n\t\t\t\t\t\t\t<img loading=\"lazy\" decoding=\"async\" width=\"640\" height=\"427\" src=\"https:\/\/filarmonicafaidese.ch\/faido2024\/wp-content\/uploads\/2024\/05\/Foto-1a-9-768x512.jpg\" class=\"attachment-medium_large size-medium_large wp-image-5236\" alt=\"\" srcset=\"https:\/\/filarmonicafaidese.ch\/faido2024\/wp-content\/uploads\/2024\/05\/Foto-1a-9-768x512.jpg 768w, https:\/\/filarmonicafaidese.ch\/faido2024\/wp-content\/uploads\/2024\/05\/Foto-1a-9-300x200.jpg 300w, https:\/\/filarmonicafaidese.ch\/faido2024\/wp-content\/uploads\/2024\/05\/Foto-1a-9-1024x683.jpg 1024w, https:\/\/filarmonicafaidese.ch\/faido2024\/wp-content\/uploads\/2024\/05\/Foto-1a-9-1536x1024.jpg 1536w, https:\/\/filarmonicafaidese.ch\/faido2024\/wp-content\/uploads\/2024\/05\/Foto-1a-9-600x400.jpg 600w, https:\/\/filarmonicafaidese.ch\/faido2024\/wp-content\/uploads\/2024\/05\/Foto-1a-9.jpg 1800w\" sizes=\"(max-width: 640px) 100vw, 640px\" \/>\t\t\t\t\t\t\t\t<\/a>\n\t\t\t\t\t\t\t\t\t\t\t\t\t\t\t<\/div>\n\t\t\t\t<\/div>\n\t\t\t\t\t<\/div>\n\t\t<\/div>\n\t\t\t\t\t<\/div>\n\t\t<\/section>\n\t\t\t\t<section class=\"elementor-section elementor-top-section elementor-element elementor-element-4c236c5 elementor-section-boxed elementor-section-height-default elementor-section-height-default\" data-id=\"4c236c5\" data-element_type=\"section\" data-e-type=\"section\">\n\t\t\t\t\t\t<div class=\"elementor-container elementor-column-gap-default\">\n\t\t\t\t\t<div class=\"elementor-column elementor-col-100 elementor-top-column elementor-element elementor-element-5cedbd4\" data-id=\"5cedbd4\" data-element_type=\"column\" data-e-type=\"column\">\n\t\t\t<div class=\"elementor-widget-wrap elementor-element-populated\">\n\t\t\t\t\t\t<div class=\"elementor-element elementor-element-0df8383 elementor-widget elementor-widget-heading\" data-id=\"0df8383\" data-element_type=\"widget\" data-e-type=\"widget\" data-widget_type=\"heading.default\">\n\t\t\t\t<div class=\"elementor-widget-container\">\n\t\t\t\t\t<h2 class=\"elementor-heading-title elementor-size-default\">1.\tNome societ\u00e0: Filarmonica Curio-Castelrotto<br>\n2.\tAnno di nascita della societ\u00e0: 1988<br>\n3.\tNome e cognome del vostro maestro: Alessandro Ancellotti<br>\n4.\tNome e cognome del vostro presidente: Michele Paris<br>\n5.\tNumero di soci attivi\/musicanti: 40<br>\n6.\tEt\u00e0 del socio\/a attivo pi\u00f9 giovane: 14 anni<br>\n7.\tCos'\u00e8 per lui\/lei il mondo bandistico? \u00c8 passione e divertimento<br>\n8.\tEt\u00e0 del socio\/a attivo pi\u00f9 anziano\/a: 80 anni<br>\n9.\tCos'\u00e8 per lui\/lei il mondo bandistico? La possibilit\u00e0 di fare qualcosa di bello e appassionante con un gruppo di persone simpatiche<br>\n10.\tA quando risale l'ultima partecipazione della vostra societ\u00e0 ad un concorso? \u00c8 una prima assoluta, in quanto ci siamo affiliati alla febati relativamente tardi (nel 2015)<br>\n11.\tAvete partecipato alla Festa Cantonale di Faido 2004? Non direttamente, ma diversi membri della Filarmonica hanno partecipato con altre formazioni a quell'evento<br>\n12.\tSe s\u00ec, avete ancora una foto ricordo che volete condividere? Purtroppo, no<br>\n13.\tCosa vi aspettate dalla Festa Cantonale di Faido2024? Una giornata di divertimento, piacere di rivedere altri componenti di altre formazioni bandistiche e sentire della buona musica bandistica con magari anche delle idee nuove\n<br>\n <font color=\"#ff0000\">\u25a0 <\/font><br><br><b>Si esibir\u00e0:<\/b> <a href=\"https:\/\/filarmonicafaidese.ch\/faido2024\/domenica-19\/\" target=\"_blank\"><p style=\"font-family:Montserrat;font-size:16px\">domenica 19<\/p><\/a> alle 15:00<br>\n<b>Categoria:<\/b>  IV a giudizio<br>\n<b>Link alla pagina Facebook della:<\/b>  <a href=\"https:\/\/www.facebook.com\/FilarmonicaCurioCastelrotto\/\" target=\"_blank\"><p style=\"font-family:Montserrat;font-size:16px\">\"Filarmonica Curio-Castelrotto\"<\/p><\/a>\n<\/h2>\t\t\t\t<\/div>\n\t\t\t\t<\/div>\n\t\t\t\t\t<\/div>\n\t\t<\/div>\n\t\t\t\t\t<\/div>\n\t\t<\/section>\n\t\t\t\t<section class=\"elementor-section elementor-top-section elementor-element elementor-element-469f3a1 elementor-section-boxed elementor-section-height-default elementor-section-height-default\" data-id=\"469f3a1\" data-element_type=\"section\" data-e-type=\"section\" id=\"fil-giubiasco\">\n\t\t\t\t\t\t<div class=\"elementor-container elementor-column-gap-default\">\n\t\t\t\t\t<div class=\"elementor-column elementor-col-100 elementor-top-column elementor-element elementor-element-3cf1867\" data-id=\"3cf1867\" data-element_type=\"column\" data-e-type=\"column\">\n\t\t\t<div class=\"elementor-widget-wrap elementor-element-populated\">\n\t\t\t\t\t\t<div class=\"elementor-element elementor-element-05c77cf elementor-widget-divider--view-line elementor-widget elementor-widget-divider\" data-id=\"05c77cf\" data-element_type=\"widget\" data-e-type=\"widget\" data-widget_type=\"divider.default\">\n\t\t\t\t<div class=\"elementor-widget-container\">\n\t\t\t\t\t\t\t<div class=\"elementor-divider\">\n\t\t\t<span class=\"elementor-divider-separator\">\n\t\t\t\t\t\t<\/span>\n\t\t<\/div>\n\t\t\t\t\t\t<\/div>\n\t\t\t\t<\/div>\n\t\t\t\t\t<\/div>\n\t\t<\/div>\n\t\t\t\t\t<\/div>\n\t\t<\/section>\n\t\t\t\t<section class=\"elementor-section elementor-top-section elementor-element elementor-element-775e42f elementor-section-boxed elementor-section-height-default elementor-section-height-default\" data-id=\"775e42f\" data-element_type=\"section\" data-e-type=\"section\">\n\t\t\t\t\t\t<div class=\"elementor-container elementor-column-gap-default\">\n\t\t\t\t\t<div class=\"elementor-column elementor-col-100 elementor-top-column elementor-element elementor-element-c0ec8b7\" data-id=\"c0ec8b7\" data-element_type=\"column\" data-e-type=\"column\">\n\t\t\t<div class=\"elementor-widget-wrap elementor-element-populated\">\n\t\t\t\t\t\t<div class=\"elementor-element elementor-element-fbf8ec9 elementor-widget elementor-widget-heading\" data-id=\"fbf8ec9\" data-element_type=\"widget\" data-e-type=\"widget\" data-widget_type=\"heading.default\">\n\t\t\t\t<div class=\"elementor-widget-container\">\n\t\t\t\t\t<h2 class=\"elementor-heading-title elementor-size-default\">CIVICA FILARMONICA GIUBIASCO<\/h2>\t\t\t\t<\/div>\n\t\t\t\t<\/div>\n\t\t\t\t\t<\/div>\n\t\t<\/div>\n\t\t\t\t\t<\/div>\n\t\t<\/section>\n\t\t\t\t<section class=\"elementor-section elementor-top-section elementor-element elementor-element-33f1e18 elementor-section-boxed elementor-section-height-default elementor-section-height-default\" data-id=\"33f1e18\" data-element_type=\"section\" data-e-type=\"section\">\n\t\t\t\t\t\t<div class=\"elementor-container elementor-column-gap-default\">\n\t\t\t\t\t<div class=\"elementor-column elementor-col-100 elementor-top-column elementor-element elementor-element-8bd15c9\" data-id=\"8bd15c9\" data-element_type=\"column\" data-e-type=\"column\">\n\t\t\t<div class=\"elementor-widget-wrap elementor-element-populated\">\n\t\t\t\t\t\t<div class=\"elementor-element elementor-element-0088057 elementor-widget elementor-widget-heading\" data-id=\"0088057\" data-element_type=\"widget\" data-e-type=\"widget\" data-widget_type=\"heading.default\">\n\t\t\t\t<div class=\"elementor-widget-container\">\n\t\t\t\t\t<h2 class=\"elementor-heading-title elementor-size-default\">1.\tNome societ\u00e0: Civica Filarmonica Giubiasco<br>\n2.\tAnno di nascita della societ\u00e0: 1903<br>\n3.\tNome e cognome del vostro maestro: Rolf Gabathuler<br>\n4.\tNome e cognome del vostro presidente: Valeria Gaia<br>\n5.\tNumero di soci attivi\/musicanti: 42<br>\n6.\tEt\u00e0 del socio\/a attivo pi\u00f9 giovane: 14 anni<br>\n7.\tCos'\u00e8 per lui\/lei il mondo bandistico? Suonare in Civica \u00e8 una cosa emozionante. L\u00ec capisci qual \u00e8 il vero suono della musica<br>\n8.\tEt\u00e0 del socio\/a attivo pi\u00f9 anziano\/a: 85 anni<br>\n9.\tCos'\u00e8 per lui\/lei il mondo bandistico? Mantenere allenato il cervello divertendosi con un bel gruppo di amici<br>\n10.\tA quando risale l'ultima partecipazione della vostra societ\u00e0 ad un concorso? Mendrisio 2019<br>\n11.\tAvete partecipato alla Festa Cantonale di Faido 2004? Si<br>\n12.\tSe si, avete ancora una foto ricordo che volete condividere?<br>\n13.\tCosa vi aspettate dalla Festa Cantonale di Faido2024? Musica e divertimento<br>\n <font color=\"#ff0000\">\u25a0 <\/font><br><br><b>Si esibir\u00e0:<\/b> <a href=\"https:\/\/filarmonicafaidese.ch\/faido2024\/lunedi-20\/\" target=\"_blank\"><p style=\"font-family:Montserrat;font-size:16px\">luned\u00ec 20<\/p><\/a> alle 11:20<br>\n<b>Categoria:<\/b>  III a giudizio<br>\n<b>Link al sito della:<\/b>  <a href=\"http:\/\/www.civica-giubiasco.ch\/\" target=\"_blank\"><p style=\"font-family:Montserrat;font-size:16px\">\"Civica Filarmonica Giubiasco\"<\/p><\/a>\n<\/h2>\t\t\t\t<\/div>\n\t\t\t\t<\/div>\n\t\t\t\t\t<\/div>\n\t\t<\/div>\n\t\t\t\t\t<\/div>\n\t\t<\/section>\n\t\t\t\t<section class=\"elementor-section elementor-top-section elementor-element elementor-element-077ab41 elementor-section-boxed elementor-section-height-default elementor-section-height-default\" data-id=\"077ab41\" data-element_type=\"section\" data-e-type=\"section\" id=\"fil-ligornetto\">\n\t\t\t\t\t\t<div class=\"elementor-container elementor-column-gap-default\">\n\t\t\t\t\t<div class=\"elementor-column elementor-col-100 elementor-top-column elementor-element elementor-element-e895b29\" data-id=\"e895b29\" data-element_type=\"column\" data-e-type=\"column\">\n\t\t\t<div class=\"elementor-widget-wrap elementor-element-populated\">\n\t\t\t\t\t\t<div class=\"elementor-element elementor-element-0319c3d elementor-widget-divider--view-line elementor-widget elementor-widget-divider\" data-id=\"0319c3d\" data-element_type=\"widget\" data-e-type=\"widget\" data-widget_type=\"divider.default\">\n\t\t\t\t<div class=\"elementor-widget-container\">\n\t\t\t\t\t\t\t<div class=\"elementor-divider\">\n\t\t\t<span class=\"elementor-divider-separator\">\n\t\t\t\t\t\t<\/span>\n\t\t<\/div>\n\t\t\t\t\t\t<\/div>\n\t\t\t\t<\/div>\n\t\t\t\t\t<\/div>\n\t\t<\/div>\n\t\t\t\t\t<\/div>\n\t\t<\/section>\n\t\t\t\t<section class=\"elementor-section elementor-top-section elementor-element elementor-element-803f5fe elementor-section-boxed elementor-section-height-default elementor-section-height-default\" data-id=\"803f5fe\" data-element_type=\"section\" data-e-type=\"section\">\n\t\t\t\t\t\t<div class=\"elementor-container elementor-column-gap-default\">\n\t\t\t\t\t<div class=\"elementor-column elementor-col-100 elementor-top-column elementor-element elementor-element-f5d9bfc\" data-id=\"f5d9bfc\" data-element_type=\"column\" data-e-type=\"column\">\n\t\t\t<div class=\"elementor-widget-wrap elementor-element-populated\">\n\t\t\t\t\t\t<div class=\"elementor-element elementor-element-e208932 elementor-widget elementor-widget-heading\" data-id=\"e208932\" data-element_type=\"widget\" data-e-type=\"widget\" data-widget_type=\"heading.default\">\n\t\t\t\t<div class=\"elementor-widget-container\">\n\t\t\t\t\t<h2 class=\"elementor-heading-title elementor-size-default\">FILARMONICA DI LIGORNETTO<\/h2>\t\t\t\t<\/div>\n\t\t\t\t<\/div>\n\t\t\t\t\t<\/div>\n\t\t<\/div>\n\t\t\t\t\t<\/div>\n\t\t<\/section>\n\t\t\t\t<section class=\"elementor-section elementor-top-section elementor-element elementor-element-0ec8802 elementor-section-boxed elementor-section-height-default elementor-section-height-default\" data-id=\"0ec8802\" data-element_type=\"section\" data-e-type=\"section\">\n\t\t\t\t\t\t<div class=\"elementor-container elementor-column-gap-default\">\n\t\t\t\t\t<div class=\"elementor-column elementor-col-100 elementor-top-column elementor-element elementor-element-150287c\" data-id=\"150287c\" data-element_type=\"column\" data-e-type=\"column\">\n\t\t\t<div class=\"elementor-widget-wrap elementor-element-populated\">\n\t\t\t\t\t\t<div class=\"elementor-element elementor-element-f552fbd elementor-widget elementor-widget-image\" data-id=\"f552fbd\" data-element_type=\"widget\" data-e-type=\"widget\" data-widget_type=\"image.default\">\n\t\t\t\t<div class=\"elementor-widget-container\">\n\t\t\t\t\t\t\t\t\t\t\t\t\t\t\t\t<a href=\"https:\/\/filarmonicafaidese.ch\/faido2024\/wp-content\/uploads\/2024\/05\/Foto-1a-8.jpg\">\n\t\t\t\t\t\t\t<img loading=\"lazy\" decoding=\"async\" width=\"640\" height=\"360\" src=\"https:\/\/filarmonicafaidese.ch\/faido2024\/wp-content\/uploads\/2024\/05\/Foto-1a-8-768x432.jpg\" class=\"attachment-medium_large size-medium_large wp-image-5228\" alt=\"\" srcset=\"https:\/\/filarmonicafaidese.ch\/faido2024\/wp-content\/uploads\/2024\/05\/Foto-1a-8-768x432.jpg 768w, https:\/\/filarmonicafaidese.ch\/faido2024\/wp-content\/uploads\/2024\/05\/Foto-1a-8-300x169.jpg 300w, https:\/\/filarmonicafaidese.ch\/faido2024\/wp-content\/uploads\/2024\/05\/Foto-1a-8-1024x576.jpg 1024w, https:\/\/filarmonicafaidese.ch\/faido2024\/wp-content\/uploads\/2024\/05\/Foto-1a-8-1536x864.jpg 1536w, https:\/\/filarmonicafaidese.ch\/faido2024\/wp-content\/uploads\/2024\/05\/Foto-1a-8-2048x1152.jpg 2048w\" sizes=\"(max-width: 640px) 100vw, 640px\" \/>\t\t\t\t\t\t\t\t<\/a>\n\t\t\t\t\t\t\t\t\t\t\t\t\t\t\t<\/div>\n\t\t\t\t<\/div>\n\t\t\t\t<div class=\"elementor-element elementor-element-9ec091a elementor-widget elementor-widget-image\" data-id=\"9ec091a\" data-element_type=\"widget\" data-e-type=\"widget\" data-widget_type=\"image.default\">\n\t\t\t\t<div class=\"elementor-widget-container\">\n\t\t\t\t\t\t\t\t\t\t\t\t\t\t\t\t<a href=\"https:\/\/filarmonicafaidese.ch\/faido2024\/wp-content\/uploads\/2024\/05\/Faido-2004-Ligornetto.jpg\">\n\t\t\t\t\t\t\t<img loading=\"lazy\" decoding=\"async\" width=\"640\" height=\"421\" src=\"https:\/\/filarmonicafaidese.ch\/faido2024\/wp-content\/uploads\/2024\/05\/Faido-2004-Ligornetto-768x505.jpg\" class=\"attachment-medium_large size-medium_large wp-image-5268\" alt=\"\" srcset=\"https:\/\/filarmonicafaidese.ch\/faido2024\/wp-content\/uploads\/2024\/05\/Faido-2004-Ligornetto-768x505.jpg 768w, https:\/\/filarmonicafaidese.ch\/faido2024\/wp-content\/uploads\/2024\/05\/Faido-2004-Ligornetto-300x197.jpg 300w, https:\/\/filarmonicafaidese.ch\/faido2024\/wp-content\/uploads\/2024\/05\/Faido-2004-Ligornetto.jpg 800w\" sizes=\"(max-width: 640px) 100vw, 640px\" \/>\t\t\t\t\t\t\t\t<\/a>\n\t\t\t\t\t\t\t\t\t\t\t\t\t\t\t<\/div>\n\t\t\t\t<\/div>\n\t\t\t\t\t<\/div>\n\t\t<\/div>\n\t\t\t\t\t<\/div>\n\t\t<\/section>\n\t\t\t\t<section class=\"elementor-section elementor-top-section elementor-element elementor-element-1c9486e elementor-section-boxed elementor-section-height-default elementor-section-height-default\" data-id=\"1c9486e\" data-element_type=\"section\" data-e-type=\"section\">\n\t\t\t\t\t\t<div class=\"elementor-container elementor-column-gap-default\">\n\t\t\t\t\t<div class=\"elementor-column elementor-col-100 elementor-top-column elementor-element elementor-element-4d03674\" data-id=\"4d03674\" data-element_type=\"column\" data-e-type=\"column\">\n\t\t\t<div class=\"elementor-widget-wrap elementor-element-populated\">\n\t\t\t\t\t\t<div class=\"elementor-element elementor-element-31dfd8c elementor-widget elementor-widget-heading\" data-id=\"31dfd8c\" data-element_type=\"widget\" data-e-type=\"widget\" data-widget_type=\"heading.default\">\n\t\t\t\t<div class=\"elementor-widget-container\">\n\t\t\t\t\t<h2 class=\"elementor-heading-title elementor-size-default\">1.\tNome societ\u00e0: Filarmonica di Ligornetto<br>\n2.\tAnno di nascita della societ\u00e0: 1933<br>\n3.\tNome e cognome del vostro maestro: Marco Valtulini<br>\n4.\tNome e cognome del vostro presidente: Nicola Caimi<br>\n5.\tNumero di soci attivi\/musicanti: 45<br>\n6.\tEt\u00e0 del socio\/a attivo pi\u00f9 giovane: 13 anni (Dario)<br>\n7.\tCos'\u00e8 per lui\/lei il mondo bandistico? Suonare in banda \u00e8 per me un momento di spensierato impegno che mi rende fiero e appagato!<br>\n8.\tEt\u00e0 del socio\/a attivo pi\u00f9 anziano\/a: 75 anni (Mattia)<br>\n9.\tCos'\u00e8 per lui\/lei il mondo bandistico? Condividere la passione per la musica in un gruppo con tanti giovani!<br>\n10.\tA quando risale l'ultima partecipazione della vostra societ\u00e0 ad un concorso? Al 2019 (Festa cantonale di Musica a Mendrisio)<br>\n11.\tAvete partecipato alla Festa Cantonale di Faido 2004? Si<br>\n12.\tSe si, avete ancora una foto ricordo che volete condividere? Certo<br>\n13.\tCosa vi aspettate dalla Festa Cantonale di Faido2024? Ci aspettiamo di divertirci insieme offrendo al pubblico emozioni con la nostra musica<br>\n <font color=\"#ff0000\">\u25a0 <\/font><br><br><b>Si esibir\u00e0:<\/b> <a href=\"https:\/\/filarmonicafaidese.ch\/faido2024\/lunedi-20\/\" target=\"_blank\"><p style=\"font-family:Montserrat;font-size:16px\">luned\u00ec 20<\/p><\/a> alle 11:40<br>\n<b>Categoria:<\/b>  III a giudizio<br>\n<b>Link al sito della:<\/b>  <a href=\"http:\/\/www.filarmonicadiligornetto.ch\/\" target=\"_blank\"><p style=\"font-family:Montserrat;font-size:16px\">\"Filarmonica di Ligornetto\"<\/p><\/a>\n<\/h2>\t\t\t\t<\/div>\n\t\t\t\t<\/div>\n\t\t\t\t\t<\/div>\n\t\t<\/div>\n\t\t\t\t\t<\/div>\n\t\t<\/section>\n\t\t\t\t<section class=\"elementor-section elementor-top-section elementor-element elementor-element-ff705e9 elementor-section-boxed elementor-section-height-default elementor-section-height-default\" data-id=\"ff705e9\" data-element_type=\"section\" data-e-type=\"section\" id=\"fil-lugano\">\n\t\t\t\t\t\t<div class=\"elementor-container elementor-column-gap-default\">\n\t\t\t\t\t<div class=\"elementor-column elementor-col-100 elementor-top-column elementor-element elementor-element-5aea376\" data-id=\"5aea376\" data-element_type=\"column\" data-e-type=\"column\">\n\t\t\t<div class=\"elementor-widget-wrap elementor-element-populated\">\n\t\t\t\t\t\t<div class=\"elementor-element elementor-element-e7e9888 elementor-widget-divider--view-line elementor-widget elementor-widget-divider\" data-id=\"e7e9888\" data-element_type=\"widget\" data-e-type=\"widget\" data-widget_type=\"divider.default\">\n\t\t\t\t<div class=\"elementor-widget-container\">\n\t\t\t\t\t\t\t<div class=\"elementor-divider\">\n\t\t\t<span class=\"elementor-divider-separator\">\n\t\t\t\t\t\t<\/span>\n\t\t<\/div>\n\t\t\t\t\t\t<\/div>\n\t\t\t\t<\/div>\n\t\t\t\t\t<\/div>\n\t\t<\/div>\n\t\t\t\t\t<\/div>\n\t\t<\/section>\n\t\t\t\t<section class=\"elementor-section elementor-top-section elementor-element elementor-element-968f6f9 elementor-section-boxed elementor-section-height-default elementor-section-height-default\" data-id=\"968f6f9\" data-element_type=\"section\" data-e-type=\"section\">\n\t\t\t\t\t\t<div class=\"elementor-container elementor-column-gap-default\">\n\t\t\t\t\t<div class=\"elementor-column elementor-col-100 elementor-top-column elementor-element elementor-element-c9a4967\" data-id=\"c9a4967\" data-element_type=\"column\" data-e-type=\"column\">\n\t\t\t<div class=\"elementor-widget-wrap elementor-element-populated\">\n\t\t\t\t\t\t<div class=\"elementor-element elementor-element-f701495 elementor-widget elementor-widget-heading\" data-id=\"f701495\" data-element_type=\"widget\" data-e-type=\"widget\" data-widget_type=\"heading.default\">\n\t\t\t\t<div class=\"elementor-widget-container\">\n\t\t\t\t\t<h2 class=\"elementor-heading-title elementor-size-default\">CIVICA FILARMONICA DI LUGANO<\/h2>\t\t\t\t<\/div>\n\t\t\t\t<\/div>\n\t\t\t\t\t<\/div>\n\t\t<\/div>\n\t\t\t\t\t<\/div>\n\t\t<\/section>\n\t\t\t\t<section class=\"elementor-section elementor-top-section elementor-element elementor-element-a6c6fca elementor-section-boxed elementor-section-height-default elementor-section-height-default\" data-id=\"a6c6fca\" data-element_type=\"section\" data-e-type=\"section\">\n\t\t\t\t\t\t<div class=\"elementor-container elementor-column-gap-default\">\n\t\t\t\t\t<div class=\"elementor-column elementor-col-100 elementor-top-column elementor-element elementor-element-b519702\" data-id=\"b519702\" data-element_type=\"column\" data-e-type=\"column\">\n\t\t\t<div class=\"elementor-widget-wrap elementor-element-populated\">\n\t\t\t\t\t\t<div class=\"elementor-element elementor-element-bfb7ab5 elementor-widget elementor-widget-image\" data-id=\"bfb7ab5\" data-element_type=\"widget\" data-e-type=\"widget\" data-widget_type=\"image.default\">\n\t\t\t\t<div class=\"elementor-widget-container\">\n\t\t\t\t\t\t\t\t\t\t\t\t\t\t\t\t<a href=\"https:\/\/filarmonicafaidese.ch\/faido2024\/wp-content\/uploads\/2024\/05\/Foto-1a-6.jpg\">\n\t\t\t\t\t\t\t<img loading=\"lazy\" decoding=\"async\" width=\"640\" height=\"414\" src=\"https:\/\/filarmonicafaidese.ch\/faido2024\/wp-content\/uploads\/2024\/05\/Foto-1a-6-768x497.jpg\" class=\"attachment-medium_large size-medium_large wp-image-5219\" alt=\"\" srcset=\"https:\/\/filarmonicafaidese.ch\/faido2024\/wp-content\/uploads\/2024\/05\/Foto-1a-6-768x497.jpg 768w, https:\/\/filarmonicafaidese.ch\/faido2024\/wp-content\/uploads\/2024\/05\/Foto-1a-6-300x194.jpg 300w, https:\/\/filarmonicafaidese.ch\/faido2024\/wp-content\/uploads\/2024\/05\/Foto-1a-6-1024x663.jpg 1024w, https:\/\/filarmonicafaidese.ch\/faido2024\/wp-content\/uploads\/2024\/05\/Foto-1a-6-1536x995.jpg 1536w, https:\/\/filarmonicafaidese.ch\/faido2024\/wp-content\/uploads\/2024\/05\/Foto-1a-6.jpg 1853w\" sizes=\"(max-width: 640px) 100vw, 640px\" \/>\t\t\t\t\t\t\t\t<\/a>\n\t\t\t\t\t\t\t\t\t\t\t\t\t\t\t<\/div>\n\t\t\t\t<\/div>\n\t\t\t\t\t<\/div>\n\t\t<\/div>\n\t\t\t\t\t<\/div>\n\t\t<\/section>\n\t\t\t\t<section class=\"elementor-section elementor-top-section elementor-element elementor-element-3ab8037 elementor-section-boxed elementor-section-height-default elementor-section-height-default\" data-id=\"3ab8037\" data-element_type=\"section\" data-e-type=\"section\">\n\t\t\t\t\t\t<div class=\"elementor-container elementor-column-gap-default\">\n\t\t\t\t\t<div class=\"elementor-column elementor-col-100 elementor-top-column elementor-element elementor-element-6a94a29\" data-id=\"6a94a29\" data-element_type=\"column\" data-e-type=\"column\">\n\t\t\t<div class=\"elementor-widget-wrap elementor-element-populated\">\n\t\t\t\t\t\t<div class=\"elementor-element elementor-element-600f446 elementor-widget elementor-widget-heading\" data-id=\"600f446\" data-element_type=\"widget\" data-e-type=\"widget\" data-widget_type=\"heading.default\">\n\t\t\t\t<div class=\"elementor-widget-container\">\n\t\t\t\t\t<h2 class=\"elementor-heading-title elementor-size-default\">1.\tNome societ\u00e0: Civica Filarmonica di Lugano<br>\n2.\tAnno di nascita della societ\u00e0: 1830<br>\n3.\tNome e cognome del vostro maestro: Franco Cesarini<br>\n4.\tNome e cognome del vostro presidente: Luca Cattaneo<br>\n5.\tNumero di soci attivi\/musicanti: 87<br>\n6.\tEt\u00e0 del socio\/a attivo pi\u00f9 giovane: 18 anni<br>\n7.\tCos'\u00e8 per lui\/lei il mondo bandistico? -<br>\n8.\tEt\u00e0 del socio\/a attivo pi\u00f9 anziano\/a: 76 anni<br>\n9.\tCos'\u00e8 per lui\/lei il mondo bandistico? -<br>\n10.\tA quando risale l'ultima partecipazione della vostra societ\u00e0 ad un concorso? 2017 Flicorno d\u2019Oro<br>\n11.\tAvete partecipato alla Festa Cantonale di Faido 2004? Si<br>\n12.\tSe si, avete ancora una foto ricordo che volete condividere? \u2013<br>\n13.\tCosa vi aspettate dalla Festa Cantonale di Faido2024? Un momento di aggregazione e di condivisione<br>\n <font color=\"#ff0000\">\u25a0 <\/font><br><br><b>Si esibir\u00e0:<\/b> <a href=\"https:\/\/filarmonicafaidese.ch\/faido2024\/domenica-19\/\" target=\"_blank\"><p style=\"font-family:Montserrat;font-size:16px\">domenica 19<\/p><\/a> alle 13:30<br>\n<b>Categoria:<\/b>  eccellenza a giudizio<br>\n<b>Link al sito della:<\/b>  <a href=\"http:\/\/www.civicalugano.ch\/\" target=\"_blank\"><p style=\"font-family:Montserrat;font-size:16px\">\"Civica Filarmonica di Lugano\"<\/p><\/a>\n<\/h2>\t\t\t\t<\/div>\n\t\t\t\t<\/div>\n\t\t\t\t\t<\/div>\n\t\t<\/div>\n\t\t\t\t\t<\/div>\n\t\t<\/section>\n\t\t\t\t<section class=\"elementor-section elementor-top-section elementor-element elementor-element-f35165d elementor-section-boxed elementor-section-height-default elementor-section-height-default\" data-id=\"f35165d\" data-element_type=\"section\" data-e-type=\"section\" id=\"fil-massagno\">\n\t\t\t\t\t\t<div class=\"elementor-container elementor-column-gap-default\">\n\t\t\t\t\t<div class=\"elementor-column elementor-col-100 elementor-top-column elementor-element elementor-element-3f9c8b8\" data-id=\"3f9c8b8\" data-element_type=\"column\" data-e-type=\"column\">\n\t\t\t<div class=\"elementor-widget-wrap elementor-element-populated\">\n\t\t\t\t\t\t<div class=\"elementor-element elementor-element-3f03dde elementor-widget-divider--view-line elementor-widget elementor-widget-divider\" data-id=\"3f03dde\" data-element_type=\"widget\" data-e-type=\"widget\" data-widget_type=\"divider.default\">\n\t\t\t\t<div class=\"elementor-widget-container\">\n\t\t\t\t\t\t\t<div class=\"elementor-divider\">\n\t\t\t<span class=\"elementor-divider-separator\">\n\t\t\t\t\t\t<\/span>\n\t\t<\/div>\n\t\t\t\t\t\t<\/div>\n\t\t\t\t<\/div>\n\t\t\t\t\t<\/div>\n\t\t<\/div>\n\t\t\t\t\t<\/div>\n\t\t<\/section>\n\t\t\t\t<section class=\"elementor-section elementor-top-section elementor-element elementor-element-1501bde elementor-section-boxed elementor-section-height-default elementor-section-height-default\" data-id=\"1501bde\" data-element_type=\"section\" data-e-type=\"section\">\n\t\t\t\t\t\t<div class=\"elementor-container elementor-column-gap-default\">\n\t\t\t\t\t<div class=\"elementor-column elementor-col-100 elementor-top-column elementor-element elementor-element-1be2f5b\" data-id=\"1be2f5b\" data-element_type=\"column\" data-e-type=\"column\">\n\t\t\t<div class=\"elementor-widget-wrap elementor-element-populated\">\n\t\t\t\t\t\t<div class=\"elementor-element elementor-element-b3026d7 elementor-widget elementor-widget-heading\" data-id=\"b3026d7\" data-element_type=\"widget\" data-e-type=\"widget\" data-widget_type=\"heading.default\">\n\t\t\t\t<div class=\"elementor-widget-container\">\n\t\t\t\t\t<h2 class=\"elementor-heading-title elementor-size-default\">MASSAGNO MUSICA<\/h2>\t\t\t\t<\/div>\n\t\t\t\t<\/div>\n\t\t\t\t\t<\/div>\n\t\t<\/div>\n\t\t\t\t\t<\/div>\n\t\t<\/section>\n\t\t\t\t<section class=\"elementor-section elementor-top-section elementor-element elementor-element-007a9dc elementor-section-boxed elementor-section-height-default elementor-section-height-default\" data-id=\"007a9dc\" data-element_type=\"section\" data-e-type=\"section\">\n\t\t\t\t\t\t<div class=\"elementor-container elementor-column-gap-default\">\n\t\t\t\t\t<div class=\"elementor-column elementor-col-100 elementor-top-column elementor-element elementor-element-d4b5124\" data-id=\"d4b5124\" data-element_type=\"column\" data-e-type=\"column\">\n\t\t\t<div class=\"elementor-widget-wrap elementor-element-populated\">\n\t\t\t\t\t\t<div class=\"elementor-element elementor-element-35f753c elementor-widget elementor-widget-heading\" data-id=\"35f753c\" data-element_type=\"widget\" data-e-type=\"widget\" data-widget_type=\"heading.default\">\n\t\t\t\t<div class=\"elementor-widget-container\">\n\t\t\t\t\t<h2 class=\"elementor-heading-title elementor-size-default\">1.\tNome societ\u00e0: Massagno Musica<br>\n2.\tAnno di nascita della societ\u00e0: 1981<br>\n3.\tNome e cognome del vostro maestro: Andrea Norghauer<br>\n4.\tNome e cognome del vostro presidente: Andrea Porrini<br>\n <font color=\"#ff0000\">\u25a0 <\/font><br><br><b>Si esibir\u00e0:<\/b> <a href=\"https:\/\/filarmonicafaidese.ch\/faido2024\/lunedi-20\/\" target=\"_blank\"><p style=\"font-family:Montserrat;font-size:16px\">luned\u00ec 20<\/p><\/a> alle 13:30<br>\n<b>Categoria:<\/b>  III a giudizio<br>\n<b>Link al sito di:<\/b>  <a href=\"https:\/\/massagnomusica.ch\/\" target=\"_blank\"><p style=\"font-family:Montserrat;font-size:16px\">\"Massagno Musica\"<\/p><\/a>\n<\/h2>\t\t\t\t<\/div>\n\t\t\t\t<\/div>\n\t\t\t\t\t<\/div>\n\t\t<\/div>\n\t\t\t\t\t<\/div>\n\t\t<\/section>\n\t\t\t\t<section class=\"elementor-section elementor-top-section elementor-element elementor-element-32ca93f elementor-section-boxed elementor-section-height-default elementor-section-height-default\" data-id=\"32ca93f\" data-element_type=\"section\" data-e-type=\"section\" id=\"fil-vedeggio\">\n\t\t\t\t\t\t<div class=\"elementor-container elementor-column-gap-default\">\n\t\t\t\t\t<div class=\"elementor-column elementor-col-100 elementor-top-column elementor-element elementor-element-5a52934\" data-id=\"5a52934\" data-element_type=\"column\" data-e-type=\"column\">\n\t\t\t<div class=\"elementor-widget-wrap elementor-element-populated\">\n\t\t\t\t\t\t<div class=\"elementor-element elementor-element-14a038f elementor-widget-divider--view-line elementor-widget elementor-widget-divider\" data-id=\"14a038f\" data-element_type=\"widget\" data-e-type=\"widget\" data-widget_type=\"divider.default\">\n\t\t\t\t<div class=\"elementor-widget-container\">\n\t\t\t\t\t\t\t<div class=\"elementor-divider\">\n\t\t\t<span class=\"elementor-divider-separator\">\n\t\t\t\t\t\t<\/span>\n\t\t<\/div>\n\t\t\t\t\t\t<\/div>\n\t\t\t\t<\/div>\n\t\t\t\t\t<\/div>\n\t\t<\/div>\n\t\t\t\t\t<\/div>\n\t\t<\/section>\n\t\t\t\t<section class=\"elementor-section elementor-top-section elementor-element elementor-element-4fcf37c elementor-section-boxed elementor-section-height-default elementor-section-height-default\" data-id=\"4fcf37c\" data-element_type=\"section\" data-e-type=\"section\">\n\t\t\t\t\t\t<div class=\"elementor-container elementor-column-gap-default\">\n\t\t\t\t\t<div class=\"elementor-column elementor-col-100 elementor-top-column elementor-element elementor-element-e96a109\" data-id=\"e96a109\" data-element_type=\"column\" data-e-type=\"column\">\n\t\t\t<div class=\"elementor-widget-wrap elementor-element-populated\">\n\t\t\t\t\t\t<div class=\"elementor-element elementor-element-fd6d64b elementor-widget elementor-widget-heading\" data-id=\"fd6d64b\" data-element_type=\"widget\" data-e-type=\"widget\" data-widget_type=\"heading.default\">\n\t\t\t\t<div class=\"elementor-widget-container\">\n\t\t\t\t\t<h2 class=\"elementor-heading-title elementor-size-default\">FILARMONICA MEDIO VEDEGGIO<\/h2>\t\t\t\t<\/div>\n\t\t\t\t<\/div>\n\t\t\t\t\t<\/div>\n\t\t<\/div>\n\t\t\t\t\t<\/div>\n\t\t<\/section>\n\t\t\t\t<section class=\"elementor-section elementor-top-section elementor-element elementor-element-f3a483a elementor-section-boxed elementor-section-height-default elementor-section-height-default\" data-id=\"f3a483a\" data-element_type=\"section\" data-e-type=\"section\">\n\t\t\t\t\t\t<div class=\"elementor-container elementor-column-gap-default\">\n\t\t\t\t\t<div class=\"elementor-column elementor-col-100 elementor-top-column elementor-element elementor-element-c7361bd\" data-id=\"c7361bd\" data-element_type=\"column\" data-e-type=\"column\">\n\t\t\t<div class=\"elementor-widget-wrap elementor-element-populated\">\n\t\t\t\t\t\t<div class=\"elementor-element elementor-element-0c6c3a7 elementor-widget elementor-widget-heading\" data-id=\"0c6c3a7\" data-element_type=\"widget\" data-e-type=\"widget\" data-widget_type=\"heading.default\">\n\t\t\t\t<div class=\"elementor-widget-container\">\n\t\t\t\t\t<h2 class=\"elementor-heading-title elementor-size-default\">1.\tNome societ\u00e0: Filarmonica Medio Vedeggio<br>\n2.\tAnno di nascita della societ\u00e0: 1979<br>\n3.\tNome e cognome del vostro maestro: Mario Gerosa<br>\n4.\tNome e cognome del vostro presidente: Dario Fraschina<br>\n <font color=\"#ff0000\">\u25a0 <\/font><br><br><b>Si esibir\u00e0:<\/b> <a href=\"https:\/\/filarmonicafaidese.ch\/faido2024\/lunedi-20\/\" target=\"_blank\"><p style=\"font-family:Montserrat;font-size:16px\">luned\u00ec 20<\/p><\/a> alle 09:50<br>\n<b>Categoria:<\/b>  III a giudizio<br>\n<b>Link al sito di:<\/b>  <a href=\"http:\/\/www.filarmonicamediovedeggio.ch\/\" target=\"_blank\"><p style=\"font-family:Montserrat;font-size:16px\">\"Filarmonica Medio Vedeggio\"<\/p><\/a>\n<\/h2>\t\t\t\t<\/div>\n\t\t\t\t<\/div>\n\t\t\t\t\t<\/div>\n\t\t<\/div>\n\t\t\t\t\t<\/div>\n\t\t<\/section>\n\t\t\t\t<section class=\"elementor-section elementor-top-section elementor-element elementor-element-16360f2 elementor-section-boxed elementor-section-height-default elementor-section-height-default\" data-id=\"16360f2\" data-element_type=\"section\" data-e-type=\"section\" id=\"fil-mendrisio\">\n\t\t\t\t\t\t<div class=\"elementor-container elementor-column-gap-default\">\n\t\t\t\t\t<div class=\"elementor-column elementor-col-100 elementor-top-column elementor-element elementor-element-f2b9440\" data-id=\"f2b9440\" data-element_type=\"column\" data-e-type=\"column\">\n\t\t\t<div class=\"elementor-widget-wrap elementor-element-populated\">\n\t\t\t\t\t\t<div class=\"elementor-element elementor-element-40fa8b4 elementor-widget-divider--view-line elementor-widget elementor-widget-divider\" data-id=\"40fa8b4\" data-element_type=\"widget\" data-e-type=\"widget\" data-widget_type=\"divider.default\">\n\t\t\t\t<div class=\"elementor-widget-container\">\n\t\t\t\t\t\t\t<div class=\"elementor-divider\">\n\t\t\t<span class=\"elementor-divider-separator\">\n\t\t\t\t\t\t<\/span>\n\t\t<\/div>\n\t\t\t\t\t\t<\/div>\n\t\t\t\t<\/div>\n\t\t\t\t\t<\/div>\n\t\t<\/div>\n\t\t\t\t\t<\/div>\n\t\t<\/section>\n\t\t\t\t<section class=\"elementor-section elementor-top-section elementor-element elementor-element-f2e67ad elementor-section-boxed elementor-section-height-default elementor-section-height-default\" data-id=\"f2e67ad\" data-element_type=\"section\" data-e-type=\"section\">\n\t\t\t\t\t\t<div class=\"elementor-container elementor-column-gap-default\">\n\t\t\t\t\t<div class=\"elementor-column elementor-col-100 elementor-top-column elementor-element elementor-element-108ff73\" data-id=\"108ff73\" data-element_type=\"column\" data-e-type=\"column\">\n\t\t\t<div class=\"elementor-widget-wrap elementor-element-populated\">\n\t\t\t\t\t\t<div class=\"elementor-element elementor-element-07baddc elementor-widget elementor-widget-heading\" data-id=\"07baddc\" data-element_type=\"widget\" data-e-type=\"widget\" data-widget_type=\"heading.default\">\n\t\t\t\t<div class=\"elementor-widget-container\">\n\t\t\t\t\t<h2 class=\"elementor-heading-title elementor-size-default\">CIVICA FILARMONICA MENDRISIO<\/h2>\t\t\t\t<\/div>\n\t\t\t\t<\/div>\n\t\t\t\t\t<\/div>\n\t\t<\/div>\n\t\t\t\t\t<\/div>\n\t\t<\/section>\n\t\t\t\t<section class=\"elementor-section elementor-top-section elementor-element elementor-element-f0171c5 elementor-section-boxed elementor-section-height-default elementor-section-height-default\" data-id=\"f0171c5\" data-element_type=\"section\" data-e-type=\"section\">\n\t\t\t\t\t\t<div class=\"elementor-container elementor-column-gap-default\">\n\t\t\t\t\t<div class=\"elementor-column elementor-col-100 elementor-top-column elementor-element elementor-element-db80e23\" data-id=\"db80e23\" data-element_type=\"column\" data-e-type=\"column\">\n\t\t\t<div class=\"elementor-widget-wrap elementor-element-populated\">\n\t\t\t\t\t\t<div class=\"elementor-element elementor-element-6f36ed9 elementor-widget elementor-widget-heading\" data-id=\"6f36ed9\" data-element_type=\"widget\" data-e-type=\"widget\" data-widget_type=\"heading.default\">\n\t\t\t\t<div class=\"elementor-widget-container\">\n\t\t\t\t\t<h2 class=\"elementor-heading-title elementor-size-default\">1.\tNome societ\u00e0: Civica Filarmonica Mendrisio<br>\n2.\tAnno di nascita della societ\u00e0: 1926<br>\n3.\tNome e cognome del vostro maestro: Carlo Balmelli<br>\n4.\tNome e cognome del vostro presidente: Giovanni Jelmini<br>\n <font color=\"#ff0000\">\u25a0 <\/font><br><br><b>Si esibir\u00e0:<\/b> <a href=\"https:\/\/filarmonicafaidese.ch\/faido2024\/sabato-18\/\" target=\"_blank\"><p style=\"font-family:Montserrat;font-size:16px\">sabato 18<\/p><\/a> alle 13:30<br>\n<b>Categoria:<\/b>  eccellenza a giudizio<br>\n<b>Link al sito della:<\/b>  <a href=\"https:\/\/www.civicamendrisio.ch\/\" target=\"_blank\"><p style=\"font-family:Montserrat;font-size:16px\">\"Civica Filarmonica Mendrisio\"<\/p><\/a>\n<\/h2>\t\t\t\t<\/div>\n\t\t\t\t<\/div>\n\t\t\t\t\t<\/div>\n\t\t<\/div>\n\t\t\t\t\t<\/div>\n\t\t<\/section>\n\t\t\t\t<section class=\"elementor-section elementor-top-section elementor-element elementor-element-8dd4321 elementor-section-boxed elementor-section-height-default elementor-section-height-default\" data-id=\"8dd4321\" data-element_type=\"section\" data-e-type=\"section\" id=\"fil-mesocco\">\n\t\t\t\t\t\t<div class=\"elementor-container elementor-column-gap-default\">\n\t\t\t\t\t<div class=\"elementor-column elementor-col-100 elementor-top-column elementor-element elementor-element-60915ab\" data-id=\"60915ab\" data-element_type=\"column\" data-e-type=\"column\">\n\t\t\t<div class=\"elementor-widget-wrap elementor-element-populated\">\n\t\t\t\t\t\t<div class=\"elementor-element elementor-element-20c3639 elementor-widget-divider--view-line elementor-widget elementor-widget-divider\" data-id=\"20c3639\" data-element_type=\"widget\" data-e-type=\"widget\" data-widget_type=\"divider.default\">\n\t\t\t\t<div class=\"elementor-widget-container\">\n\t\t\t\t\t\t\t<div class=\"elementor-divider\">\n\t\t\t<span class=\"elementor-divider-separator\">\n\t\t\t\t\t\t<\/span>\n\t\t<\/div>\n\t\t\t\t\t\t<\/div>\n\t\t\t\t<\/div>\n\t\t\t\t\t<\/div>\n\t\t<\/div>\n\t\t\t\t\t<\/div>\n\t\t<\/section>\n\t\t\t\t<section class=\"elementor-section elementor-top-section elementor-element elementor-element-a92bffe elementor-section-boxed elementor-section-height-default elementor-section-height-default\" data-id=\"a92bffe\" data-element_type=\"section\" data-e-type=\"section\">\n\t\t\t\t\t\t<div class=\"elementor-container elementor-column-gap-default\">\n\t\t\t\t\t<div class=\"elementor-column elementor-col-100 elementor-top-column elementor-element elementor-element-c20c8c7\" data-id=\"c20c8c7\" data-element_type=\"column\" data-e-type=\"column\">\n\t\t\t<div class=\"elementor-widget-wrap elementor-element-populated\">\n\t\t\t\t\t\t<div class=\"elementor-element elementor-element-076a7ad elementor-widget elementor-widget-heading\" data-id=\"076a7ad\" data-element_type=\"widget\" data-e-type=\"widget\" data-widget_type=\"heading.default\">\n\t\t\t\t<div class=\"elementor-widget-container\">\n\t\t\t\t\t<h2 class=\"elementor-heading-title elementor-size-default\">ARMONIA ELVETICA MESOCCO<\/h2>\t\t\t\t<\/div>\n\t\t\t\t<\/div>\n\t\t\t\t\t<\/div>\n\t\t<\/div>\n\t\t\t\t\t<\/div>\n\t\t<\/section>\n\t\t\t\t<section class=\"elementor-section elementor-top-section elementor-element elementor-element-dc080d2 elementor-section-boxed elementor-section-height-default elementor-section-height-default\" data-id=\"dc080d2\" data-element_type=\"section\" data-e-type=\"section\">\n\t\t\t\t\t\t<div class=\"elementor-container elementor-column-gap-default\">\n\t\t\t\t\t<div class=\"elementor-column elementor-col-100 elementor-top-column elementor-element elementor-element-64a2d36\" data-id=\"64a2d36\" data-element_type=\"column\" data-e-type=\"column\">\n\t\t\t<div class=\"elementor-widget-wrap elementor-element-populated\">\n\t\t\t\t\t\t<div class=\"elementor-element elementor-element-98aff44 elementor-widget elementor-widget-heading\" data-id=\"98aff44\" data-element_type=\"widget\" data-e-type=\"widget\" data-widget_type=\"heading.default\">\n\t\t\t\t<div class=\"elementor-widget-container\">\n\t\t\t\t\t<h2 class=\"elementor-heading-title elementor-size-default\">1.\tNome societ\u00e0: Armonia Elvetica Mesocco<br>\n2.\tAnno di nascita della societ\u00e0: 1877<br>\n3.\tNome e cognome del vostro maestro: Matteo a Marca<br>\n4.\tNome e cognome del vostro presidente: Mattia Agnelli<br>\n <font color=\"#ff0000\">\u25a0 <\/font><br><br><b>Si esibir\u00e0:<\/b> <a href=\"https:\/\/filarmonicafaidese.ch\/faido2024\/domenica-19\/\" target=\"_blank\"><p style=\"font-family:Montserrat;font-size:16px\">domenica 19<\/p><\/a> alle 15:45<br>\n<b>Categoria:<\/b>  IV a concorso<br><\/h2>\t\t\t\t<\/div>\n\t\t\t\t<\/div>\n\t\t\t\t\t<\/div>\n\t\t<\/div>\n\t\t\t\t\t<\/div>\n\t\t<\/section>\n\t\t\t\t<section class=\"elementor-section elementor-top-section elementor-element elementor-element-e0e6121 elementor-section-boxed elementor-section-height-default elementor-section-height-default\" data-id=\"e0e6121\" data-element_type=\"section\" data-e-type=\"section\" id=\"fil-carasso\">\n\t\t\t\t\t\t<div class=\"elementor-container elementor-column-gap-default\">\n\t\t\t\t\t<div class=\"elementor-column elementor-col-100 elementor-top-column elementor-element elementor-element-d10718f\" data-id=\"d10718f\" data-element_type=\"column\" data-e-type=\"column\">\n\t\t\t<div class=\"elementor-widget-wrap elementor-element-populated\">\n\t\t\t\t\t\t<div class=\"elementor-element elementor-element-0bfdfc7 elementor-widget-divider--view-line elementor-widget elementor-widget-divider\" data-id=\"0bfdfc7\" data-element_type=\"widget\" data-e-type=\"widget\" data-widget_type=\"divider.default\">\n\t\t\t\t<div class=\"elementor-widget-container\">\n\t\t\t\t\t\t\t<div class=\"elementor-divider\">\n\t\t\t<span class=\"elementor-divider-separator\">\n\t\t\t\t\t\t<\/span>\n\t\t<\/div>\n\t\t\t\t\t\t<\/div>\n\t\t\t\t<\/div>\n\t\t\t\t\t<\/div>\n\t\t<\/div>\n\t\t\t\t\t<\/div>\n\t\t<\/section>\n\t\t\t\t<section class=\"elementor-section elementor-top-section elementor-element elementor-element-493242d elementor-section-boxed elementor-section-height-default elementor-section-height-default\" data-id=\"493242d\" data-element_type=\"section\" data-e-type=\"section\">\n\t\t\t\t\t\t<div class=\"elementor-container elementor-column-gap-default\">\n\t\t\t\t\t<div class=\"elementor-column elementor-col-100 elementor-top-column elementor-element elementor-element-08e8908\" data-id=\"08e8908\" data-element_type=\"column\" data-e-type=\"column\">\n\t\t\t<div class=\"elementor-widget-wrap elementor-element-populated\">\n\t\t\t\t\t\t<div class=\"elementor-element elementor-element-089bc89 elementor-widget elementor-widget-heading\" data-id=\"089bc89\" data-element_type=\"widget\" data-e-type=\"widget\" data-widget_type=\"heading.default\">\n\t\t\t\t<div class=\"elementor-widget-container\">\n\t\t\t\t\t<h2 class=\"elementor-heading-title elementor-size-default\">SOCIET\u00c0 FILARMONICA MONTE CARASSO - SEMENTINA<\/h2>\t\t\t\t<\/div>\n\t\t\t\t<\/div>\n\t\t\t\t\t<\/div>\n\t\t<\/div>\n\t\t\t\t\t<\/div>\n\t\t<\/section>\n\t\t\t\t<section class=\"elementor-section elementor-top-section elementor-element elementor-element-b15a603 elementor-section-boxed elementor-section-height-default elementor-section-height-default\" data-id=\"b15a603\" data-element_type=\"section\" data-e-type=\"section\">\n\t\t\t\t\t\t<div class=\"elementor-container elementor-column-gap-default\">\n\t\t\t\t\t<div class=\"elementor-column elementor-col-100 elementor-top-column elementor-element elementor-element-4377341\" data-id=\"4377341\" data-element_type=\"column\" data-e-type=\"column\">\n\t\t\t<div class=\"elementor-widget-wrap elementor-element-populated\">\n\t\t\t\t\t\t<div class=\"elementor-element elementor-element-ac5586b elementor-widget elementor-widget-image\" data-id=\"ac5586b\" data-element_type=\"widget\" data-e-type=\"widget\" data-widget_type=\"image.default\">\n\t\t\t\t<div class=\"elementor-widget-container\">\n\t\t\t\t\t\t\t\t\t\t\t\t\t\t\t\t<a href=\"https:\/\/filarmonicafaidese.ch\/faido2024\/wp-content\/uploads\/2024\/05\/Foto-1a-1.jpg\">\n\t\t\t\t\t\t\t<img loading=\"lazy\" decoding=\"async\" width=\"640\" height=\"480\" src=\"https:\/\/filarmonicafaidese.ch\/faido2024\/wp-content\/uploads\/2024\/05\/Foto-1a-1-768x576.jpg\" class=\"attachment-medium_large size-medium_large wp-image-5186\" alt=\"\" srcset=\"https:\/\/filarmonicafaidese.ch\/faido2024\/wp-content\/uploads\/2024\/05\/Foto-1a-1-768x576.jpg 768w, https:\/\/filarmonicafaidese.ch\/faido2024\/wp-content\/uploads\/2024\/05\/Foto-1a-1-300x225.jpg 300w, https:\/\/filarmonicafaidese.ch\/faido2024\/wp-content\/uploads\/2024\/05\/Foto-1a-1.jpg 1024w\" sizes=\"(max-width: 640px) 100vw, 640px\" \/>\t\t\t\t\t\t\t\t<\/a>\n\t\t\t\t\t\t\t\t\t\t\t\t\t\t\t<\/div>\n\t\t\t\t<\/div>\n\t\t\t\t\t<\/div>\n\t\t<\/div>\n\t\t\t\t\t<\/div>\n\t\t<\/section>\n\t\t\t\t<section class=\"elementor-section elementor-top-section elementor-element elementor-element-72be276 elementor-section-boxed elementor-section-height-default elementor-section-height-default\" data-id=\"72be276\" data-element_type=\"section\" data-e-type=\"section\">\n\t\t\t\t\t\t<div class=\"elementor-container elementor-column-gap-default\">\n\t\t\t\t\t<div class=\"elementor-column elementor-col-100 elementor-top-column elementor-element elementor-element-4007efd\" data-id=\"4007efd\" data-element_type=\"column\" data-e-type=\"column\">\n\t\t\t<div class=\"elementor-widget-wrap elementor-element-populated\">\n\t\t\t\t\t\t<div class=\"elementor-element elementor-element-7329d28 elementor-widget elementor-widget-heading\" data-id=\"7329d28\" data-element_type=\"widget\" data-e-type=\"widget\" data-widget_type=\"heading.default\">\n\t\t\t\t<div class=\"elementor-widget-container\">\n\t\t\t\t\t<h2 class=\"elementor-heading-title elementor-size-default\">1.\tNome societ\u00e0: Societ\u00e0 Filarmonica Monte Carasso - Sementina<br>\n2.\tAnno di nascita della societ\u00e0: 1993<br>\n3.\tNome e cognome del vostro maestro: Paolo Cervetti<br>\n4.\tNome e cognome del vostro presidente: Roberta Togni<br>\n5.\tNumero di soci attivi\/musicanti: 35<br>\n6.\tEt\u00e0 del socio\/a attivo pi\u00f9 giovane: 12 anni<br>\n7.\tCos'\u00e8 per lui\/lei il mondo bandistico? Un\u2019occasione per imparare dai pi\u00f9 grandi divertendomi<br>\n8.\tEt\u00e0 del socio\/a attivo pi\u00f9 anziano\/a: 85 anni<br>\n9.\tCos'\u00e8 per lui\/lei il mondo bandistico? Un momento di condivisione e scambio anche con ragazzi molto giovani<br>\n10.\tA quando risale l'ultima partecipazione della vostra societ\u00e0 ad un concorso? Festa Cantonale Bellinzona 2014 e Concorso interbandistico Bannio (IT) 20229<br>\n11.\tAvete partecipato alla Festa Cantonale di Faido 2004? Si<br>\n12.\tSe si, avete ancora una foto ricordo che volete condividere? Nessun foto trovata<br>\n13.\tCosa vi aspettate dalla Festa Cantonale di Faido2024? Momento di condivisione e confronto con altre bande, stimolo per migliorarsi<br>\n <font color=\"#ff0000\">\u25a0 <\/font><br><br><b>Si esibir\u00e0:<\/b> <a href=\"https:\/\/filarmonicafaidese.ch\/faido2024\/sabato-18\/\" target=\"_blank\"><p style=\"font-family:Montserrat;font-size:16px\">sabato 18<\/p><\/a> alle 09:30<br>\n<b>Categoria:<\/b>  III a concorso<br>\n<b>Link al sito della:<\/b>  <a href=\"http:\/\/www.filarmonica-mcs.ch\/\" target=\"_blank\"><p style=\"font-family:Montserrat;font-size:16px\">\"Societ\u00e0 Filarmonica Monte Carasso - Sementina\"<\/p><\/a>\n<\/h2>\t\t\t\t<\/div>\n\t\t\t\t<\/div>\n\t\t\t\t\t<\/div>\n\t\t<\/div>\n\t\t\t\t\t<\/div>\n\t\t<\/section>\n\t\t\t\t<section class=\"elementor-section elementor-top-section elementor-element elementor-element-9fe2091 elementor-section-boxed elementor-section-height-default elementor-section-height-default\" data-id=\"9fe2091\" data-element_type=\"section\" data-e-type=\"section\" id=\"fil-morbio\">\n\t\t\t\t\t\t<div class=\"elementor-container elementor-column-gap-default\">\n\t\t\t\t\t<div class=\"elementor-column elementor-col-100 elementor-top-column elementor-element elementor-element-8bfdc12\" data-id=\"8bfdc12\" data-element_type=\"column\" data-e-type=\"column\">\n\t\t\t<div class=\"elementor-widget-wrap elementor-element-populated\">\n\t\t\t\t\t\t<div class=\"elementor-element elementor-element-e77395e elementor-widget-divider--view-line elementor-widget elementor-widget-divider\" data-id=\"e77395e\" data-element_type=\"widget\" data-e-type=\"widget\" data-widget_type=\"divider.default\">\n\t\t\t\t<div class=\"elementor-widget-container\">\n\t\t\t\t\t\t\t<div class=\"elementor-divider\">\n\t\t\t<span class=\"elementor-divider-separator\">\n\t\t\t\t\t\t<\/span>\n\t\t<\/div>\n\t\t\t\t\t\t<\/div>\n\t\t\t\t<\/div>\n\t\t\t\t\t<\/div>\n\t\t<\/div>\n\t\t\t\t\t<\/div>\n\t\t<\/section>\n\t\t\t\t<section class=\"elementor-section elementor-top-section elementor-element elementor-element-bc217d6 elementor-section-boxed elementor-section-height-default elementor-section-height-default\" data-id=\"bc217d6\" data-element_type=\"section\" data-e-type=\"section\">\n\t\t\t\t\t\t<div class=\"elementor-container elementor-column-gap-default\">\n\t\t\t\t\t<div class=\"elementor-column elementor-col-100 elementor-top-column elementor-element elementor-element-e931981\" data-id=\"e931981\" data-element_type=\"column\" data-e-type=\"column\">\n\t\t\t<div class=\"elementor-widget-wrap elementor-element-populated\">\n\t\t\t\t\t\t<div class=\"elementor-element elementor-element-1017f48 elementor-widget elementor-widget-heading\" data-id=\"1017f48\" data-element_type=\"widget\" data-e-type=\"widget\" data-widget_type=\"heading.default\">\n\t\t\t\t<div class=\"elementor-widget-container\">\n\t\t\t\t\t<h2 class=\"elementor-heading-title elementor-size-default\">CIVICA FILARMONICA MORBIO INFERIORE<\/h2>\t\t\t\t<\/div>\n\t\t\t\t<\/div>\n\t\t\t\t\t<\/div>\n\t\t<\/div>\n\t\t\t\t\t<\/div>\n\t\t<\/section>\n\t\t\t\t<section class=\"elementor-section elementor-top-section elementor-element elementor-element-01d8a65 elementor-section-boxed elementor-section-height-default elementor-section-height-default\" data-id=\"01d8a65\" data-element_type=\"section\" data-e-type=\"section\">\n\t\t\t\t\t\t<div class=\"elementor-container elementor-column-gap-default\">\n\t\t\t\t\t<div class=\"elementor-column elementor-col-100 elementor-top-column elementor-element elementor-element-41559cf\" data-id=\"41559cf\" data-element_type=\"column\" data-e-type=\"column\">\n\t\t\t<div class=\"elementor-widget-wrap elementor-element-populated\">\n\t\t\t\t\t\t<div class=\"elementor-element elementor-element-311bf4e elementor-widget elementor-widget-image\" data-id=\"311bf4e\" data-element_type=\"widget\" data-e-type=\"widget\" data-widget_type=\"image.default\">\n\t\t\t\t<div class=\"elementor-widget-container\">\n\t\t\t\t\t\t\t\t\t\t\t\t\t\t\t\t<a href=\"https:\/\/filarmonicafaidese.ch\/faido2024\/wp-content\/uploads\/2024\/05\/Foto-1a-5.jpg\">\n\t\t\t\t\t\t\t<img loading=\"lazy\" decoding=\"async\" width=\"640\" height=\"426\" src=\"https:\/\/filarmonicafaidese.ch\/faido2024\/wp-content\/uploads\/2024\/05\/Foto-1a-5-768x511.jpg\" class=\"attachment-medium_large size-medium_large wp-image-5205\" alt=\"\" srcset=\"https:\/\/filarmonicafaidese.ch\/faido2024\/wp-content\/uploads\/2024\/05\/Foto-1a-5-768x511.jpg 768w, https:\/\/filarmonicafaidese.ch\/faido2024\/wp-content\/uploads\/2024\/05\/Foto-1a-5-300x200.jpg 300w, https:\/\/filarmonicafaidese.ch\/faido2024\/wp-content\/uploads\/2024\/05\/Foto-1a-5-1024x682.jpg 1024w, https:\/\/filarmonicafaidese.ch\/faido2024\/wp-content\/uploads\/2024\/05\/Foto-1a-5-1536x1022.jpg 1536w, https:\/\/filarmonicafaidese.ch\/faido2024\/wp-content\/uploads\/2024\/05\/Foto-1a-5-600x400.jpg 600w, https:\/\/filarmonicafaidese.ch\/faido2024\/wp-content\/uploads\/2024\/05\/Foto-1a-5.jpg 1803w\" sizes=\"(max-width: 640px) 100vw, 640px\" \/>\t\t\t\t\t\t\t\t<\/a>\n\t\t\t\t\t\t\t\t\t\t\t\t\t\t\t<\/div>\n\t\t\t\t<\/div>\n\t\t\t\t<div class=\"elementor-element elementor-element-48e896a elementor-widget elementor-widget-image\" data-id=\"48e896a\" data-element_type=\"widget\" data-e-type=\"widget\" data-widget_type=\"image.default\">\n\t\t\t\t<div class=\"elementor-widget-container\">\n\t\t\t\t\t\t\t\t\t\t\t\t\t\t\t\t<a href=\"https:\/\/filarmonicafaidese.ch\/faido2024\/wp-content\/uploads\/2024\/05\/Faido-2004-Morbio.jpg\">\n\t\t\t\t\t\t\t<img loading=\"lazy\" decoding=\"async\" width=\"640\" height=\"459\" src=\"https:\/\/filarmonicafaidese.ch\/faido2024\/wp-content\/uploads\/2024\/05\/Faido-2004-Morbio-768x551.jpg\" class=\"attachment-medium_large size-medium_large wp-image-5260\" alt=\"\" srcset=\"https:\/\/filarmonicafaidese.ch\/faido2024\/wp-content\/uploads\/2024\/05\/Faido-2004-Morbio-768x551.jpg 768w, https:\/\/filarmonicafaidese.ch\/faido2024\/wp-content\/uploads\/2024\/05\/Faido-2004-Morbio-300x215.jpg 300w, https:\/\/filarmonicafaidese.ch\/faido2024\/wp-content\/uploads\/2024\/05\/Faido-2004-Morbio-1024x735.jpg 1024w, https:\/\/filarmonicafaidese.ch\/faido2024\/wp-content\/uploads\/2024\/05\/Faido-2004-Morbio-1536x1102.jpg 1536w, https:\/\/filarmonicafaidese.ch\/faido2024\/wp-content\/uploads\/2024\/05\/Faido-2004-Morbio.jpg 1672w\" sizes=\"(max-width: 640px) 100vw, 640px\" \/>\t\t\t\t\t\t\t\t<\/a>\n\t\t\t\t\t\t\t\t\t\t\t\t\t\t\t<\/div>\n\t\t\t\t<\/div>\n\t\t\t\t\t<\/div>\n\t\t<\/div>\n\t\t\t\t\t<\/div>\n\t\t<\/section>\n\t\t\t\t<section class=\"elementor-section elementor-top-section elementor-element elementor-element-07ad2cb elementor-section-boxed elementor-section-height-default elementor-section-height-default\" data-id=\"07ad2cb\" data-element_type=\"section\" data-e-type=\"section\">\n\t\t\t\t\t\t<div class=\"elementor-container elementor-column-gap-default\">\n\t\t\t\t\t<div class=\"elementor-column elementor-col-100 elementor-top-column elementor-element elementor-element-600965a\" data-id=\"600965a\" data-element_type=\"column\" data-e-type=\"column\">\n\t\t\t<div class=\"elementor-widget-wrap elementor-element-populated\">\n\t\t\t\t\t\t<div class=\"elementor-element elementor-element-53ca566 elementor-widget elementor-widget-heading\" data-id=\"53ca566\" data-element_type=\"widget\" data-e-type=\"widget\" data-widget_type=\"heading.default\">\n\t\t\t\t<div class=\"elementor-widget-container\">\n\t\t\t\t\t<h2 class=\"elementor-heading-title elementor-size-default\">1.\tNome societ\u00e0: Civica Filarmonica Morbio Inferiore<br>\n2.\tAnno di nascita della societ\u00e0: 1984<br>\n3.\tNome e cognome del vostro maestro: Massimiliano Legnaro<br>\n4.\tNome e cognome del vostro presidente: Enrico Pusterla<br>\n5.\tNumero di soci attivi\/musicanti: 45<br>\n6.\tEt\u00e0 del socio\/a attivo pi\u00f9 giovane: 2 soci di 17 anni<br>\n7.\tCos'\u00e8 per lui\/lei il mondo bandistico? Per noi il mondo bandistico \u00e8 un ritrovo di appassionati, esperti e non, che amano la musica, suonare in compagnia ed esercitarsi tutti insieme per offrire della buona musica<br>\n8.\tEt\u00e0 del socio\/a attivo pi\u00f9 anziano\/a: 65 anni<br>\n9.\tCos'\u00e8 per lui\/lei il mondo bandistico? Mi \u00e8 stato chiesto di dare un contributo sul tema \u201cCos\u2019\u00e8 per te il mondo bandistico?\u201d come presentazione della Civica Filarmonica di Morbio Inferiore per la festa cantonale della musica di Faido 2024. Lo faccio con una certa titubanza perch\u00e9, anche se sembra che io sia il membro della banda anagraficamente pi\u00f9 anziano, non sono quello con il pi\u00f9 alto numero di anni di appartenenza all\u2019associazione. Inoltre, numerosi altri membri della banda ben pi\u00f9 competenti di me in tema musicale potrebbero sollevare qualche remora. Ritengo comunque in conclusione che ogni membro di una banda debba sapersi esprimere sul mondo bandistico e di conseguenza ho formulato le mie osservazioni. Il punto di partenza del mondo bandistico \u00e8 la banda (e ovviamente non mi riferisco solo a quella di Morbio): un gruppo di persone che si dedica alla cultura della musica, per principio a titolo amatoriale, che si riunisce in un numero di persone variabile dai 20 ai, talvolta, pi\u00f9 di 80 e che possono avere un\u2019et\u00e0 compresa tra i 10 e gli 80 (e oltre) anni, sotto la guida di un maestro. La partecipazione a titolo amatoriale \u00e8 la manifestazione del fatto che l\u2019attivit\u00e0 \u00e8 perlopi\u00f9 subordinata ad un\u2019attivit\u00e0 professionale (o per i pi\u00f9 giovani di studio), la volont\u00e0 di impiegare il proprio tempo libero con un impegno e non con uno svago \u00e8 un indizio del carattere determinato e intraprendente dei musicanti. L\u2019et\u00e0 che pu\u00f2 variare dai 10 agli 80 (e oltre) anni comporta che fino a tre generazioni possono interagire tra loro per raggiungere un fine comune: un parallelo con la vita quotidiana quanto al tema della convivenza intergenerazionale. L\u2019attivit\u00e0 pi\u00f9 squisitamente sostanziale (suonare) della banda ha un risvolto sicuramente meno nobile ma comunque fondamentale nella parte organizzativa: l\u2019esigenza primordiale di reperire la sala prove non \u00e8 propriamente la cosa pi\u00f9 scontata al pari di finanziarsi e di finanziare ogni iniziativa. Peraltro, finanziare ogni iniziativa significa curare una scuola di musica a prezzi molto modesti. Anche questi aspetti rappresentano un parallelo con la vita quotidiana quanto a necessit\u00e0 di procurarsi e gestire le risorse. La Civica Filarmonica svolge pure servizi per la comunit\u00e0 civile (come in occasione del 1\u00b0 agosto) e per la comunit\u00e0 religiosa (dalla pi\u00f9 nota partecipazione alla Festa della Madonna del 29 luglio alla meno nota partecipazione alla processione di Scudellate): cos\u00ec facendo la banda rinsalda i legami dell\u2019intera societ\u00e0. Non mancano servizi di altro genere (come l\u2019organizzazione di tombola o la partecipazione alla festa delle castagne) con finalit\u00e0 di realizzazione o di partecipazione a manifestazioni nelle quali hanno la priorit\u00e0 lo stare insieme e la convivialit\u00e0 (oltre che a servire indubbiamente per autofinanziarsi, e rimando al proposito a quanto scritto sopra). Quanto precede vale per tutte le bande a qualsiasi livello: in questo modo si costituisce spontaneamente di fatto il \u201cmondo bandistico\u201d. Il membro di una banda che entra in contatto con il membro di un\u2019altra banda, anche al di fuori dell\u2019attivit\u00e0 musicale, stabilisce subito un contatto privilegiato: entrambi si sintonizzano subito sulla frequenza che \u00e8 loro propria ed entrano subito in armonia sapendo di condividere gli stessi valori (tra i quali: un impegno supplementare alle incombenze quotidiane, la dedizione ad un fine ideale, le rinunce ad un appagamento immediato, la condivisione del successo, o ahinoi dell\u2019insuccesso, con gli altri). Ecco: \u201cCos\u2019\u00e8 per te il mondo bandistico?\u201d Viva la Banda, viva la Musica<br>\n10.\tA quando risale l'ultima partecipazione della vostra societ\u00e0 ad un concorso? Festa Cantonale Mendrisio 2019<br>\n11.\tAvete partecipato alla Festa Cantonale di Faido 2004? Si<br>\n12.\tSe si, avete ancora una foto ricordo che volete condividere? Certo<br>\n13.\tCosa vi aspettate dalla Festa Cantonale di Faido2024? Un momento di confronto. Il panorama bandistico svizzero gode di ottima salute, e un incontro di questa portata dovrebbe permettere di porre una lente di ingrandimento sul livello musicale del Canton Ticino. Accanto all'importanza del momento sociale e ricreativo, non dobbiamo dimenticare che le bande sono chiamate a tirare le somme del lavoro svolto nell'ultimo quadriennio. Mi aspetto una giuria attenta e un giudizio coerente con le performance delle formazioni a concorso: il confronto \u00e8 alla base della crescita. L'importanza non deve essere data alla classifica in s\u00e8, bens\u00ec al percorso che ogni formazione ha compiuto dall'ultima Festa Cantonale. Mi aspetto concentrazione, impegno e sudore della fronte: il tutto, per\u00f2, incorniciato dai volti sorridenti dei musicisti che, pur comprendendo l'importanza della prova alla quale sono chiamati, non dimentichino che la Musica - e nello specifico la musica bandistica - \u00e8, innanzitutto, piacere di vivere<br>\n <font color=\"#ff0000\">\u25a0 <\/font><br><br><b>Si esibir\u00e0:<\/b> <a href=\"https:\/\/filarmonicafaidese.ch\/faido2024\/sabato-18\/\" target=\"_blank\"><p style=\"font-family:Montserrat;font-size:16px\">sabato 18<\/p><\/a> alle 16:00<br>\n<b>Categoria:<\/b>  III a concorso<\/h2>\t\t\t\t<\/div>\n\t\t\t\t<\/div>\n\t\t\t\t\t<\/div>\n\t\t<\/div>\n\t\t\t\t\t<\/div>\n\t\t<\/section>\n\t\t\t\t<section class=\"elementor-section elementor-top-section elementor-element elementor-element-39a2926 elementor-section-boxed elementor-section-height-default elementor-section-height-default\" data-id=\"39a2926\" data-element_type=\"section\" data-e-type=\"section\" id=\"fil-novazzano\">\n\t\t\t\t\t\t<div class=\"elementor-container elementor-column-gap-default\">\n\t\t\t\t\t<div class=\"elementor-column elementor-col-100 elementor-top-column elementor-element elementor-element-a6a06a2\" data-id=\"a6a06a2\" data-element_type=\"column\" data-e-type=\"column\">\n\t\t\t<div class=\"elementor-widget-wrap elementor-element-populated\">\n\t\t\t\t\t\t<div class=\"elementor-element elementor-element-edbc64d elementor-widget-divider--view-line elementor-widget elementor-widget-divider\" data-id=\"edbc64d\" data-element_type=\"widget\" data-e-type=\"widget\" data-widget_type=\"divider.default\">\n\t\t\t\t<div class=\"elementor-widget-container\">\n\t\t\t\t\t\t\t<div class=\"elementor-divider\">\n\t\t\t<span class=\"elementor-divider-separator\">\n\t\t\t\t\t\t<\/span>\n\t\t<\/div>\n\t\t\t\t\t\t<\/div>\n\t\t\t\t<\/div>\n\t\t\t\t\t<\/div>\n\t\t<\/div>\n\t\t\t\t\t<\/div>\n\t\t<\/section>\n\t\t\t\t<section class=\"elementor-section elementor-top-section elementor-element elementor-element-2d4e28d elementor-section-boxed elementor-section-height-default elementor-section-height-default\" data-id=\"2d4e28d\" data-element_type=\"section\" data-e-type=\"section\">\n\t\t\t\t\t\t<div class=\"elementor-container elementor-column-gap-default\">\n\t\t\t\t\t<div class=\"elementor-column elementor-col-100 elementor-top-column elementor-element elementor-element-40f8075\" data-id=\"40f8075\" data-element_type=\"column\" data-e-type=\"column\">\n\t\t\t<div class=\"elementor-widget-wrap elementor-element-populated\">\n\t\t\t\t\t\t<div class=\"elementor-element elementor-element-9eec85e elementor-widget elementor-widget-heading\" data-id=\"9eec85e\" data-element_type=\"widget\" data-e-type=\"widget\" data-widget_type=\"heading.default\">\n\t\t\t\t<div class=\"elementor-widget-container\">\n\t\t\t\t\t<h2 class=\"elementor-heading-title elementor-size-default\">MUSICA UNIONE NOVAZZANO<\/h2>\t\t\t\t<\/div>\n\t\t\t\t<\/div>\n\t\t\t\t\t<\/div>\n\t\t<\/div>\n\t\t\t\t\t<\/div>\n\t\t<\/section>\n\t\t\t\t<section class=\"elementor-section elementor-top-section elementor-element elementor-element-0acdd72 elementor-section-boxed elementor-section-height-default elementor-section-height-default\" data-id=\"0acdd72\" data-element_type=\"section\" data-e-type=\"section\">\n\t\t\t\t\t\t<div class=\"elementor-container elementor-column-gap-default\">\n\t\t\t\t\t<div class=\"elementor-column elementor-col-100 elementor-top-column elementor-element elementor-element-c04d399\" data-id=\"c04d399\" data-element_type=\"column\" data-e-type=\"column\">\n\t\t\t<div class=\"elementor-widget-wrap elementor-element-populated\">\n\t\t\t\t\t\t<div class=\"elementor-element elementor-element-251269d elementor-widget elementor-widget-image\" data-id=\"251269d\" data-element_type=\"widget\" data-e-type=\"widget\" data-widget_type=\"image.default\">\n\t\t\t\t<div class=\"elementor-widget-container\">\n\t\t\t\t\t\t\t\t\t\t\t\t\t\t\t\t<a href=\"https:\/\/filarmonicafaidese.ch\/faido2024\/wp-content\/uploads\/2024\/05\/Foto-6.jpg\">\n\t\t\t\t\t\t\t<img loading=\"lazy\" decoding=\"async\" width=\"640\" height=\"427\" src=\"https:\/\/filarmonicafaidese.ch\/faido2024\/wp-content\/uploads\/2024\/05\/Foto-6-768x512.jpg\" class=\"attachment-medium_large size-medium_large wp-image-5215\" alt=\"\" srcset=\"https:\/\/filarmonicafaidese.ch\/faido2024\/wp-content\/uploads\/2024\/05\/Foto-6-768x512.jpg 768w, https:\/\/filarmonicafaidese.ch\/faido2024\/wp-content\/uploads\/2024\/05\/Foto-6-300x200.jpg 300w, https:\/\/filarmonicafaidese.ch\/faido2024\/wp-content\/uploads\/2024\/05\/Foto-6-1024x682.jpg 1024w, https:\/\/filarmonicafaidese.ch\/faido2024\/wp-content\/uploads\/2024\/05\/Foto-6-600x400.jpg 600w, https:\/\/filarmonicafaidese.ch\/faido2024\/wp-content\/uploads\/2024\/05\/Foto-6.jpg 1120w\" sizes=\"(max-width: 640px) 100vw, 640px\" \/>\t\t\t\t\t\t\t\t<\/a>\n\t\t\t\t\t\t\t\t\t\t\t\t\t\t\t<\/div>\n\t\t\t\t<\/div>\n\t\t\t\t\t<\/div>\n\t\t<\/div>\n\t\t\t\t\t<\/div>\n\t\t<\/section>\n\t\t\t\t<section class=\"elementor-section elementor-top-section elementor-element elementor-element-65f89c0 elementor-section-boxed elementor-section-height-default elementor-section-height-default\" data-id=\"65f89c0\" data-element_type=\"section\" data-e-type=\"section\">\n\t\t\t\t\t\t<div class=\"elementor-container elementor-column-gap-default\">\n\t\t\t\t\t<div class=\"elementor-column elementor-col-100 elementor-top-column elementor-element elementor-element-680cf6c\" data-id=\"680cf6c\" data-element_type=\"column\" data-e-type=\"column\">\n\t\t\t<div class=\"elementor-widget-wrap elementor-element-populated\">\n\t\t\t\t\t\t<div class=\"elementor-element elementor-element-e8a1a63 elementor-widget elementor-widget-heading\" data-id=\"e8a1a63\" data-element_type=\"widget\" data-e-type=\"widget\" data-widget_type=\"heading.default\">\n\t\t\t\t<div class=\"elementor-widget-container\">\n\t\t\t\t\t<h2 class=\"elementor-heading-title elementor-size-default\">1.\tNome societ\u00e0: Musica Unione Novazzano<br>\n2.\tAnno di nascita della societ\u00e0: 1915<br>\n3.\tNome e cognome del vostro maestro: Filippo Bassi<br>\n4.\tNome e cognome del vostro presidente: Laura Terzi<br>\n5.\tNumero di soci attivi\/musicanti: 67<br>\n6.\tEt\u00e0 del socio\/a attivo pi\u00f9 giovane: 13 anni<br>\n7.\tCos'\u00e8 per lui\/lei il mondo bandistico? -<br>\n8.\tEt\u00e0 del socio\/a attivo pi\u00f9 anziano\/a: 84 anni<br>\n9.\tCos'\u00e8 per lui\/lei il mondo bandistico? -<br>\n10.\tA quando risale l'ultima partecipazione della vostra societ\u00e0 ad un concorso? 2019, Festa cantonale Mendrisio<br>\n11.\tAvete partecipato alla Festa Cantonale di Faido 2004? Si<br>\n12.\tSe si, avete ancora una foto ricordo che volete condividere? \u2013<br>\n13.\tCosa vi aspettate dalla Festa Cantonale di Faido2024? una bella Festa della Musica, con la musica bandistica al centro in un ambiente festoso e di condivisione<br>\n <font color=\"#ff0000\">\u25a0 <\/font><br><br><b>Si esibir\u00e0:<\/b> <a href=\"https:\/\/filarmonicafaidese.ch\/faido2024\/domenica-19\/\" target=\"_blank\"><p style=\"font-family:Montserrat;font-size:16px\">domenica 19<\/p><\/a> alle 10:00<br>\n<b>Categoria:<\/b>  II a concorso<br>\n<b>Link al sito della:<\/b>  <a href=\"http:\/\/www.mun.ch\/\" target=\"_blank\"><p style=\"font-family:Montserrat;font-size:16px\">\"Musica Unione Novazzano\"<\/p><\/a>\n<\/h2>\t\t\t\t<\/div>\n\t\t\t\t<\/div>\n\t\t\t\t\t<\/div>\n\t\t<\/div>\n\t\t\t\t\t<\/div>\n\t\t<\/section>\n\t\t\t\t<section class=\"elementor-section elementor-top-section elementor-element elementor-element-d464025 elementor-section-boxed elementor-section-height-default elementor-section-height-default\" data-id=\"d464025\" data-element_type=\"section\" data-e-type=\"section\" id=\"fil-olivone\">\n\t\t\t\t\t\t<div class=\"elementor-container elementor-column-gap-default\">\n\t\t\t\t\t<div class=\"elementor-column elementor-col-100 elementor-top-column elementor-element elementor-element-cfca902\" data-id=\"cfca902\" data-element_type=\"column\" data-e-type=\"column\">\n\t\t\t<div class=\"elementor-widget-wrap elementor-element-populated\">\n\t\t\t\t\t\t<div class=\"elementor-element elementor-element-87eb9f3 elementor-widget-divider--view-line elementor-widget elementor-widget-divider\" data-id=\"87eb9f3\" data-element_type=\"widget\" data-e-type=\"widget\" data-widget_type=\"divider.default\">\n\t\t\t\t<div class=\"elementor-widget-container\">\n\t\t\t\t\t\t\t<div class=\"elementor-divider\">\n\t\t\t<span class=\"elementor-divider-separator\">\n\t\t\t\t\t\t<\/span>\n\t\t<\/div>\n\t\t\t\t\t\t<\/div>\n\t\t\t\t<\/div>\n\t\t\t\t\t<\/div>\n\t\t<\/div>\n\t\t\t\t\t<\/div>\n\t\t<\/section>\n\t\t\t\t<section class=\"elementor-section elementor-top-section elementor-element elementor-element-a5098d8 elementor-section-boxed elementor-section-height-default elementor-section-height-default\" data-id=\"a5098d8\" data-element_type=\"section\" data-e-type=\"section\">\n\t\t\t\t\t\t<div class=\"elementor-container elementor-column-gap-default\">\n\t\t\t\t\t<div class=\"elementor-column elementor-col-100 elementor-top-column elementor-element elementor-element-62b4d97\" data-id=\"62b4d97\" data-element_type=\"column\" data-e-type=\"column\">\n\t\t\t<div class=\"elementor-widget-wrap elementor-element-populated\">\n\t\t\t\t\t\t<div class=\"elementor-element elementor-element-2149d1c elementor-widget elementor-widget-heading\" data-id=\"2149d1c\" data-element_type=\"widget\" data-e-type=\"widget\" data-widget_type=\"heading.default\">\n\t\t\t\t<div class=\"elementor-widget-container\">\n\t\t\t\t\t<h2 class=\"elementor-heading-title elementor-size-default\">CORPO MUSICALE OLIVONESE<\/h2>\t\t\t\t<\/div>\n\t\t\t\t<\/div>\n\t\t\t\t\t<\/div>\n\t\t<\/div>\n\t\t\t\t\t<\/div>\n\t\t<\/section>\n\t\t\t\t<section class=\"elementor-section elementor-top-section elementor-element elementor-element-e480039 elementor-section-boxed elementor-section-height-default elementor-section-height-default\" data-id=\"e480039\" data-element_type=\"section\" data-e-type=\"section\">\n\t\t\t\t\t\t<div class=\"elementor-container elementor-column-gap-default\">\n\t\t\t\t\t<div class=\"elementor-column elementor-col-100 elementor-top-column elementor-element elementor-element-2d12c18\" data-id=\"2d12c18\" data-element_type=\"column\" data-e-type=\"column\">\n\t\t\t<div class=\"elementor-widget-wrap elementor-element-populated\">\n\t\t\t\t\t\t<div class=\"elementor-element elementor-element-a4ee3ad elementor-widget elementor-widget-image\" data-id=\"a4ee3ad\" data-element_type=\"widget\" data-e-type=\"widget\" data-widget_type=\"image.default\">\n\t\t\t\t<div class=\"elementor-widget-container\">\n\t\t\t\t\t\t\t\t\t\t\t\t\t\t\t\t<a href=\"https:\/\/filarmonicafaidese.ch\/faido2024\/wp-content\/uploads\/2024\/05\/Foto-1a-7.jpg\">\n\t\t\t\t\t\t\t<img loading=\"lazy\" decoding=\"async\" width=\"640\" height=\"427\" src=\"https:\/\/filarmonicafaidese.ch\/faido2024\/wp-content\/uploads\/2024\/05\/Foto-1a-7-768x512.jpg\" class=\"attachment-medium_large size-medium_large wp-image-5223\" alt=\"\" srcset=\"https:\/\/filarmonicafaidese.ch\/faido2024\/wp-content\/uploads\/2024\/05\/Foto-1a-7-768x512.jpg 768w, https:\/\/filarmonicafaidese.ch\/faido2024\/wp-content\/uploads\/2024\/05\/Foto-1a-7-300x200.jpg 300w, https:\/\/filarmonicafaidese.ch\/faido2024\/wp-content\/uploads\/2024\/05\/Foto-1a-7-1024x683.jpg 1024w, https:\/\/filarmonicafaidese.ch\/faido2024\/wp-content\/uploads\/2024\/05\/Foto-1a-7-1536x1024.jpg 1536w, https:\/\/filarmonicafaidese.ch\/faido2024\/wp-content\/uploads\/2024\/05\/Foto-1a-7-600x400.jpg 600w, https:\/\/filarmonicafaidese.ch\/faido2024\/wp-content\/uploads\/2024\/05\/Foto-1a-7.jpg 1800w\" sizes=\"(max-width: 640px) 100vw, 640px\" \/>\t\t\t\t\t\t\t\t<\/a>\n\t\t\t\t\t\t\t\t\t\t\t\t\t\t\t<\/div>\n\t\t\t\t<\/div>\n\t\t\t\t<div class=\"elementor-element elementor-element-78844ae elementor-widget elementor-widget-image\" data-id=\"78844ae\" data-element_type=\"widget\" data-e-type=\"widget\" data-widget_type=\"image.default\">\n\t\t\t\t<div class=\"elementor-widget-container\">\n\t\t\t\t\t\t\t\t\t\t\t\t\t\t\t\t<a href=\"https:\/\/filarmonicafaidese.ch\/faido2024\/wp-content\/uploads\/2024\/05\/Faido-2004-Olivone.jpg\">\n\t\t\t\t\t\t\t<img loading=\"lazy\" decoding=\"async\" width=\"640\" height=\"428\" src=\"https:\/\/filarmonicafaidese.ch\/faido2024\/wp-content\/uploads\/2024\/05\/Faido-2004-Olivone-768x514.jpg\" class=\"attachment-medium_large size-medium_large wp-image-5264\" alt=\"\" srcset=\"https:\/\/filarmonicafaidese.ch\/faido2024\/wp-content\/uploads\/2024\/05\/Faido-2004-Olivone-768x514.jpg 768w, https:\/\/filarmonicafaidese.ch\/faido2024\/wp-content\/uploads\/2024\/05\/Faido-2004-Olivone-300x201.jpg 300w, https:\/\/filarmonicafaidese.ch\/faido2024\/wp-content\/uploads\/2024\/05\/Faido-2004-Olivone-1024x686.jpg 1024w, https:\/\/filarmonicafaidese.ch\/faido2024\/wp-content\/uploads\/2024\/05\/Faido-2004-Olivone-1536x1028.jpg 1536w, https:\/\/filarmonicafaidese.ch\/faido2024\/wp-content\/uploads\/2024\/05\/Faido-2004-Olivone-600x400.jpg 600w, https:\/\/filarmonicafaidese.ch\/faido2024\/wp-content\/uploads\/2024\/05\/Faido-2004-Olivone.jpg 1840w\" sizes=\"(max-width: 640px) 100vw, 640px\" \/>\t\t\t\t\t\t\t\t<\/a>\n\t\t\t\t\t\t\t\t\t\t\t\t\t\t\t<\/div>\n\t\t\t\t<\/div>\n\t\t\t\t\t<\/div>\n\t\t<\/div>\n\t\t\t\t\t<\/div>\n\t\t<\/section>\n\t\t\t\t<section class=\"elementor-section elementor-top-section elementor-element elementor-element-37938e8 elementor-section-boxed elementor-section-height-default elementor-section-height-default\" data-id=\"37938e8\" data-element_type=\"section\" data-e-type=\"section\">\n\t\t\t\t\t\t<div class=\"elementor-container elementor-column-gap-default\">\n\t\t\t\t\t<div class=\"elementor-column elementor-col-100 elementor-top-column elementor-element elementor-element-31e03ac\" data-id=\"31e03ac\" data-element_type=\"column\" data-e-type=\"column\">\n\t\t\t<div class=\"elementor-widget-wrap elementor-element-populated\">\n\t\t\t\t\t\t<div class=\"elementor-element elementor-element-4066128 elementor-widget elementor-widget-heading\" data-id=\"4066128\" data-element_type=\"widget\" data-e-type=\"widget\" data-widget_type=\"heading.default\">\n\t\t\t\t<div class=\"elementor-widget-container\">\n\t\t\t\t\t<h2 class=\"elementor-heading-title elementor-size-default\">1.\tNome societ\u00e0: Corpo Musicale Olivonese<br>\n2.\tAnno di nascita della societ\u00e0: 1913<br>\n3.\tNome e cognome del vostro maestro: Misciaele Viteritti<br>\n4.\tNome e cognome del vostro presidente: Graziano Sangalli<br>\n5.\tNumero di soci attivi\/musicanti: 37<br>\n6.\tEt\u00e0 del socio\/a attivo pi\u00f9 giovane: 15 anni<br>\n7.\tCos'\u00e8 per lui\/lei il mondo bandistico? Suonare in banda mi permette di stare con i ragazzi della mia et\u00e0 e incontrare altre persone che hanno la stessa passione per la musica<br>\n8.\tEt\u00e0 del socio\/a attivo pi\u00f9 anziano\/a: 79 anni<br>\n9.\tCos'\u00e8 per lui\/lei il mondo bandistico? La musica bandistica \u00e8 la possibilit\u00e0 di suonare diversi generi musicali, da quelli classici a quelli pi\u00f9 moderni, misurandosi con stili molto differenti e stimolanti. Inoltre la banda permette l\u2019incontro di diverse generazioni di musicisti e il passaggio di preziose esperienze<br>\n10.\tA quando risale l'ultima partecipazione della vostra societ\u00e0 ad un concorso? Alla FCM 2019 di Mendrisio<br>\n11.\tAvete partecipato alla Festa Cantonale di Faido 2004? Si<br>\n12.\tSe si, avete ancora una foto ricordo che volete condividere? Si<br>\n13.\tCosa vi aspettate dalla Festa Cantonale di Faido2024? Un ambiente piacevole, la possibilit\u00e0 di ascoltare altre bande di diverse categorie e tanto entusiasmo. Possibilit\u00e0 di fare esperienza per i pi\u00f9 giovani<br>\n <font color=\"#ff0000\">\u25a0 <\/font><br><br><b>Si esibir\u00e0:<\/b> <a href=\"https:\/\/filarmonicafaidese.ch\/faido2024\/sabato-18\/\" target=\"_blank\"><p style=\"font-family:Montserrat;font-size:16px\">sabato 18<\/p><\/a> alle 14:30<br>\n<b>Categoria:<\/b>  III a concorso<br>\n<b>Link al sito del:<\/b>  <a href=\"http:\/\/www.cmolivone.ch\/\" target=\"_blank\"><p style=\"font-family:Montserrat;font-size:16px\">\"Corpo Musicale Olivonese\"<\/p><\/a>\n<\/h2>\t\t\t\t<\/div>\n\t\t\t\t<\/div>\n\t\t\t\t\t<\/div>\n\t\t<\/div>\n\t\t\t\t\t<\/div>\n\t\t<\/section>\n\t\t\t\t<section class=\"elementor-section elementor-top-section elementor-element elementor-element-37d15f2 elementor-section-boxed elementor-section-height-default elementor-section-height-default\" data-id=\"37d15f2\" data-element_type=\"section\" data-e-type=\"section\" id=\"fil-pregassona\">\n\t\t\t\t\t\t<div class=\"elementor-container elementor-column-gap-default\">\n\t\t\t\t\t<div class=\"elementor-column elementor-col-100 elementor-top-column elementor-element elementor-element-4d7c7c7\" data-id=\"4d7c7c7\" data-element_type=\"column\" data-e-type=\"column\">\n\t\t\t<div class=\"elementor-widget-wrap elementor-element-populated\">\n\t\t\t\t\t\t<div class=\"elementor-element elementor-element-1d4d36c elementor-widget-divider--view-line elementor-widget elementor-widget-divider\" data-id=\"1d4d36c\" data-element_type=\"widget\" data-e-type=\"widget\" data-widget_type=\"divider.default\">\n\t\t\t\t<div class=\"elementor-widget-container\">\n\t\t\t\t\t\t\t<div class=\"elementor-divider\">\n\t\t\t<span class=\"elementor-divider-separator\">\n\t\t\t\t\t\t<\/span>\n\t\t<\/div>\n\t\t\t\t\t\t<\/div>\n\t\t\t\t<\/div>\n\t\t\t\t\t<\/div>\n\t\t<\/div>\n\t\t\t\t\t<\/div>\n\t\t<\/section>\n\t\t\t\t<section class=\"elementor-section elementor-top-section elementor-element elementor-element-4054201 elementor-section-boxed elementor-section-height-default elementor-section-height-default\" data-id=\"4054201\" data-element_type=\"section\" data-e-type=\"section\">\n\t\t\t\t\t\t<div class=\"elementor-container elementor-column-gap-default\">\n\t\t\t\t\t<div class=\"elementor-column elementor-col-100 elementor-top-column elementor-element elementor-element-82cc632\" data-id=\"82cc632\" data-element_type=\"column\" data-e-type=\"column\">\n\t\t\t<div class=\"elementor-widget-wrap elementor-element-populated\">\n\t\t\t\t\t\t<div class=\"elementor-element elementor-element-7c73757 elementor-widget elementor-widget-heading\" data-id=\"7c73757\" data-element_type=\"widget\" data-e-type=\"widget\" data-widget_type=\"heading.default\">\n\t\t\t\t<div class=\"elementor-widget-container\">\n\t\t\t\t\t<h2 class=\"elementor-heading-title elementor-size-default\">FILARMONICA PREGASSONA CITT\u00c0 DI LUGANO<\/h2>\t\t\t\t<\/div>\n\t\t\t\t<\/div>\n\t\t\t\t\t<\/div>\n\t\t<\/div>\n\t\t\t\t\t<\/div>\n\t\t<\/section>\n\t\t\t\t<section class=\"elementor-section elementor-top-section elementor-element elementor-element-c7dc38e elementor-section-boxed elementor-section-height-default elementor-section-height-default\" data-id=\"c7dc38e\" data-element_type=\"section\" data-e-type=\"section\">\n\t\t\t\t\t\t<div class=\"elementor-container elementor-column-gap-default\">\n\t\t\t\t\t<div class=\"elementor-column elementor-col-100 elementor-top-column elementor-element elementor-element-42a1789\" data-id=\"42a1789\" data-element_type=\"column\" data-e-type=\"column\">\n\t\t\t<div class=\"elementor-widget-wrap elementor-element-populated\">\n\t\t\t\t\t\t<div class=\"elementor-element elementor-element-0956091 elementor-widget elementor-widget-heading\" data-id=\"0956091\" data-element_type=\"widget\" data-e-type=\"widget\" data-widget_type=\"heading.default\">\n\t\t\t\t<div class=\"elementor-widget-container\">\n\t\t\t\t\t<h2 class=\"elementor-heading-title elementor-size-default\">1.\tNome societ\u00e0: Filarmonica Pregassona citt\u00e0 di Lugano<br>\n2.\tAnno di nascita della societ\u00e0: 1902<br>\n3.\tNome e cognome del vostro maestro: Davide Miniscalco<br>\n4.\tNome e cognome del vostro presidente: Curzio Bertola<br>\n5.\tNumero di soci attivi\/musicanti: 40<br>\n6.\tEt\u00e0 del socio\/a attivo pi\u00f9 giovane: 15 anni<br>\n7.\tCos'\u00e8 per lui\/lei il mondo bandistico?<br> \n8.\tEt\u00e0 del socio\/a attivo pi\u00f9 anziano\/a: 82 anni<br>\n9.\tCos'\u00e8 per lui\/lei il mondo bandistico? <br>\n10.\tA quando risale l'ultima partecipazione della vostra societ\u00e0 ad un concorso? 2019 alla festa della Musica di Mendrisio<br>\n11.\tAvete partecipato alla Festa Cantonale di Faido 2004? Si<br>\n12.\tSe si, avete ancora una foto ricordo che volete condividere?<br>\n13.\tCosa vi aspettate dalla Festa Cantonale di Faido2024? La Festa della Musica, come altri concorsi \u00e8 l'occasione per \"misurare\" la qualit\u00e0 della nostra musica. Sar\u00e0 inoltre un momento di aggregazione con altri musicanti e la possibilit\u00e0 di ascoltare altre realt\u00e0 musicali. Ci\u00f2 potrebbe aprirci ad altre esperienze e proposte. Da ultimo, ma non per importanza, speriamo di divertirci con il vostro variegato programma<br>\n <font color=\"#ff0000\">\u25a0 <\/font><br><br><b>Si esibir\u00e0:<\/b> <a href=\"https:\/\/filarmonicafaidese.ch\/faido2024\/sabato-18\/\" target=\"_blank\"><p style=\"font-family:Montserrat;font-size:16px\">sabato 18<\/p><\/a> alle 11:00<br>\n<b>Categoria:<\/b>  III a concorso<br>\n<b>Link alla pagina Facebook della:<\/b>  <a href=\"https:\/\/www.facebook.com\/filarmonicapregassona\/\" target=\"_blank\"><p style=\"font-family:Montserrat;font-size:16px\">\"Filarmonica Pregassona\"<\/p><\/a>\n<\/h2>\t\t\t\t<\/div>\n\t\t\t\t<\/div>\n\t\t\t\t\t<\/div>\n\t\t<\/div>\n\t\t\t\t\t<\/div>\n\t\t<\/section>\n\t\t\t\t<section class=\"elementor-section elementor-top-section elementor-element elementor-element-b1d4066 elementor-section-boxed elementor-section-height-default elementor-section-height-default\" data-id=\"b1d4066\" data-element_type=\"section\" data-e-type=\"section\" id=\"fil-riva\">\n\t\t\t\t\t\t<div class=\"elementor-container elementor-column-gap-default\">\n\t\t\t\t\t<div class=\"elementor-column elementor-col-100 elementor-top-column elementor-element elementor-element-aa4c972\" data-id=\"aa4c972\" data-element_type=\"column\" data-e-type=\"column\">\n\t\t\t<div class=\"elementor-widget-wrap elementor-element-populated\">\n\t\t\t\t\t\t<div class=\"elementor-element elementor-element-1b57640 elementor-widget-divider--view-line elementor-widget elementor-widget-divider\" data-id=\"1b57640\" data-element_type=\"widget\" data-e-type=\"widget\" data-widget_type=\"divider.default\">\n\t\t\t\t<div class=\"elementor-widget-container\">\n\t\t\t\t\t\t\t<div class=\"elementor-divider\">\n\t\t\t<span class=\"elementor-divider-separator\">\n\t\t\t\t\t\t<\/span>\n\t\t<\/div>\n\t\t\t\t\t\t<\/div>\n\t\t\t\t<\/div>\n\t\t\t\t\t<\/div>\n\t\t<\/div>\n\t\t\t\t\t<\/div>\n\t\t<\/section>\n\t\t\t\t<section class=\"elementor-section elementor-top-section elementor-element elementor-element-c8f2b70 elementor-section-boxed elementor-section-height-default elementor-section-height-default\" data-id=\"c8f2b70\" data-element_type=\"section\" data-e-type=\"section\">\n\t\t\t\t\t\t<div class=\"elementor-container elementor-column-gap-default\">\n\t\t\t\t\t<div class=\"elementor-column elementor-col-100 elementor-top-column elementor-element elementor-element-4fc2256\" data-id=\"4fc2256\" data-element_type=\"column\" data-e-type=\"column\">\n\t\t\t<div class=\"elementor-widget-wrap elementor-element-populated\">\n\t\t\t\t\t\t<div class=\"elementor-element elementor-element-d8a272b elementor-widget elementor-widget-heading\" data-id=\"d8a272b\" data-element_type=\"widget\" data-e-type=\"widget\" data-widget_type=\"heading.default\">\n\t\t\t\t<div class=\"elementor-widget-container\">\n\t\t\t\t\t<h2 class=\"elementor-heading-title elementor-size-default\">FILARMONICA COMUNALE - RIVA SAN VITALE<\/h2>\t\t\t\t<\/div>\n\t\t\t\t<\/div>\n\t\t\t\t\t<\/div>\n\t\t<\/div>\n\t\t\t\t\t<\/div>\n\t\t<\/section>\n\t\t\t\t<section class=\"elementor-section elementor-top-section elementor-element elementor-element-8c2d5a3 elementor-section-boxed elementor-section-height-default elementor-section-height-default\" data-id=\"8c2d5a3\" data-element_type=\"section\" data-e-type=\"section\">\n\t\t\t\t\t\t<div class=\"elementor-container elementor-column-gap-default\">\n\t\t\t\t\t<div class=\"elementor-column elementor-col-100 elementor-top-column elementor-element elementor-element-e54307e\" data-id=\"e54307e\" data-element_type=\"column\" data-e-type=\"column\">\n\t\t\t<div class=\"elementor-widget-wrap elementor-element-populated\">\n\t\t\t\t\t\t<div class=\"elementor-element elementor-element-763ae23 elementor-widget elementor-widget-image\" data-id=\"763ae23\" data-element_type=\"widget\" data-e-type=\"widget\" data-widget_type=\"image.default\">\n\t\t\t\t<div class=\"elementor-widget-container\">\n\t\t\t\t\t\t\t\t\t\t\t\t\t\t\t\t<a href=\"https:\/\/filarmonicafaidese.ch\/faido2024\/wp-content\/uploads\/2024\/05\/Foto-2a.jpg\">\n\t\t\t\t\t\t\t<img loading=\"lazy\" decoding=\"async\" width=\"640\" height=\"359\" src=\"https:\/\/filarmonicafaidese.ch\/faido2024\/wp-content\/uploads\/2024\/05\/Foto-2a-768x431.jpg\" class=\"attachment-medium_large size-medium_large wp-image-5181\" alt=\"\" srcset=\"https:\/\/filarmonicafaidese.ch\/faido2024\/wp-content\/uploads\/2024\/05\/Foto-2a-768x431.jpg 768w, https:\/\/filarmonicafaidese.ch\/faido2024\/wp-content\/uploads\/2024\/05\/Foto-2a-300x169.jpg 300w, https:\/\/filarmonicafaidese.ch\/faido2024\/wp-content\/uploads\/2024\/05\/Foto-2a-1024x575.jpg 1024w, https:\/\/filarmonicafaidese.ch\/faido2024\/wp-content\/uploads\/2024\/05\/Foto-2a-1536x863.jpg 1536w, https:\/\/filarmonicafaidese.ch\/faido2024\/wp-content\/uploads\/2024\/05\/Foto-2a-2048x1151.jpg 2048w\" sizes=\"(max-width: 640px) 100vw, 640px\" \/>\t\t\t\t\t\t\t\t<\/a>\n\t\t\t\t\t\t\t\t\t\t\t\t\t\t\t<\/div>\n\t\t\t\t<\/div>\n\t\t\t\t\t<\/div>\n\t\t<\/div>\n\t\t\t\t\t<\/div>\n\t\t<\/section>\n\t\t\t\t<section class=\"elementor-section elementor-top-section elementor-element elementor-element-9f3f91a elementor-section-boxed elementor-section-height-default elementor-section-height-default\" data-id=\"9f3f91a\" data-element_type=\"section\" data-e-type=\"section\">\n\t\t\t\t\t\t<div class=\"elementor-container elementor-column-gap-default\">\n\t\t\t\t\t<div class=\"elementor-column elementor-col-100 elementor-top-column elementor-element elementor-element-df31984\" data-id=\"df31984\" data-element_type=\"column\" data-e-type=\"column\">\n\t\t\t<div class=\"elementor-widget-wrap elementor-element-populated\">\n\t\t\t\t\t\t<div class=\"elementor-element elementor-element-2b8f7cd elementor-widget elementor-widget-heading\" data-id=\"2b8f7cd\" data-element_type=\"widget\" data-e-type=\"widget\" data-widget_type=\"heading.default\">\n\t\t\t\t<div class=\"elementor-widget-container\">\n\t\t\t\t\t<h2 class=\"elementor-heading-title elementor-size-default\">1.\tNome societ\u00e0: Filarmonica Comunale - Riva San Vitale<br>\n2.\tAnno di nascita della societ\u00e0: 1930<br>\n3.\tNome e cognome del vostro maestro: Francesco Iannelli<br>\n4.\tNome e cognome del vostro presidente: Gianni R\u00fctsch<br>\n5.\tNumero di soci attivi\/musicanti: 64<br>\n6.\tEt\u00e0 del socio\/a attivo pi\u00f9 giovane: 14 anni<br>\n7.\tCos'\u00e8 per lui\/lei il mondo bandistico? -<br>\n8.\tEt\u00e0 del socio\/a attivo pi\u00f9 anziano\/a: 78 anni<br>\n9.\tCos'\u00e8 per lui\/lei il mondo bandistico? 65 anni di appartenenza alla nostra Filarmonica - non manco ad una prova e da 65 anni sono onorato di far parte di questa Societ\u00e0<br>\n10.\tA quando risale l'ultima partecipazione della vostra societ\u00e0 ad un concorso? Festa Cantonale di Mendrisio 2019 (a giudizio)<br>\n11.\tAvete partecipato alla Festa Cantonale di Faido 2004? Non partecipato alla Festa Cantonale di Faido 2004<br>\n12.\tSe si, avete ancora una foto ricordo che volete condividere? \u2013<br>\n13.\tCosa vi aspettate dalla Festa Cantonale di Faido2024? Una bellissima giornata all'insegna dell'amicizia tramite la musica bandistica<br>\n <font color=\"#ff0000\">\u25a0 <\/font><br><br><b>Si esibir\u00e0:<\/b> <a href=\"https:\/\/filarmonicafaidese.ch\/faido2024\/domenica-19\/\" target=\"_blank\"><p style=\"font-family:Montserrat;font-size:16px\">domenica 19<\/p><\/a> alle 11:30<br>\n<b>Categoria:<\/b>  II a concorso<br>\n<b>Link al sito della:<\/b>  <a href=\"http:\/\/www.filarmonica-riva.ch\/\" target=\"_blank\"><p style=\"font-family:Montserrat;font-size:16px\">\"Filarmonica Comunale Riva San Vitale\"<\/p><\/a>\n<\/h2>\t\t\t\t<\/div>\n\t\t\t\t<\/div>\n\t\t\t\t\t<\/div>\n\t\t<\/div>\n\t\t\t\t\t<\/div>\n\t\t<\/section>\n\t\t\t\t<section class=\"elementor-section elementor-top-section elementor-element elementor-element-0de4127 elementor-section-boxed elementor-section-height-default elementor-section-height-default\" data-id=\"0de4127\" data-element_type=\"section\" data-e-type=\"section\" id=\"fil-rontal\">\n\t\t\t\t\t\t<div class=\"elementor-container elementor-column-gap-default\">\n\t\t\t\t\t<div class=\"elementor-column elementor-col-100 elementor-top-column elementor-element elementor-element-9b01158\" data-id=\"9b01158\" data-element_type=\"column\" data-e-type=\"column\">\n\t\t\t<div class=\"elementor-widget-wrap elementor-element-populated\">\n\t\t\t\t\t\t<div class=\"elementor-element elementor-element-7850a3d elementor-widget-divider--view-line elementor-widget elementor-widget-divider\" data-id=\"7850a3d\" data-element_type=\"widget\" data-e-type=\"widget\" data-widget_type=\"divider.default\">\n\t\t\t\t<div class=\"elementor-widget-container\">\n\t\t\t\t\t\t\t<div class=\"elementor-divider\">\n\t\t\t<span class=\"elementor-divider-separator\">\n\t\t\t\t\t\t<\/span>\n\t\t<\/div>\n\t\t\t\t\t\t<\/div>\n\t\t\t\t<\/div>\n\t\t\t\t\t<\/div>\n\t\t<\/div>\n\t\t\t\t\t<\/div>\n\t\t<\/section>\n\t\t\t\t<section class=\"elementor-section elementor-top-section elementor-element elementor-element-cc6de24 elementor-section-boxed elementor-section-height-default elementor-section-height-default\" data-id=\"cc6de24\" data-element_type=\"section\" data-e-type=\"section\">\n\t\t\t\t\t\t<div class=\"elementor-container elementor-column-gap-default\">\n\t\t\t\t\t<div class=\"elementor-column elementor-col-100 elementor-top-column elementor-element elementor-element-b88d5ee\" data-id=\"b88d5ee\" data-element_type=\"column\" data-e-type=\"column\">\n\t\t\t<div class=\"elementor-widget-wrap elementor-element-populated\">\n\t\t\t\t\t\t<div class=\"elementor-element elementor-element-bfb7859 elementor-widget elementor-widget-heading\" data-id=\"bfb7859\" data-element_type=\"widget\" data-e-type=\"widget\" data-widget_type=\"heading.default\">\n\t\t\t\t<div class=\"elementor-widget-container\">\n\t\t\t\t\t<h2 class=\"elementor-heading-title elementor-size-default\">YOUNG WIND BAND RONTAL<\/h2>\t\t\t\t<\/div>\n\t\t\t\t<\/div>\n\t\t\t\t\t<\/div>\n\t\t<\/div>\n\t\t\t\t\t<\/div>\n\t\t<\/section>\n\t\t\t\t<section class=\"elementor-section elementor-top-section elementor-element elementor-element-8dcd6a5 elementor-section-boxed elementor-section-height-default elementor-section-height-default\" data-id=\"8dcd6a5\" data-element_type=\"section\" data-e-type=\"section\">\n\t\t\t\t\t\t<div class=\"elementor-container elementor-column-gap-default\">\n\t\t\t\t\t<div class=\"elementor-column elementor-col-100 elementor-top-column elementor-element elementor-element-a246a80\" data-id=\"a246a80\" data-element_type=\"column\" data-e-type=\"column\">\n\t\t\t<div class=\"elementor-widget-wrap elementor-element-populated\">\n\t\t\t\t\t\t<div class=\"elementor-element elementor-element-ec78db8 elementor-widget elementor-widget-heading\" data-id=\"ec78db8\" data-element_type=\"widget\" data-e-type=\"widget\" data-widget_type=\"heading.default\">\n\t\t\t\t<div class=\"elementor-widget-container\">\n\t\t\t\t\t<h2 class=\"elementor-heading-title elementor-size-default\">1.\tNome societ\u00e0: Young Wind Band Rontal<br>\n2.\tAnno di nascita della societ\u00e0: -<br>\n3.\tNome e cognome del vostro maestro: Roman Caprez<br>\n4.\tNome e cognome del vostro presidente: Daniel Bernet<br>\n <font color=\"#ff0000\">\u25a0 <\/font><br><br><b>Si esibir\u00e0:<\/b> <a href=\"https:\/\/filarmonicafaidese.ch\/faido2024\/domenica-19\/\" target=\"_blank\"><p style=\"font-family:Montserrat;font-size:16px\">domenica 19<\/p><\/a> alle 14:30<br>\n<b>Categoria:<\/b>  II a concorso<br>\n<b>Link al sito della:<\/b>  <a href=\"https:\/\/ywb.ch\/\" target=\"_blank\"><p style=\"font-family:Montserrat;font-size:16px\">\"Young Wind Band Rontal\"<\/p><\/a>\n<\/h2>\t\t\t\t<\/div>\n\t\t\t\t<\/div>\n\t\t\t\t\t<\/div>\n\t\t<\/div>\n\t\t\t\t\t<\/div>\n\t\t<\/section>\n\t\t\t\t<section class=\"elementor-section elementor-top-section elementor-element elementor-element-82b6969 elementor-section-boxed elementor-section-height-default elementor-section-height-default\" data-id=\"82b6969\" data-element_type=\"section\" data-e-type=\"section\" id=\"fil-roveredo\">\n\t\t\t\t\t\t<div class=\"elementor-container elementor-column-gap-default\">\n\t\t\t\t\t<div class=\"elementor-column elementor-col-100 elementor-top-column elementor-element elementor-element-c868a38\" data-id=\"c868a38\" data-element_type=\"column\" data-e-type=\"column\">\n\t\t\t<div class=\"elementor-widget-wrap elementor-element-populated\">\n\t\t\t\t\t\t<div class=\"elementor-element elementor-element-8be29f8 elementor-widget-divider--view-line elementor-widget elementor-widget-divider\" data-id=\"8be29f8\" data-element_type=\"widget\" data-e-type=\"widget\" data-widget_type=\"divider.default\">\n\t\t\t\t<div class=\"elementor-widget-container\">\n\t\t\t\t\t\t\t<div class=\"elementor-divider\">\n\t\t\t<span class=\"elementor-divider-separator\">\n\t\t\t\t\t\t<\/span>\n\t\t<\/div>\n\t\t\t\t\t\t<\/div>\n\t\t\t\t<\/div>\n\t\t\t\t\t<\/div>\n\t\t<\/div>\n\t\t\t\t\t<\/div>\n\t\t<\/section>\n\t\t\t\t<section class=\"elementor-section elementor-top-section elementor-element elementor-element-0fee5da elementor-section-boxed elementor-section-height-default elementor-section-height-default\" data-id=\"0fee5da\" data-element_type=\"section\" data-e-type=\"section\">\n\t\t\t\t\t\t<div class=\"elementor-container elementor-column-gap-default\">\n\t\t\t\t\t<div class=\"elementor-column elementor-col-100 elementor-top-column elementor-element elementor-element-4fae023\" data-id=\"4fae023\" data-element_type=\"column\" data-e-type=\"column\">\n\t\t\t<div class=\"elementor-widget-wrap elementor-element-populated\">\n\t\t\t\t\t\t<div class=\"elementor-element elementor-element-2ab8c2d elementor-widget elementor-widget-heading\" data-id=\"2ab8c2d\" data-element_type=\"widget\" data-e-type=\"widget\" data-widget_type=\"heading.default\">\n\t\t\t\t<div class=\"elementor-widget-container\">\n\t\t\t\t\t<h2 class=\"elementor-heading-title elementor-size-default\">FILARMONICA ROVEREDO<\/h2>\t\t\t\t<\/div>\n\t\t\t\t<\/div>\n\t\t\t\t\t<\/div>\n\t\t<\/div>\n\t\t\t\t\t<\/div>\n\t\t<\/section>\n\t\t\t\t<section class=\"elementor-section elementor-top-section elementor-element elementor-element-18cb812 elementor-section-boxed elementor-section-height-default elementor-section-height-default\" data-id=\"18cb812\" data-element_type=\"section\" data-e-type=\"section\">\n\t\t\t\t\t\t<div class=\"elementor-container elementor-column-gap-default\">\n\t\t\t\t\t<div class=\"elementor-column elementor-col-100 elementor-top-column elementor-element elementor-element-466107f\" data-id=\"466107f\" data-element_type=\"column\" data-e-type=\"column\">\n\t\t\t<div class=\"elementor-widget-wrap elementor-element-populated\">\n\t\t\t\t\t\t<div class=\"elementor-element elementor-element-583eb20 elementor-widget elementor-widget-image\" data-id=\"583eb20\" data-element_type=\"widget\" data-e-type=\"widget\" data-widget_type=\"image.default\">\n\t\t\t\t<div class=\"elementor-widget-container\">\n\t\t\t\t\t\t\t\t\t\t\t\t\t\t\t\t<a href=\"https:\/\/filarmonicafaidese.ch\/faido2024\/wp-content\/uploads\/2024\/05\/Foto-4-scaled.jpg\">\n\t\t\t\t\t\t\t<img loading=\"lazy\" decoding=\"async\" width=\"640\" height=\"360\" src=\"https:\/\/filarmonicafaidese.ch\/faido2024\/wp-content\/uploads\/2024\/05\/Foto-4-768x432.jpg\" class=\"attachment-medium_large size-medium_large wp-image-5172\" alt=\"\" srcset=\"https:\/\/filarmonicafaidese.ch\/faido2024\/wp-content\/uploads\/2024\/05\/Foto-4-768x432.jpg 768w, https:\/\/filarmonicafaidese.ch\/faido2024\/wp-content\/uploads\/2024\/05\/Foto-4-300x169.jpg 300w, https:\/\/filarmonicafaidese.ch\/faido2024\/wp-content\/uploads\/2024\/05\/Foto-4-1024x576.jpg 1024w, https:\/\/filarmonicafaidese.ch\/faido2024\/wp-content\/uploads\/2024\/05\/Foto-4-1536x864.jpg 1536w, https:\/\/filarmonicafaidese.ch\/faido2024\/wp-content\/uploads\/2024\/05\/Foto-4-2048x1152.jpg 2048w\" sizes=\"(max-width: 640px) 100vw, 640px\" \/>\t\t\t\t\t\t\t\t<\/a>\n\t\t\t\t\t\t\t\t\t\t\t\t\t\t\t<\/div>\n\t\t\t\t<\/div>\n\t\t\t\t\t<\/div>\n\t\t<\/div>\n\t\t\t\t\t<\/div>\n\t\t<\/section>\n\t\t\t\t<section class=\"elementor-section elementor-top-section elementor-element elementor-element-b0f5c0c elementor-section-boxed elementor-section-height-default elementor-section-height-default\" data-id=\"b0f5c0c\" data-element_type=\"section\" data-e-type=\"section\">\n\t\t\t\t\t\t<div class=\"elementor-container elementor-column-gap-default\">\n\t\t\t\t\t<div class=\"elementor-column elementor-col-100 elementor-top-column elementor-element elementor-element-05ade66\" data-id=\"05ade66\" data-element_type=\"column\" data-e-type=\"column\">\n\t\t\t<div class=\"elementor-widget-wrap elementor-element-populated\">\n\t\t\t\t\t\t<div class=\"elementor-element elementor-element-88b6ca7 elementor-widget elementor-widget-heading\" data-id=\"88b6ca7\" data-element_type=\"widget\" data-e-type=\"widget\" data-widget_type=\"heading.default\">\n\t\t\t\t<div class=\"elementor-widget-container\">\n\t\t\t\t\t<h2 class=\"elementor-heading-title elementor-size-default\">1.\tNome societ\u00e0: Filarmonica Roveredo<br>\n2.\tAnno di nascita della societ\u00e0: 1893<br>\n3.\tNome e cognome del vostro maestro: Renato Agliata<br>\n4.\tNome e cognome del vostro presidente: Renata Brunoldi<br>\n5.\tNumero di soci attivi\/musicanti: 33<br>\n6.\tEt\u00e0 del socio\/a attivo pi\u00f9 giovane: 18 anni<br>\n7.\tCos'\u00e8 per lui\/lei il mondo bandistico?<br>\n8.\tEt\u00e0 del socio\/a attivo pi\u00f9 anziano\/a: 74 anni<br>\n9.\tCos'\u00e8 per lui\/lei il mondo bandistico? Con i miei 75 anni sono il membro pi\u00f9 anziano della Filarmonica di Roveredo, dove da 40 anni mi diletto a suonare il basso. In questa societ\u00e0 mi sono sentito come in una seconda famiglia. Per me il mondo bandistico \u00e8 stato un percorso di vita piacevole e di amicizia.Ringrazio tutti i membri di comitato e tutti i soci per aver condiviso con me tutti questi momenti<br>\n10.\tA quando risale l'ultima partecipazione della vostra societ\u00e0 ad un concorso? 22.06.2019 = Festa cantonale grigionese Arosa<br>\n11.\tAvete partecipato alla Festa Cantonale di Faido 2004? No<br>\n12.\tSe si, avete ancora una foto ricordo che volete condividere? \u2013<br>\n13.\tCosa vi aspettate dalla Festa Cantonale di Faido2024? Il nostro obiettivo \u00e8 quello di poter trascorrere una bella giornata in ascolto di bella musica, in allegria e in compagnia di musicisti, che come noi hanno una grande passione per la musica bandistica. Speriamo di portare a casa dalla Festa Cantonale di Faido una bella esperienza musicale, che ci dia nuovi stimoli musicali positivi. Fare un concorso comporta una intensa preparazione, che sicuramente ci rafforzer\u00e0 nelle nostre attivit\u00e0 musicali future<br>\n <font color=\"#ff0000\">\u25a0 <\/font><br><br><b>Si esibir\u00e0:<\/b> <a href=\"https:\/\/filarmonicafaidese.ch\/faido2024\/sabato-18\/\" target=\"_blank\"><p style=\"font-family:Montserrat;font-size:16px\">sabato 18<\/p><\/a> alle 09:00<br>\n<b>Categoria:<\/b>  III a concorso<br>\n<b>Link alla pagina Facebook della:<\/b>  <a href=\"https:\/\/www.facebook.com\/bandaderore\" target=\"_blank\"><p style=\"font-family:Montserrat;font-size:16px\">\"Filarmonica Roveredo\"<\/p><\/a>\n<\/h2>\t\t\t\t<\/div>\n\t\t\t\t<\/div>\n\t\t\t\t\t<\/div>\n\t\t<\/div>\n\t\t\t\t\t<\/div>\n\t\t<\/section>\n\t\t\t\t<section class=\"elementor-section elementor-top-section elementor-element elementor-element-7ae84f5 elementor-section-boxed elementor-section-height-default elementor-section-height-default\" data-id=\"7ae84f5\" data-element_type=\"section\" data-e-type=\"section\" id=\"fil-sanpietro\">\n\t\t\t\t\t\t<div class=\"elementor-container elementor-column-gap-default\">\n\t\t\t\t\t<div class=\"elementor-column elementor-col-100 elementor-top-column elementor-element elementor-element-1cfbe3e\" data-id=\"1cfbe3e\" data-element_type=\"column\" data-e-type=\"column\">\n\t\t\t<div class=\"elementor-widget-wrap elementor-element-populated\">\n\t\t\t\t\t\t<div class=\"elementor-element elementor-element-84c453c elementor-widget-divider--view-line elementor-widget elementor-widget-divider\" data-id=\"84c453c\" data-element_type=\"widget\" data-e-type=\"widget\" data-widget_type=\"divider.default\">\n\t\t\t\t<div class=\"elementor-widget-container\">\n\t\t\t\t\t\t\t<div class=\"elementor-divider\">\n\t\t\t<span class=\"elementor-divider-separator\">\n\t\t\t\t\t\t<\/span>\n\t\t<\/div>\n\t\t\t\t\t\t<\/div>\n\t\t\t\t<\/div>\n\t\t\t\t\t<\/div>\n\t\t<\/div>\n\t\t\t\t\t<\/div>\n\t\t<\/section>\n\t\t\t\t<section class=\"elementor-section elementor-top-section elementor-element elementor-element-5b27759 elementor-section-boxed elementor-section-height-default elementor-section-height-default\" data-id=\"5b27759\" data-element_type=\"section\" data-e-type=\"section\">\n\t\t\t\t\t\t<div class=\"elementor-container elementor-column-gap-default\">\n\t\t\t\t\t<div class=\"elementor-column elementor-col-100 elementor-top-column elementor-element elementor-element-d761768\" data-id=\"d761768\" data-element_type=\"column\" data-e-type=\"column\">\n\t\t\t<div class=\"elementor-widget-wrap elementor-element-populated\">\n\t\t\t\t\t\t<div class=\"elementor-element elementor-element-50490bb elementor-widget elementor-widget-heading\" data-id=\"50490bb\" data-element_type=\"widget\" data-e-type=\"widget\" data-widget_type=\"heading.default\">\n\t\t\t\t<div class=\"elementor-widget-container\">\n\t\t\t\t\t<h2 class=\"elementor-heading-title elementor-size-default\">FILARMONICA UNIONE SAN PIETRO<\/h2>\t\t\t\t<\/div>\n\t\t\t\t<\/div>\n\t\t\t\t\t<\/div>\n\t\t<\/div>\n\t\t\t\t\t<\/div>\n\t\t<\/section>\n\t\t\t\t<section class=\"elementor-section elementor-top-section elementor-element elementor-element-f66e8e5 elementor-section-boxed elementor-section-height-default elementor-section-height-default\" data-id=\"f66e8e5\" data-element_type=\"section\" data-e-type=\"section\">\n\t\t\t\t\t\t<div class=\"elementor-container elementor-column-gap-default\">\n\t\t\t\t\t<div class=\"elementor-column elementor-col-100 elementor-top-column elementor-element elementor-element-135404d\" data-id=\"135404d\" data-element_type=\"column\" data-e-type=\"column\">\n\t\t\t<div class=\"elementor-widget-wrap elementor-element-populated\">\n\t\t\t\t\t\t<div class=\"elementor-element elementor-element-6406a30 elementor-widget elementor-widget-image\" data-id=\"6406a30\" data-element_type=\"widget\" data-e-type=\"widget\" data-widget_type=\"image.default\">\n\t\t\t\t<div class=\"elementor-widget-container\">\n\t\t\t\t\t\t\t\t\t\t\t\t\t\t\t\t<a href=\"https:\/\/filarmonicafaidese.ch\/faido2024\/wp-content\/uploads\/2024\/05\/Foto-1a-3.jpg\">\n\t\t\t\t\t\t\t<img loading=\"lazy\" decoding=\"async\" width=\"640\" height=\"427\" src=\"https:\/\/filarmonicafaidese.ch\/faido2024\/wp-content\/uploads\/2024\/05\/Foto-1a-3-768x512.jpg\" class=\"attachment-medium_large size-medium_large wp-image-5197\" alt=\"\" srcset=\"https:\/\/filarmonicafaidese.ch\/faido2024\/wp-content\/uploads\/2024\/05\/Foto-1a-3-768x512.jpg 768w, https:\/\/filarmonicafaidese.ch\/faido2024\/wp-content\/uploads\/2024\/05\/Foto-1a-3-300x200.jpg 300w, https:\/\/filarmonicafaidese.ch\/faido2024\/wp-content\/uploads\/2024\/05\/Foto-1a-3-1024x683.jpg 1024w, https:\/\/filarmonicafaidese.ch\/faido2024\/wp-content\/uploads\/2024\/05\/Foto-1a-3-1536x1024.jpg 1536w, https:\/\/filarmonicafaidese.ch\/faido2024\/wp-content\/uploads\/2024\/05\/Foto-1a-3-600x400.jpg 600w, https:\/\/filarmonicafaidese.ch\/faido2024\/wp-content\/uploads\/2024\/05\/Foto-1a-3.jpg 1800w\" sizes=\"(max-width: 640px) 100vw, 640px\" \/>\t\t\t\t\t\t\t\t<\/a>\n\t\t\t\t\t\t\t\t\t\t\t\t\t\t\t<\/div>\n\t\t\t\t<\/div>\n\t\t\t\t\t<\/div>\n\t\t<\/div>\n\t\t\t\t\t<\/div>\n\t\t<\/section>\n\t\t\t\t<section class=\"elementor-section elementor-top-section elementor-element elementor-element-024f0e0 elementor-section-boxed elementor-section-height-default elementor-section-height-default\" data-id=\"024f0e0\" data-element_type=\"section\" data-e-type=\"section\">\n\t\t\t\t\t\t<div class=\"elementor-container elementor-column-gap-default\">\n\t\t\t\t\t<div class=\"elementor-column elementor-col-100 elementor-top-column elementor-element elementor-element-3cd53e7\" data-id=\"3cd53e7\" data-element_type=\"column\" data-e-type=\"column\">\n\t\t\t<div class=\"elementor-widget-wrap elementor-element-populated\">\n\t\t\t\t\t\t<div class=\"elementor-element elementor-element-973a2d5 elementor-widget elementor-widget-heading\" data-id=\"973a2d5\" data-element_type=\"widget\" data-e-type=\"widget\" data-widget_type=\"heading.default\">\n\t\t\t\t<div class=\"elementor-widget-container\">\n\t\t\t\t\t<h2 class=\"elementor-heading-title elementor-size-default\">1.\tNome societ\u00e0: Filarmonica Unione San Pietro<br>\n2.\tAnno di nascita della societ\u00e0: 1894<br>\n3.\tNome e cognome del vostro maestro: Angelo Riva<br>\n4.\tNome e cognome del vostro presidente: Davide Arrigoni<br>\n5.\tNumero di soci attivi\/musicanti: 40<br>\n6.\tEt\u00e0 del socio\/a attivo pi\u00f9 giovane: 19 anni<br>\n7.\tCos'\u00e8 per lui\/lei il mondo bandistico? Divertimento e piacere di fare musica assieme!<br>\n8.\tEt\u00e0 del socio\/a attivo pi\u00f9 anziano\/a: 85 anni<br>\n9.\tCos'\u00e8 per lui\/lei il mondo bandistico? Con la musica ci si Diverte!<br>\n10.\tA quando risale l'ultima partecipazione della vostra societ\u00e0 ad un concorso? 2019 - Festa della Musica a Mendrisio<br>\n11.\tAvete partecipato alla Festa Cantonale di Faido 2004? No<br>\n12.\tSe si, avete ancora una foto ricordo che volete condividere? \u2013<br>\n13.\tCosa vi aspettate dalla Festa Cantonale di Faido2024? Un momento di festa, di convivialit\u00e0 e di amicizia<br>\n <font color=\"#ff0000\">\u25a0 <\/font><br><br><b>Si esibir\u00e0:<\/b> <a href=\"https:\/\/filarmonicafaidese.ch\/faido2024\/lunedi-20\/\" target=\"_blank\"><p style=\"font-family:Montserrat;font-size:16px\">luned\u00ec 20<\/p><\/a> alle 10:10<br>\n<b>Categoria:<\/b>  III a giudizio<br>\n<b>Link al sito della:<\/b>  <a href=\"http:\/\/www.filarmonicasanpietro.ch\/\" target=\"_blank\"><p style=\"font-family:Montserrat;font-size:16px\">\"Filarmonica Unione San Pietro\"<\/p><\/a>\n<\/h2>\t\t\t\t<\/div>\n\t\t\t\t<\/div>\n\t\t\t\t\t<\/div>\n\t\t<\/div>\n\t\t\t\t\t<\/div>\n\t\t<\/section>\n\t\t\t\t<section class=\"elementor-section elementor-top-section elementor-element elementor-element-8eede92 elementor-section-boxed elementor-section-height-default elementor-section-height-default\" data-id=\"8eede92\" data-element_type=\"section\" data-e-type=\"section\" id=\"fil-stabio\">\n\t\t\t\t\t\t<div class=\"elementor-container elementor-column-gap-default\">\n\t\t\t\t\t<div class=\"elementor-column elementor-col-100 elementor-top-column elementor-element elementor-element-7ac5e3c\" data-id=\"7ac5e3c\" data-element_type=\"column\" data-e-type=\"column\">\n\t\t\t<div class=\"elementor-widget-wrap elementor-element-populated\">\n\t\t\t\t\t\t<div class=\"elementor-element elementor-element-5e31155 elementor-widget-divider--view-line elementor-widget elementor-widget-divider\" data-id=\"5e31155\" data-element_type=\"widget\" data-e-type=\"widget\" data-widget_type=\"divider.default\">\n\t\t\t\t<div class=\"elementor-widget-container\">\n\t\t\t\t\t\t\t<div class=\"elementor-divider\">\n\t\t\t<span class=\"elementor-divider-separator\">\n\t\t\t\t\t\t<\/span>\n\t\t<\/div>\n\t\t\t\t\t\t<\/div>\n\t\t\t\t<\/div>\n\t\t\t\t\t<\/div>\n\t\t<\/div>\n\t\t\t\t\t<\/div>\n\t\t<\/section>\n\t\t\t\t<section class=\"elementor-section elementor-top-section elementor-element elementor-element-412dbd0 elementor-section-boxed elementor-section-height-default elementor-section-height-default\" data-id=\"412dbd0\" data-element_type=\"section\" data-e-type=\"section\">\n\t\t\t\t\t\t<div class=\"elementor-container elementor-column-gap-default\">\n\t\t\t\t\t<div class=\"elementor-column elementor-col-100 elementor-top-column elementor-element elementor-element-b3f3cf3\" data-id=\"b3f3cf3\" data-element_type=\"column\" data-e-type=\"column\">\n\t\t\t<div class=\"elementor-widget-wrap elementor-element-populated\">\n\t\t\t\t\t\t<div class=\"elementor-element elementor-element-5ea0115 elementor-widget elementor-widget-heading\" data-id=\"5ea0115\" data-element_type=\"widget\" data-e-type=\"widget\" data-widget_type=\"heading.default\">\n\t\t\t\t<div class=\"elementor-widget-container\">\n\t\t\t\t\t<h2 class=\"elementor-heading-title elementor-size-default\">SOCIET\u00c0 FILARMONICA STABIO<\/h2>\t\t\t\t<\/div>\n\t\t\t\t<\/div>\n\t\t\t\t\t<\/div>\n\t\t<\/div>\n\t\t\t\t\t<\/div>\n\t\t<\/section>\n\t\t\t\t<section class=\"elementor-section elementor-top-section elementor-element elementor-element-f68fcc8 elementor-section-boxed elementor-section-height-default elementor-section-height-default\" data-id=\"f68fcc8\" data-element_type=\"section\" data-e-type=\"section\">\n\t\t\t\t\t\t<div class=\"elementor-container elementor-column-gap-default\">\n\t\t\t\t\t<div class=\"elementor-column elementor-col-100 elementor-top-column elementor-element elementor-element-cbb4baa\" data-id=\"cbb4baa\" data-element_type=\"column\" data-e-type=\"column\">\n\t\t\t<div class=\"elementor-widget-wrap elementor-element-populated\">\n\t\t\t\t\t\t<div class=\"elementor-element elementor-element-926da35 elementor-widget elementor-widget-image\" data-id=\"926da35\" data-element_type=\"widget\" data-e-type=\"widget\" data-widget_type=\"image.default\">\n\t\t\t\t<div class=\"elementor-widget-container\">\n\t\t\t\t\t\t\t\t\t\t\t\t\t\t\t\t<a href=\"https:\/\/filarmonicafaidese.ch\/faido2024\/wp-content\/uploads\/2024\/05\/Foto-Stabio-2.jpg\">\n\t\t\t\t\t\t\t<img loading=\"lazy\" decoding=\"async\" width=\"640\" height=\"427\" src=\"https:\/\/filarmonicafaidese.ch\/faido2024\/wp-content\/uploads\/2024\/05\/Foto-Stabio-2-768x512.jpg\" class=\"attachment-medium_large size-medium_large wp-image-5683\" alt=\"\" srcset=\"https:\/\/filarmonicafaidese.ch\/faido2024\/wp-content\/uploads\/2024\/05\/Foto-Stabio-2-768x512.jpg 768w, https:\/\/filarmonicafaidese.ch\/faido2024\/wp-content\/uploads\/2024\/05\/Foto-Stabio-2-300x200.jpg 300w, https:\/\/filarmonicafaidese.ch\/faido2024\/wp-content\/uploads\/2024\/05\/Foto-Stabio-2-1024x683.jpg 1024w, https:\/\/filarmonicafaidese.ch\/faido2024\/wp-content\/uploads\/2024\/05\/Foto-Stabio-2-1536x1024.jpg 1536w, https:\/\/filarmonicafaidese.ch\/faido2024\/wp-content\/uploads\/2024\/05\/Foto-Stabio-2-600x400.jpg 600w, https:\/\/filarmonicafaidese.ch\/faido2024\/wp-content\/uploads\/2024\/05\/Foto-Stabio-2.jpg 1800w\" sizes=\"(max-width: 640px) 100vw, 640px\" \/>\t\t\t\t\t\t\t\t<\/a>\n\t\t\t\t\t\t\t\t\t\t\t\t\t\t\t<\/div>\n\t\t\t\t<\/div>\n\t\t\t\t\t<\/div>\n\t\t<\/div>\n\t\t\t\t\t<\/div>\n\t\t<\/section>\n\t\t\t\t<section class=\"elementor-section elementor-top-section elementor-element elementor-element-5549688 elementor-section-boxed elementor-section-height-default elementor-section-height-default\" data-id=\"5549688\" data-element_type=\"section\" data-e-type=\"section\">\n\t\t\t\t\t\t<div class=\"elementor-container elementor-column-gap-default\">\n\t\t\t\t\t<div class=\"elementor-column elementor-col-100 elementor-top-column elementor-element elementor-element-19173b0\" data-id=\"19173b0\" data-element_type=\"column\" data-e-type=\"column\">\n\t\t\t<div class=\"elementor-widget-wrap elementor-element-populated\">\n\t\t\t\t\t\t<div class=\"elementor-element elementor-element-a553b5d elementor-widget elementor-widget-heading\" data-id=\"a553b5d\" data-element_type=\"widget\" data-e-type=\"widget\" data-widget_type=\"heading.default\">\n\t\t\t\t<div class=\"elementor-widget-container\">\n\t\t\t\t\t<h2 class=\"elementor-heading-title elementor-size-default\">1.\tNome societ\u00e0: Societ\u00e0 Filarmonica Stabio<br>\n2.\tAnno di nascita della societ\u00e0: 1889<br>\n3.\tNome e cognome del vostro maestro: Elisa Ghezzo<br>\n4.\tNome e cognome del vostro presidente: Marco Rossi<br>\n5.\tNumero di soci attivi\/musicanti: 44<br>\n6.\tEt\u00e0 del socio\/a attivo pi\u00f9 giovane: 15 anni<br>\n7.\tCos'\u00e8 per lui\/lei il mondo bandistico? Un mondo da scoprire<br>\n8.\tEt\u00e0 del socio\/a attivo pi\u00f9 anziano\/a: 79 anni<br>\n9.\tCos'\u00e8 per lui\/lei il mondo bandistico? Una vita a suonare il flicorno<br>\n10.\tA quando risale l'ultima partecipazione della vostra societ\u00e0 ad un concorso? 2019<br>\n11.\tAvete partecipato alla Festa Cantonale di Faido 2004? Si<br>\n12.\tSe si, avete ancora una foto ricordo che volete condividere? No purtroppo<br>\n13.\tCosa vi aspettate dalla Festa: Di vivere una bella esperienza quanto quella di Mendrisio, stare insieme, suonare insieme al meglio, e fare tante nuove amicizie<br><font color=\"#ff0000\">\u25a0 <\/font><br><br><b>Si esibir\u00e0:<\/b> <a href=\"https:\/\/filarmonicafaidese.ch\/faido2024\/sabato-18\/\" target=\"_blank\"><p style=\"font-family:Montserrat;font-size:16px\">sabato 18<\/p><\/a> alle 10:00<br>\n<b>Categoria:<\/b>  III a concorso<br>\n<b>Link al sito della:<\/b>  <a href=\"https:\/\/filarmonicastabio.ch\/\" target=\"_blank\"><p style=\"font-family:Montserrat;font-size:16px\">\"Societ\u00e0 Filarmonica Stabio\"<\/p><\/a>\n<\/h2>\t\t\t\t<\/div>\n\t\t\t\t<\/div>\n\t\t\t\t\t<\/div>\n\t\t<\/div>\n\t\t\t\t\t<\/div>\n\t\t<\/section>\n\t\t\t\t<section class=\"elementor-section elementor-top-section elementor-element elementor-element-ae39554 elementor-section-boxed elementor-section-height-default elementor-section-height-default\" data-id=\"ae39554\" data-element_type=\"section\" data-e-type=\"section\" id=\"fil-tremona\">\n\t\t\t\t\t\t<div class=\"elementor-container elementor-column-gap-default\">\n\t\t\t\t\t<div class=\"elementor-column elementor-col-100 elementor-top-column elementor-element elementor-element-5008bb1\" data-id=\"5008bb1\" data-element_type=\"column\" data-e-type=\"column\">\n\t\t\t<div class=\"elementor-widget-wrap elementor-element-populated\">\n\t\t\t\t\t\t<div class=\"elementor-element elementor-element-dce7f04 elementor-widget-divider--view-line elementor-widget elementor-widget-divider\" data-id=\"dce7f04\" data-element_type=\"widget\" data-e-type=\"widget\" data-widget_type=\"divider.default\">\n\t\t\t\t<div class=\"elementor-widget-container\">\n\t\t\t\t\t\t\t<div class=\"elementor-divider\">\n\t\t\t<span class=\"elementor-divider-separator\">\n\t\t\t\t\t\t<\/span>\n\t\t<\/div>\n\t\t\t\t\t\t<\/div>\n\t\t\t\t<\/div>\n\t\t\t\t\t<\/div>\n\t\t<\/div>\n\t\t\t\t\t<\/div>\n\t\t<\/section>\n\t\t\t\t<section class=\"elementor-section elementor-top-section elementor-element elementor-element-31dd1e1 elementor-section-boxed elementor-section-height-default elementor-section-height-default\" data-id=\"31dd1e1\" data-element_type=\"section\" data-e-type=\"section\">\n\t\t\t\t\t\t<div class=\"elementor-container elementor-column-gap-default\">\n\t\t\t\t\t<div class=\"elementor-column elementor-col-100 elementor-top-column elementor-element elementor-element-03ef045\" data-id=\"03ef045\" data-element_type=\"column\" data-e-type=\"column\">\n\t\t\t<div class=\"elementor-widget-wrap elementor-element-populated\">\n\t\t\t\t\t\t<div class=\"elementor-element elementor-element-27e7d82 elementor-widget elementor-widget-heading\" data-id=\"27e7d82\" data-element_type=\"widget\" data-e-type=\"widget\" data-widget_type=\"heading.default\">\n\t\t\t\t<div class=\"elementor-widget-container\">\n\t\t\t\t\t<h2 class=\"elementor-heading-title elementor-size-default\">SOCIET\u00c0 FILARMONICA TREMONA<\/h2>\t\t\t\t<\/div>\n\t\t\t\t<\/div>\n\t\t\t\t\t<\/div>\n\t\t<\/div>\n\t\t\t\t\t<\/div>\n\t\t<\/section>\n\t\t\t\t<section class=\"elementor-section elementor-top-section elementor-element elementor-element-9103167 elementor-section-boxed elementor-section-height-default elementor-section-height-default\" data-id=\"9103167\" data-element_type=\"section\" data-e-type=\"section\">\n\t\t\t\t\t\t<div class=\"elementor-container elementor-column-gap-default\">\n\t\t\t\t\t<div class=\"elementor-column elementor-col-100 elementor-top-column elementor-element elementor-element-99fbf90\" data-id=\"99fbf90\" data-element_type=\"column\" data-e-type=\"column\">\n\t\t\t<div class=\"elementor-widget-wrap elementor-element-populated\">\n\t\t\t\t\t\t<div class=\"elementor-element elementor-element-e668e7d elementor-widget elementor-widget-image\" data-id=\"e668e7d\" data-element_type=\"widget\" data-e-type=\"widget\" data-widget_type=\"image.default\">\n\t\t\t\t<div class=\"elementor-widget-container\">\n\t\t\t\t\t\t\t\t\t\t\t\t\t\t\t\t<a href=\"https:\/\/filarmonicafaidese.ch\/faido2024\/wp-content\/uploads\/2024\/05\/Foto-1a-4.jpg\">\n\t\t\t\t\t\t\t<img loading=\"lazy\" decoding=\"async\" width=\"640\" height=\"313\" src=\"https:\/\/filarmonicafaidese.ch\/faido2024\/wp-content\/uploads\/2024\/05\/Foto-1a-4-768x376.jpg\" class=\"attachment-medium_large size-medium_large wp-image-5201\" alt=\"\" srcset=\"https:\/\/filarmonicafaidese.ch\/faido2024\/wp-content\/uploads\/2024\/05\/Foto-1a-4-768x376.jpg 768w, https:\/\/filarmonicafaidese.ch\/faido2024\/wp-content\/uploads\/2024\/05\/Foto-1a-4-300x147.jpg 300w, https:\/\/filarmonicafaidese.ch\/faido2024\/wp-content\/uploads\/2024\/05\/Foto-1a-4-1024x502.jpg 1024w, https:\/\/filarmonicafaidese.ch\/faido2024\/wp-content\/uploads\/2024\/05\/Foto-1a-4-1536x752.jpg 1536w, https:\/\/filarmonicafaidese.ch\/faido2024\/wp-content\/uploads\/2024\/05\/Foto-1a-4-2048x1003.jpg 2048w\" sizes=\"(max-width: 640px) 100vw, 640px\" \/>\t\t\t\t\t\t\t\t<\/a>\n\t\t\t\t\t\t\t\t\t\t\t\t\t\t\t<\/div>\n\t\t\t\t<\/div>\n\t\t\t\t<div class=\"elementor-element elementor-element-4e1bed9 elementor-widget elementor-widget-image\" data-id=\"4e1bed9\" data-element_type=\"widget\" data-e-type=\"widget\" data-widget_type=\"image.default\">\n\t\t\t\t<div class=\"elementor-widget-container\">\n\t\t\t\t\t\t\t\t\t\t\t\t\t\t\t\t<a href=\"https:\/\/filarmonicafaidese.ch\/faido2024\/wp-content\/uploads\/2024\/05\/Faido-2004-1-1.jpg\">\n\t\t\t\t\t\t\t<img loading=\"lazy\" decoding=\"async\" width=\"640\" height=\"480\" src=\"https:\/\/filarmonicafaidese.ch\/faido2024\/wp-content\/uploads\/2024\/05\/Faido-2004-1-1-768x576.jpg\" class=\"attachment-medium_large size-medium_large wp-image-5255\" alt=\"\" srcset=\"https:\/\/filarmonicafaidese.ch\/faido2024\/wp-content\/uploads\/2024\/05\/Faido-2004-1-1-768x576.jpg 768w, https:\/\/filarmonicafaidese.ch\/faido2024\/wp-content\/uploads\/2024\/05\/Faido-2004-1-1-300x225.jpg 300w, https:\/\/filarmonicafaidese.ch\/faido2024\/wp-content\/uploads\/2024\/05\/Faido-2004-1-1.jpg 800w\" sizes=\"(max-width: 640px) 100vw, 640px\" \/>\t\t\t\t\t\t\t\t<\/a>\n\t\t\t\t\t\t\t\t\t\t\t\t\t\t\t<\/div>\n\t\t\t\t<\/div>\n\t\t\t\t<div class=\"elementor-element elementor-element-2ed0c61 elementor-widget elementor-widget-image\" data-id=\"2ed0c61\" data-element_type=\"widget\" data-e-type=\"widget\" data-widget_type=\"image.default\">\n\t\t\t\t<div class=\"elementor-widget-container\">\n\t\t\t\t\t\t\t\t\t\t\t\t\t\t\t\t<a href=\"https:\/\/filarmonicafaidese.ch\/faido2024\/wp-content\/uploads\/2024\/05\/Faido-2004-2.jpg\">\n\t\t\t\t\t\t\t<img loading=\"lazy\" decoding=\"async\" width=\"640\" height=\"480\" src=\"https:\/\/filarmonicafaidese.ch\/faido2024\/wp-content\/uploads\/2024\/05\/Faido-2004-2-768x576.jpg\" class=\"attachment-medium_large size-medium_large wp-image-5256\" alt=\"\" srcset=\"https:\/\/filarmonicafaidese.ch\/faido2024\/wp-content\/uploads\/2024\/05\/Faido-2004-2-768x576.jpg 768w, https:\/\/filarmonicafaidese.ch\/faido2024\/wp-content\/uploads\/2024\/05\/Faido-2004-2-300x225.jpg 300w, https:\/\/filarmonicafaidese.ch\/faido2024\/wp-content\/uploads\/2024\/05\/Faido-2004-2.jpg 800w\" sizes=\"(max-width: 640px) 100vw, 640px\" \/>\t\t\t\t\t\t\t\t<\/a>\n\t\t\t\t\t\t\t\t\t\t\t\t\t\t\t<\/div>\n\t\t\t\t<\/div>\n\t\t\t\t\t<\/div>\n\t\t<\/div>\n\t\t\t\t\t<\/div>\n\t\t<\/section>\n\t\t\t\t<section class=\"elementor-section elementor-top-section elementor-element elementor-element-72ed2c9 elementor-section-boxed elementor-section-height-default elementor-section-height-default\" data-id=\"72ed2c9\" data-element_type=\"section\" data-e-type=\"section\">\n\t\t\t\t\t\t<div class=\"elementor-container elementor-column-gap-default\">\n\t\t\t\t\t<div class=\"elementor-column elementor-col-100 elementor-top-column elementor-element elementor-element-b9561d8\" data-id=\"b9561d8\" data-element_type=\"column\" data-e-type=\"column\">\n\t\t\t<div class=\"elementor-widget-wrap elementor-element-populated\">\n\t\t\t\t\t\t<div class=\"elementor-element elementor-element-fc96f66 elementor-widget elementor-widget-heading\" data-id=\"fc96f66\" data-element_type=\"widget\" data-e-type=\"widget\" data-widget_type=\"heading.default\">\n\t\t\t\t<div class=\"elementor-widget-container\">\n\t\t\t\t\t<h2 class=\"elementor-heading-title elementor-size-default\">1.\tNome societ\u00e0: Societ\u00e0 Filarmonica Tremona<br>\n2.\tAnno di nascita della societ\u00e0: 1837<br>\n3.\tNome e cognome del vostro maestro: Jarno Rusca<br>\n4.\tNome e cognome del vostro presidente: Enrico Mariotti<br>\n5.\tNumero di soci attivi\/musicanti: 45<br>\n6.\tEt\u00e0 del socio\/a attivo pi\u00f9 giovane: 24 anni<br>\n7.\tCos'\u00e8 per lui\/lei il mondo bandistico? -<br>\n8.\tEt\u00e0 del socio\/a attivo pi\u00f9 anziano\/a: 81 anni<br>\n9.\tCos'\u00e8 per lui\/lei il mondo bandistico? \u00c8 la musica della nostra gente.<br>\n10.\tA quando risale l'ultima partecipazione della vostra societ\u00e0 ad un concorso? L\u2019ultimo concorso a cui abbiamo partecipato \u00e8 stato alla Festa Cantonale della musica di Mendrisio<br>\n11.\tAvete partecipato alla Festa Cantonale di Faido 2004? Si<br>\n12.\tSe si, avete ancora una foto ricordo che volete condividere? Certo<br>\n13.\tCosa vi aspettate dalla Festa Cantonale di Faido2024? Buona musica e allegria<br>\n <font color=\"#ff0000\">\u25a0 <\/font><br><br><b>Si esibir\u00e0:<\/b> <a href=\"https:\/\/filarmonicafaidese.ch\/faido2024\/sabato-18\/\" target=\"_blank\"><p style=\"font-family:Montserrat;font-size:16px\">sabato 18<\/p><\/a> alle 15:30<br>\n<b>Categoria:<\/b>  III a concorso<br>\n<b>Link al sito della:<\/b>  <a href=\"http:\/\/www.sftremona.ch\/\" target=\"_blank\"><p style=\"font-family:Montserrat;font-size:16px\">\"Societ\u00e0 Filarmonica Tremona\"<\/p><\/a>\n<\/h2>\t\t\t\t<\/div>\n\t\t\t\t<\/div>\n\t\t\t\t\t<\/div>\n\t\t<\/div>\n\t\t\t\t\t<\/div>\n\t\t<\/section>\n\t\t\t\t<section class=\"elementor-section elementor-top-section elementor-element elementor-element-cc1edbe elementor-section-boxed elementor-section-height-default elementor-section-height-default\" data-id=\"cc1edbe\" data-element_type=\"section\" data-e-type=\"section\" id=\"fil-veterani\">\n\t\t\t\t\t\t<div class=\"elementor-container elementor-column-gap-default\">\n\t\t\t\t\t<div class=\"elementor-column elementor-col-100 elementor-top-column elementor-element elementor-element-8efa38a\" data-id=\"8efa38a\" data-element_type=\"column\" data-e-type=\"column\">\n\t\t\t<div class=\"elementor-widget-wrap elementor-element-populated\">\n\t\t\t\t\t\t<div class=\"elementor-element elementor-element-27d020c elementor-widget-divider--view-line elementor-widget elementor-widget-divider\" data-id=\"27d020c\" data-element_type=\"widget\" data-e-type=\"widget\" data-widget_type=\"divider.default\">\n\t\t\t\t<div class=\"elementor-widget-container\">\n\t\t\t\t\t\t\t<div class=\"elementor-divider\">\n\t\t\t<span class=\"elementor-divider-separator\">\n\t\t\t\t\t\t<\/span>\n\t\t<\/div>\n\t\t\t\t\t\t<\/div>\n\t\t\t\t<\/div>\n\t\t\t\t\t<\/div>\n\t\t<\/div>\n\t\t\t\t\t<\/div>\n\t\t<\/section>\n\t\t\t\t<section class=\"elementor-section elementor-top-section elementor-element elementor-element-84cf742 elementor-section-boxed elementor-section-height-default elementor-section-height-default\" data-id=\"84cf742\" data-element_type=\"section\" data-e-type=\"section\">\n\t\t\t\t\t\t<div class=\"elementor-container elementor-column-gap-default\">\n\t\t\t\t\t<div class=\"elementor-column elementor-col-100 elementor-top-column elementor-element elementor-element-d755540\" data-id=\"d755540\" data-element_type=\"column\" data-e-type=\"column\">\n\t\t\t<div class=\"elementor-widget-wrap elementor-element-populated\">\n\t\t\t\t\t\t<div class=\"elementor-element elementor-element-5a48921 elementor-widget elementor-widget-heading\" data-id=\"5a48921\" data-element_type=\"widget\" data-e-type=\"widget\" data-widget_type=\"heading.default\">\n\t\t\t\t<div class=\"elementor-widget-container\">\n\t\t\t\t\t<h2 class=\"elementor-heading-title elementor-size-default\">VETERANI MUSICHE FEDERATE TICINO<\/h2>\t\t\t\t<\/div>\n\t\t\t\t<\/div>\n\t\t\t\t\t<\/div>\n\t\t<\/div>\n\t\t\t\t\t<\/div>\n\t\t<\/section>\n\t\t\t\t<section class=\"elementor-section elementor-top-section elementor-element elementor-element-a29d6c7 elementor-section-boxed elementor-section-height-default elementor-section-height-default\" data-id=\"a29d6c7\" data-element_type=\"section\" data-e-type=\"section\">\n\t\t\t\t\t\t<div class=\"elementor-container elementor-column-gap-default\">\n\t\t\t\t\t<div class=\"elementor-column elementor-col-100 elementor-top-column elementor-element elementor-element-1d457a4\" data-id=\"1d457a4\" data-element_type=\"column\" data-e-type=\"column\">\n\t\t\t<div class=\"elementor-widget-wrap elementor-element-populated\">\n\t\t\t\t\t\t<div class=\"elementor-element elementor-element-cb0aaae elementor-widget elementor-widget-image\" data-id=\"cb0aaae\" data-element_type=\"widget\" data-e-type=\"widget\" data-widget_type=\"image.default\">\n\t\t\t\t<div class=\"elementor-widget-container\">\n\t\t\t\t\t\t\t\t\t\t\t\t\t\t\t\t<a href=\"https:\/\/filarmonicafaidese.ch\/faido2024\/wp-content\/uploads\/2024\/05\/Foto-1-2.jpg\">\n\t\t\t\t\t\t\t<img loading=\"lazy\" decoding=\"async\" width=\"640\" height=\"427\" src=\"https:\/\/filarmonicafaidese.ch\/faido2024\/wp-content\/uploads\/2024\/05\/Foto-1-2.jpg\" class=\"attachment-medium_large size-medium_large wp-image-5163\" alt=\"\" srcset=\"https:\/\/filarmonicafaidese.ch\/faido2024\/wp-content\/uploads\/2024\/05\/Foto-1-2.jpg 640w, https:\/\/filarmonicafaidese.ch\/faido2024\/wp-content\/uploads\/2024\/05\/Foto-1-2-300x200.jpg 300w, https:\/\/filarmonicafaidese.ch\/faido2024\/wp-content\/uploads\/2024\/05\/Foto-1-2-600x400.jpg 600w\" sizes=\"(max-width: 640px) 100vw, 640px\" \/>\t\t\t\t\t\t\t\t<\/a>\n\t\t\t\t\t\t\t\t\t\t\t\t\t\t\t<\/div>\n\t\t\t\t<\/div>\n\t\t\t\t\t<\/div>\n\t\t<\/div>\n\t\t\t\t\t<\/div>\n\t\t<\/section>\n\t\t\t\t<section class=\"elementor-section elementor-top-section elementor-element elementor-element-b3b495a elementor-section-boxed elementor-section-height-default elementor-section-height-default\" data-id=\"b3b495a\" data-element_type=\"section\" data-e-type=\"section\">\n\t\t\t\t\t\t<div class=\"elementor-container elementor-column-gap-default\">\n\t\t\t\t\t<div class=\"elementor-column elementor-col-100 elementor-top-column elementor-element elementor-element-7718f5f\" data-id=\"7718f5f\" data-element_type=\"column\" data-e-type=\"column\">\n\t\t\t<div class=\"elementor-widget-wrap elementor-element-populated\">\n\t\t\t\t\t\t<div class=\"elementor-element elementor-element-a56828c elementor-widget elementor-widget-heading\" data-id=\"a56828c\" data-element_type=\"widget\" data-e-type=\"widget\" data-widget_type=\"heading.default\">\n\t\t\t\t<div class=\"elementor-widget-container\">\n\t\t\t\t\t<h2 class=\"elementor-heading-title elementor-size-default\">1.\tNome societ\u00e0: Banda dei Veterani Ticinesi della Societ\u00e0 Veterani Musiche Federate Ticino<br>\n2.\tAnno di nascita della societ\u00e0: 2000<br>\n3.\tNome e cognome del vostro maestro: Paola Benzoni<br>\n4.\tNome e cognome del vostro presidente: Mario Melera<br>\n5.\tNumero di soci attivi\/musicanti: 53<br>\n6.\tEt\u00e0 del socio\/a attivo pi\u00f9 giovane: 54 anni<br>\n7.\tCos'\u00e8 per lui\/lei il mondo bandistico? Un meraviglioso senso di libert\u00e0<br>\n8.\tEt\u00e0 del socio\/a attivo pi\u00f9 anziano\/a: 89 anni<br>\n9.\tCos'\u00e8 per lui\/lei il mondo bandistico? Dopo 72 anni di attivit\u00e0 avere ancora la gioia e l\u2019entusiasmo di poter suonare con tanti amici<br>\n10.\tA quando risale l'ultima partecipazione della vostra societ\u00e0 ad un concorso? La Banda dei veterani non partecipa a concorsi<br>\n11.\tAvete partecipato alla Festa Cantonale di Faido 2004? Si, quale Banda concertante<br>\n12.\tSe si, avete ancora una foto ricordo che volete condividere? Purtroppo, no<br>\n13.\tCosa vi aspettate dalla Festa Cantonale di Faido2024? Farci conoscere ancora meglio<br>\n <font color=\"#ff0000\">\u25a0 <\/font><br><br><b>Si esibir\u00e0:<\/b> <a href=\"https:\/\/filarmonicafaidese.ch\/faido2024\/lunedi-20\/\" target=\"_blank\"><p style=\"font-family:Montserrat;font-size:16px\">luned\u00ec 20<\/p><\/a> alle 14:15<br>\n<b>Categoria:<\/b>  partecipa come banda concertante<br>\n<\/h2>\t\t\t\t<\/div>\n\t\t\t\t<\/div>\n\t\t\t\t\t<\/div>\n\t\t<\/div>\n\t\t\t\t\t<\/div>\n\t\t<\/section>\n\t\t\t\t<section class=\"elementor-section elementor-top-section elementor-element elementor-element-ce0aa3f elementor-section-boxed elementor-section-height-default elementor-section-height-default\" data-id=\"ce0aa3f\" data-element_type=\"section\" data-e-type=\"section\">\n\t\t\t\t\t\t<div class=\"elementor-container elementor-column-gap-default\">\n\t\t\t\t\t<div class=\"elementor-column elementor-col-100 elementor-top-column elementor-element elementor-element-48f5cdd\" data-id=\"48f5cdd\" data-element_type=\"column\" data-e-type=\"column\">\n\t\t\t<div class=\"elementor-widget-wrap elementor-element-populated\">\n\t\t\t\t\t\t<div class=\"elementor-element elementor-element-017a930 elementor-widget-divider--view-line elementor-widget elementor-widget-divider\" data-id=\"017a930\" data-element_type=\"widget\" data-e-type=\"widget\" data-widget_type=\"divider.default\">\n\t\t\t\t<div class=\"elementor-widget-container\">\n\t\t\t\t\t\t\t<div class=\"elementor-divider\">\n\t\t\t<span class=\"elementor-divider-separator\">\n\t\t\t\t\t\t<\/span>\n\t\t<\/div>\n\t\t\t\t\t\t<\/div>\n\t\t\t\t<\/div>\n\t\t\t\t\t<\/div>\n\t\t<\/div>\n\t\t\t\t\t<\/div>\n\t\t<\/section>\n\t\t\t\t<section class=\"elementor-section elementor-top-section elementor-element elementor-element-777024d elementor-section-boxed elementor-section-height-default elementor-section-height-default\" data-id=\"777024d\" data-element_type=\"section\" data-e-type=\"section\" id=\"fil-willerzell\">\n\t\t\t\t\t\t<div class=\"elementor-container elementor-column-gap-default\">\n\t\t\t\t\t<div class=\"elementor-column elementor-col-100 elementor-top-column elementor-element elementor-element-00aa5df\" data-id=\"00aa5df\" data-element_type=\"column\" data-e-type=\"column\">\n\t\t\t<div class=\"elementor-widget-wrap elementor-element-populated\">\n\t\t\t\t\t\t<div class=\"elementor-element elementor-element-ad6487b elementor-widget elementor-widget-heading\" data-id=\"ad6487b\" data-element_type=\"widget\" data-e-type=\"widget\" data-widget_type=\"heading.default\">\n\t\t\t\t<div class=\"elementor-widget-container\">\n\t\t\t\t\t<h2 class=\"elementor-heading-title elementor-size-default\">BRASS BAND MG WILLERZELL<\/h2>\t\t\t\t<\/div>\n\t\t\t\t<\/div>\n\t\t\t\t\t<\/div>\n\t\t<\/div>\n\t\t\t\t\t<\/div>\n\t\t<\/section>\n\t\t\t\t<section class=\"elementor-section elementor-top-section elementor-element elementor-element-4edf352 elementor-section-boxed elementor-section-height-default elementor-section-height-default\" data-id=\"4edf352\" data-element_type=\"section\" data-e-type=\"section\">\n\t\t\t\t\t\t<div class=\"elementor-container elementor-column-gap-default\">\n\t\t\t\t\t<div class=\"elementor-column elementor-col-100 elementor-top-column elementor-element elementor-element-084a7b5\" data-id=\"084a7b5\" data-element_type=\"column\" data-e-type=\"column\">\n\t\t\t<div class=\"elementor-widget-wrap elementor-element-populated\">\n\t\t\t\t\t\t<div class=\"elementor-element elementor-element-95b213a elementor-widget elementor-widget-heading\" data-id=\"95b213a\" data-element_type=\"widget\" data-e-type=\"widget\" data-widget_type=\"heading.default\">\n\t\t\t\t<div class=\"elementor-widget-container\">\n\t\t\t\t\t<h2 class=\"elementor-heading-title elementor-size-default\">1.\tNome societ\u00e0: Brass Band MG Willerzell<br>\n2.\tAnno di nascita della societ\u00e0: 1893<br>\n3.\tNome e cognome del vostro maestro: Fabian Niederer<br>\n4.\tNome e cognome del vostro presidente: Andreas Gyr<br>\n <font color=\"#ff0000\">\u25a0 <\/font><br><br><b>Si esibir\u00e0:<\/b> <a href=\"https:\/\/filarmonicafaidese.ch\/faido2024\/sabato-18\/\" target=\"_blank\"><p style=\"font-family:Montserrat;font-size:16px\">sabato 18<\/p><\/a> alle 16:30<br>\n<b>Categoria:<\/b>  III a concorso<br>\n<b>Link al sito della:<\/b>  <a href=\"https:\/\/www.bbmgw.ch\/\" target=\"_blank\"><p style=\"font-family:Montserrat;font-size:16px\">\"Brass Band MG Willerzell\"<\/p><\/a>\n<\/h2>\t\t\t\t<\/div>\n\t\t\t\t<\/div>\n\t\t\t\t\t<\/div>\n\t\t<\/div>\n\t\t\t\t\t<\/div>\n\t\t<\/section>\n\t\t\t\t<\/div>\n\t\t","protected":false},"excerpt":{"rendered":"<p>BANDE PARTECIPANTI In questa pagina vi presentiamo tutte le bande che partecipano alla 6a Festa Cantonale della Musica. SOCIET\u00c0 FILARMONICA AROGNO 1. Nome societ\u00e0: Societ\u00e0 Filarmonica Arogno 2. Anno di nascita della societ\u00e0: 1893 3. Nome e cognome del vostro maestro: Giovanni Sanvito 4. Nome e cognome del vostro presidente: Carlo Cairoli 5. Numero di soci attivi\/musicanti: 35 6. Et\u00e0&#8230;<\/p>\n","protected":false},"author":1,"featured_media":0,"parent":0,"menu_order":0,"comment_status":"closed","ping_status":"closed","template":"page-templates\/full-width-container.php","meta":{"_acf_changed":false,"footnotes":""},"class_list":["post-5127","page","type-page","status-publish","hentry"],"acf":[],"_links":{"self":[{"href":"https:\/\/filarmonicafaidese.ch\/faido2024\/wp-json\/wp\/v2\/pages\/5127","targetHints":{"allow":["GET"]}}],"collection":[{"href":"https:\/\/filarmonicafaidese.ch\/faido2024\/wp-json\/wp\/v2\/pages"}],"about":[{"href":"https:\/\/filarmonicafaidese.ch\/faido2024\/wp-json\/wp\/v2\/types\/page"}],"author":[{"embeddable":true,"href":"https:\/\/filarmonicafaidese.ch\/faido2024\/wp-json\/wp\/v2\/users\/1"}],"replies":[{"embeddable":true,"href":"https:\/\/filarmonicafaidese.ch\/faido2024\/wp-json\/wp\/v2\/comments?post=5127"}],"version-history":[{"count":247,"href":"https:\/\/filarmonicafaidese.ch\/faido2024\/wp-json\/wp\/v2\/pages\/5127\/revisions"}],"predecessor-version":[{"id":5686,"href":"https:\/\/filarmonicafaidese.ch\/faido2024\/wp-json\/wp\/v2\/pages\/5127\/revisions\/5686"}],"wp:attachment":[{"href":"https:\/\/filarmonicafaidese.ch\/faido2024\/wp-json\/wp\/v2\/media?parent=5127"}],"curies":[{"name":"wp","href":"https:\/\/api.w.org\/{rel}","templated":true}]}}